{"id":157,"date":"2020-07-27T17:15:38","date_gmt":"2020-07-27T15:15:38","guid":{"rendered":"https:\/\/forschung.fh-kaernten.at\/active-and-assisted-living\/?page_id=157"},"modified":"2023-02-06T12:22:48","modified_gmt":"2023-02-06T11:22:48","slug":"ayudo","status":"publish","type":"page","link":"https:\/\/forschung.fh-kaernten.at\/enable\/ayudo\/","title":{"rendered":"Ayudo"},"content":{"rendered":"\t\t<div data-elementor-type=\"wp-page\" data-elementor-id=\"157\" class=\"elementor elementor-157\" data-elementor-post-type=\"page\">\n\t\t\t\t\t\t<section class=\"elementor-section elementor-top-section elementor-element elementor-element-2c4e611 elementor-section-boxed elementor-section-height-default elementor-section-height-default\" data-id=\"2c4e611\" data-element_type=\"section\" data-e-type=\"section\">\n\t\t\t\t\t\t<div class=\"elementor-container elementor-column-gap-default\">\n\t\t\t\t\t<div class=\"elementor-column elementor-col-66 elementor-top-column elementor-element elementor-element-dfe7a22\" data-id=\"dfe7a22\" data-element_type=\"column\" data-e-type=\"column\">\n\t\t\t<div class=\"elementor-widget-wrap elementor-element-populated\">\n\t\t\t\t\t\t<div class=\"elementor-element elementor-element-a2ba7b3 elementor-widget elementor-widget-heading\" data-id=\"a2ba7b3\" data-element_type=\"widget\" data-e-type=\"widget\" data-widget_type=\"heading.default\">\n\t\t\t\t<div class=\"elementor-widget-container\">\n\t\t\t\t\t<h2 class=\"elementor-heading-title elementor-size-default\">Besseres Wohlbefinden durch innovativ digital unterst\u00fctztes pers\u00f6nliches Gesundheits-management<\/h2>\t\t\t\t<\/div>\n\t\t\t\t<\/div>\n\t\t\t\t\t<\/div>\n\t\t<\/div>\n\t\t\t\t<div class=\"elementor-column elementor-col-33 elementor-top-column elementor-element elementor-element-a6b2ef2\" data-id=\"a6b2ef2\" data-element_type=\"column\" data-e-type=\"column\">\n\t\t\t<div class=\"elementor-widget-wrap elementor-element-populated\">\n\t\t\t\t\t\t<div class=\"elementor-element elementor-element-d98495d elementor-widget elementor-widget-image\" data-id=\"d98495d\" data-element_type=\"widget\" data-e-type=\"widget\" data-widget_type=\"image.default\">\n\t\t\t\t<div class=\"elementor-widget-container\">\n\t\t\t\t\t\t\t\t\t\t\t\t\t\t\t<img decoding=\"async\" width=\"100\" height=\"100\" src=\"data:image\/gif;base64,R0lGODlhAQABAAAAACH5BAEKAAEALAAAAAABAAEAAAICTAEAOw==\" class=\"attachment-2048x2048 size-2048x2048 wp-image-2392 lazyload\" alt=\"\" data-src=\"https:\/\/forschung.fh-kaernten.at\/enable\/files\/2020\/09\/Ayudo_Logo_Website-ohx5tci7r16r9vacqnq80q3gazgwsdckfzvnb9wb1k.png\">\t\t\t\t\t\t\t\t\t\t\t\t\t\t\t<\/div>\n\t\t\t\t<\/div>\n\t\t\t\t\t<\/div>\n\t\t<\/div>\n\t\t\t\t\t<\/div>\n\t\t<\/section>\n\t\t\t\t<section class=\"elementor-section elementor-top-section elementor-element elementor-element-73ea138d elementor-section-boxed elementor-section-height-default elementor-section-height-default\" data-id=\"73ea138d\" data-element_type=\"section\" data-e-type=\"section\">\n\t\t\t\t\t\t<div class=\"elementor-container elementor-column-gap-default\">\n\t\t\t\t\t<div class=\"elementor-column elementor-col-100 elementor-top-column elementor-element elementor-element-ed401bf\" data-id=\"ed401bf\" data-element_type=\"column\" data-e-type=\"column\">\n\t\t\t<div class=\"elementor-widget-wrap elementor-element-populated\">\n\t\t\t\t\t\t<div class=\"elementor-element elementor-element-f2080e elementor-widget elementor-widget-text-editor\" data-id=\"f2080e\" data-element_type=\"widget\" data-e-type=\"widget\" data-widget_type=\"text-editor.default\">\n\t\t\t\t<div class=\"elementor-widget-container\">\n\t\t\t\t\t\t\t\t\t<p><\/p>\n<p class=\"wp-block-paragraph\"><\/p>\n<p><\/p>\n<p class=\"wp-block-paragraph\">Das Projekt AYUDO (Spanisch: \u201eich unterst\u00fctze\u201c) setzt sich zum Ziel, \u00e4ltere oder chronisch kranke Menschen durch Digitalisierung ihrer Gesundheitsdaten dabei zu unterst\u00fctzen, fr\u00fchzeitig und regelm\u00e4\u00dfig Ma\u00dfnahmen zur Bewahrung oder Verbesserung ihrer Gesundheit ergreifen zu k\u00f6nnen. Im Mittelpunkt stehen dabei die Erfassung und die Unterst\u00fctzung des eigenen Managements jener Faktoren, die sich positiv auf k\u00f6rperliches und seelisches Wohlbefinden auswirken und Einfluss auf die eigene Leistungs- und Widerstandsf\u00e4higkeit nehmen.<\/p>\n<p><\/p>\n<p><\/p>\n<p class=\"wp-block-paragraph\">Neue Erkenntnisse und Ergebnisse erwarten wir insbesondere in den Bereichen:<\/p>\n<p><\/p>\n<p><\/p>\n<ul class=\"wp-block-list\">\n<li>Nutzungsm\u00f6glichkeiten einer pers\u00f6nlichen Digitalen Gesundheitsakte durch neue intelligente Services;<\/li>\n<li>Anwendung, Akzeptanz und Sicherheit von digitaler Sprachassistenz als Schnittstelle f\u00fcr AAL L\u00f6sungen;<\/li>\n<li>Hilfreiche Kommunikation\/Visualisierung von Gesundheitsdaten f\u00fcr Patienten und Pflegende;<\/li>\n<li>Flexible Integration von individuell bereits verf\u00fcgbaren, verteilten, inhomogenen, nicht integrierten und l\u00fcckenhaften digitalisierten Gesundheitsdaten;<\/li>\n<\/ul>\n<p><\/p>\n<p><\/p>\n<p class=\"wp-block-paragraph\">Weitere Informationen finden Sie auf\u00a0<a href=\"http:\/\/ayudo.at\/\">der offiziellen Projektwebsite<\/a>.<\/p>\n<p><\/p>\t\t\t\t\t\t\t\t<\/div>\n\t\t\t\t<\/div>\n\t\t\t\t\t<\/div>\n\t\t<\/div>\n\t\t\t\t\t<\/div>\n\t\t<\/section>\n\t\t\t\t<section class=\"elementor-section elementor-top-section elementor-element elementor-element-de95429 elementor-section-boxed elementor-section-height-default elementor-section-height-default\" data-id=\"de95429\" data-element_type=\"section\" data-e-type=\"section\">\n\t\t\t\t\t\t<div class=\"elementor-container elementor-column-gap-default\">\n\t\t\t\t\t<div class=\"elementor-column elementor-col-33 elementor-top-column elementor-element elementor-element-9c70570\" data-id=\"9c70570\" data-element_type=\"column\" data-e-type=\"column\">\n\t\t\t<div class=\"elementor-widget-wrap elementor-element-populated\">\n\t\t\t\t\t\t<div class=\"elementor-element elementor-element-717744f elementor-widget elementor-widget-image\" data-id=\"717744f\" data-element_type=\"widget\" data-e-type=\"widget\" data-widget_type=\"image.default\">\n\t\t\t\t<div class=\"elementor-widget-container\">\n\t\t\t\t\t\t\t\t\t\t\t\t\t\t\t<img decoding=\"async\" width=\"300\" height=\"122\" src=\"data:image\/gif;base64,R0lGODlhAQABAAAAACH5BAEKAAEALAAAAAABAAEAAAICTAEAOw==\" class=\"attachment-medium size-medium wp-image-162 lazyload\" alt=\"\" sizes=\"(max-width: 300px) 100vw, 300px\" data-src=\"https:\/\/forschung.fh-kaernten.at\/enable\/files\/2020\/07\/FFG_Logo_DE_RGB_1500px-1-300x122.png\" data-srcset=\"https:\/\/forschung.fh-kaernten.at\/enable\/files\/2020\/07\/FFG_Logo_DE_RGB_1500px-1-300x122.png 300w, https:\/\/forschung.fh-kaernten.at\/enable\/files\/2020\/07\/FFG_Logo_DE_RGB_1500px-1-1024x416.png 1024w, https:\/\/forschung.fh-kaernten.at\/enable\/files\/2020\/07\/FFG_Logo_DE_RGB_1500px-1-768x312.png 768w, https:\/\/forschung.fh-kaernten.at\/enable\/files\/2020\/07\/FFG_Logo_DE_RGB_1500px-1-830x337.png 830w, https:\/\/forschung.fh-kaernten.at\/enable\/files\/2020\/07\/FFG_Logo_DE_RGB_1500px-1-230x93.png 230w, https:\/\/forschung.fh-kaernten.at\/enable\/files\/2020\/07\/FFG_Logo_DE_RGB_1500px-1-350x142.png 350w, https:\/\/forschung.fh-kaernten.at\/enable\/files\/2020\/07\/FFG_Logo_DE_RGB_1500px-1-480x195.png 480w, https:\/\/forschung.fh-kaernten.at\/enable\/files\/2020\/07\/FFG_Logo_DE_RGB_1500px-1.png 1109w\">\t\t\t\t\t\t\t\t\t\t\t\t\t\t\t<\/div>\n\t\t\t\t<\/div>\n\t\t\t\t\t<\/div>\n\t\t<\/div>\n\t\t\t\t<div class=\"elementor-column elementor-col-33 elementor-top-column elementor-element elementor-element-95d001a\" data-id=\"95d001a\" data-element_type=\"column\" data-e-type=\"column\">\n\t\t\t<div class=\"elementor-widget-wrap elementor-element-populated\">\n\t\t\t\t\t\t<div class=\"elementor-element elementor-element-68bf688 elementor-widget elementor-widget-image\" data-id=\"68bf688\" data-element_type=\"widget\" data-e-type=\"widget\" data-widget_type=\"image.default\">\n\t\t\t\t<div class=\"elementor-widget-container\">\n\t\t\t\t\t\t\t\t\t\t\t\t\t\t\t<img fetchpriority=\"high\" decoding=\"async\" width=\"1024\" height=\"275\" src=\"data:image\/gif;base64,R0lGODlhAQABAAAAACH5BAEKAAEALAAAAAABAAEAAAICTAEAOw==\" class=\"attachment-large size-large wp-image-164 lazyload\" alt=\"\" sizes=\"(max-width: 1024px) 100vw, 1024px\" data-src=\"https:\/\/forschung.fh-kaernten.at\/enable\/files\/2020\/07\/benefit-1-1024x275.png\" data-srcset=\"https:\/\/forschung.fh-kaernten.at\/enable\/files\/2020\/07\/benefit-1-1024x275.png 1024w, https:\/\/forschung.fh-kaernten.at\/enable\/files\/2020\/07\/benefit-1-300x80.png 300w, https:\/\/forschung.fh-kaernten.at\/enable\/files\/2020\/07\/benefit-1-768x206.png 768w, https:\/\/forschung.fh-kaernten.at\/enable\/files\/2020\/07\/benefit-1-1536x412.png 1536w, https:\/\/forschung.fh-kaernten.at\/enable\/files\/2020\/07\/benefit-1-2048x549.png 2048w, https:\/\/forschung.fh-kaernten.at\/enable\/files\/2020\/07\/benefit-1-830x223.png 830w, https:\/\/forschung.fh-kaernten.at\/enable\/files\/2020\/07\/benefit-1-230x62.png 230w, https:\/\/forschung.fh-kaernten.at\/enable\/files\/2020\/07\/benefit-1-350x94.png 350w, https:\/\/forschung.fh-kaernten.at\/enable\/files\/2020\/07\/benefit-1-480x129.png 480w\">\t\t\t\t\t\t\t\t\t\t\t\t\t\t\t<\/div>\n\t\t\t\t<\/div>\n\t\t\t\t\t<\/div>\n\t\t<\/div>\n\t\t\t\t<div class=\"elementor-column elementor-col-33 elementor-top-column elementor-element elementor-element-9efb5b2\" data-id=\"9efb5b2\" data-element_type=\"column\" data-e-type=\"column\">\n\t\t\t<div class=\"elementor-widget-wrap elementor-element-populated\">\n\t\t\t\t\t\t<div class=\"elementor-element elementor-element-baeb0f7 elementor-widget elementor-widget-image\" data-id=\"baeb0f7\" data-element_type=\"widget\" data-e-type=\"widget\" data-widget_type=\"image.default\">\n\t\t\t\t<div class=\"elementor-widget-container\">\n\t\t\t\t\t\t\t\t\t\t\t\t\t\t\t<img loading=\"lazy\" decoding=\"async\" width=\"150\" height=\"66\" src=\"data:image\/gif;base64,R0lGODlhAQABAAAAACH5BAEKAAEALAAAAAABAAEAAAICTAEAOw==\" class=\"attachment-large size-large wp-image-160 lazyload\" alt=\"\" data-src=\"https:\/\/forschung.fh-kaernten.at\/enable\/files\/2020\/07\/bmvit-_logo-1.jpg\">\t\t\t\t\t\t\t\t\t\t\t\t\t\t\t<\/div>\n\t\t\t\t<\/div>\n\t\t\t\t\t<\/div>\n\t\t<\/div>\n\t\t\t\t\t<\/div>\n\t\t<\/section>\n\t\t\t\t<section class=\"elementor-section elementor-top-section elementor-element elementor-element-8bf000c elementor-section-boxed elementor-section-height-default elementor-section-height-default\" data-id=\"8bf000c\" data-element_type=\"section\" data-e-type=\"section\">\n\t\t\t\t\t\t<div class=\"elementor-container elementor-column-gap-default\">\n\t\t\t\t\t<div class=\"elementor-column elementor-col-100 elementor-top-column elementor-element elementor-element-be744d3\" data-id=\"be744d3\" data-element_type=\"column\" data-e-type=\"column\">\n\t\t\t<div class=\"elementor-widget-wrap elementor-element-populated\">\n\t\t\t\t\t\t<div class=\"elementor-element elementor-element-b21f9b0 elementor-alert-success elementor-widget elementor-widget-alert\" data-id=\"b21f9b0\" data-element_type=\"widget\" data-e-type=\"widget\" data-widget_type=\"alert.default\">\n\t\t\t\t<div class=\"elementor-widget-container\">\n\t\t\t\t\t\t\t<div class=\"elementor-alert\" role=\"alert\">\n\n\t\t\t\t\t\t<span class=\"elementor-alert-title\">F\u00f6rdergeber \/ Kofinanzierung<\/span>\n\t\t\t\n\t\t\t\t\t\t<span class=\"elementor-alert-description\">Das Projekt AYUDO wird im Rahmen des Programms benefit  (Demografischer Wandel als Chance) von der \u00d6sterreichischen Forschungsf\u00f6rderungsgesellschaft (FFG) mit Mittel des Bundesministeriums  f\u00fcr Verkehr, Innovation und Technologie (bmvit) gef\u00f6rdert.<\/span>\n\t\t\t\n\t\t\t\n\t\t<\/div>\n\t\t\t\t\t\t<\/div>\n\t\t\t\t<\/div>\n\t\t\t\t\t<\/div>\n\t\t<\/div>\n\t\t\t\t\t<\/div>\n\t\t<\/section>\n\t\t\t\t<\/div>\n\t\t","protected":false},"excerpt":{"rendered":"<p>Besseres Wohlbefinden durch innovativ digital unterst\u00fctztes pers\u00f6nliches Gesundheits-management Das Projekt AYUDO (Spanisch: \u201eich unterst\u00fctze\u201c) setzt sich zum Ziel, \u00e4ltere oder chronisch kranke Menschen durch Digitalisierung ihrer Gesundheitsdaten dabei zu unterst\u00fctzen, fr\u00fchzeitig und regelm\u00e4\u00dfig Ma\u00dfnahmen zur Bewahrung oder Verbesserung ihrer Gesundheit ergreifen zu k\u00f6nnen. Im Mittelpunkt stehen dabei die Erfassung und die Unterst\u00fctzung des eigenen Managements&hellip;&nbsp;<a href=\"https:\/\/forschung.fh-kaernten.at\/enable\/ayudo\/\" rel=\"bookmark\">Weiterlesen &raquo;<span class=\"screen-reader-text\">Ayudo<\/span><\/a><\/p>\n","protected":false},"author":228,"featured_media":0,"parent":0,"menu_order":0,"comment_status":"closed","ping_status":"closed","template":"elementor_header_footer","meta":{"_crdt_document":"","inline_featured_image":false,"neve_meta_sidebar":"","neve_meta_container":"","neve_meta_enable_content_width":"","neve_meta_content_width":0,"neve_meta_title_alignment":"","neve_meta_author_avatar":"","neve_post_elements_order":"","neve_meta_disable_header":"","neve_meta_disable_footer":"","neve_meta_disable_title":"","ngg_post_thumbnail":0,"footnotes":""},"class_list":["post-157","page","type-page","status-publish","hentry"],"_links":{"self":[{"href":"https:\/\/forschung.fh-kaernten.at\/enable\/wp-json\/wp\/v2\/pages\/157","targetHints":{"allow":["GET"]}}],"collection":[{"href":"https:\/\/forschung.fh-kaernten.at\/enable\/wp-json\/wp\/v2\/pages"}],"about":[{"href":"https:\/\/forschung.fh-kaernten.at\/enable\/wp-json\/wp\/v2\/types\/page"}],"author":[{"embeddable":true,"href":"https:\/\/forschung.fh-kaernten.at\/enable\/wp-json\/wp\/v2\/users\/228"}],"replies":[{"embeddable":true,"href":"https:\/\/forschung.fh-kaernten.at\/enable\/wp-json\/wp\/v2\/comments?post=157"}],"version-history":[{"count":0,"href":"https:\/\/forschung.fh-kaernten.at\/enable\/wp-json\/wp\/v2\/pages\/157\/revisions"}],"wp:attachment":[{"href":"https:\/\/forschung.fh-kaernten.at\/enable\/wp-json\/wp\/v2\/media?parent=157"}],"curies":[{"name":"wp","href":"https:\/\/api.w.org\/{rel}","templated":true}]}}