{"id":6481,"date":"2023-10-13T10:37:55","date_gmt":"2023-10-13T08:37:55","guid":{"rendered":"https:\/\/forschung.fh-kaernten.at\/aal\/?page_id=6481"},"modified":"2026-03-19T11:51:34","modified_gmt":"2026-03-19T10:51:34","slug":"willkommen-bei-der-research-unit-aal","status":"publish","type":"page","link":"https:\/\/forschung.fh-kaernten.at\/enable\/","title":{"rendered":"Willkommen bei der Forschungsgruppe ENABLE"},"content":{"rendered":"\t\t<div data-elementor-type=\"wp-page\" data-elementor-id=\"6481\" class=\"elementor elementor-6481\" data-elementor-post-type=\"page\">\n\t\t\t\t\t\t<section class=\"elementor-section elementor-top-section elementor-element elementor-element-340b5be elementor-section-boxed elementor-section-height-default elementor-section-height-default\" data-id=\"340b5be\" data-element_type=\"section\" data-e-type=\"section\">\n\t\t\t\t\t\t<div class=\"elementor-container elementor-column-gap-default\">\n\t\t\t\t\t<div class=\"elementor-column elementor-col-100 elementor-top-column elementor-element elementor-element-9cfccc7\" data-id=\"9cfccc7\" data-element_type=\"column\" data-e-type=\"column\">\n\t\t\t<div class=\"elementor-widget-wrap elementor-element-populated\">\n\t\t\t\t\t\t<div class=\"elementor-element elementor-element-dbaaa94 elementor-widget elementor-widget-menu-anchor\" data-id=\"dbaaa94\" data-element_type=\"widget\" data-e-type=\"widget\" data-widget_type=\"menu-anchor.default\">\n\t\t\t\t<div class=\"elementor-widget-container\">\n\t\t\t\t\t\t\t<div class=\"elementor-menu-anchor\" id=\"about\"><\/div>\n\t\t\t\t\t\t<\/div>\n\t\t\t\t<\/div>\n\t\t\t\t\t<\/div>\n\t\t<\/div>\n\t\t\t\t\t<\/div>\n\t\t<\/section>\n\t\t\t\t<section class=\"elementor-section elementor-top-section elementor-element elementor-element-ce75fc9 elementor-section-boxed elementor-section-height-default elementor-section-height-default\" data-id=\"ce75fc9\" data-element_type=\"section\" data-e-type=\"section\">\n\t\t\t\t\t\t<div class=\"elementor-container elementor-column-gap-default\">\n\t\t\t\t\t<div class=\"elementor-column elementor-col-33 elementor-top-column elementor-element elementor-element-c1b2d18\" data-id=\"c1b2d18\" data-element_type=\"column\" data-e-type=\"column\">\n\t\t\t<div class=\"elementor-widget-wrap elementor-element-populated\">\n\t\t\t\t\t\t<div class=\"elementor-element elementor-element-4a86278 elementor-widget elementor-widget-image\" data-id=\"4a86278\" data-element_type=\"widget\" data-e-type=\"widget\" data-widget_type=\"image.default\">\n\t\t\t\t<div class=\"elementor-widget-container\">\n\t\t\t\t\t\t\t\t\t\t\t\t\t\t\t<img fetchpriority=\"high\" decoding=\"async\" width=\"523\" height=\"523\" src=\"data:image\/gif;base64,R0lGODlhAQABAAAAACH5BAEKAAEALAAAAAABAAEAAAICTAEAOw==\" class=\"attachment-large size-large wp-image-7458 lazyload\" alt=\"\" sizes=\"(max-width: 523px) 100vw, 523px\" data-src=\"https:\/\/forschung.fh-kaernten.at\/enable\/files\/2024\/06\/Bild1.png\" data-srcset=\"https:\/\/forschung.fh-kaernten.at\/enable\/files\/2024\/06\/Bild1.png 523w, https:\/\/forschung.fh-kaernten.at\/enable\/files\/2024\/06\/Bild1-300x300.png 300w, https:\/\/forschung.fh-kaernten.at\/enable\/files\/2024\/06\/Bild1-150x150.png 150w\">\t\t\t\t\t\t\t\t\t\t\t\t\t\t\t<\/div>\n\t\t\t\t<\/div>\n\t\t\t\t\t<\/div>\n\t\t<\/div>\n\t\t\t\t<div class=\"elementor-column elementor-col-66 elementor-top-column elementor-element elementor-element-5f027df\" data-id=\"5f027df\" data-element_type=\"column\" data-e-type=\"column\">\n\t\t\t<div class=\"elementor-widget-wrap elementor-element-populated\">\n\t\t\t\t\t\t<div class=\"elementor-element elementor-element-2a897f3 elementor-widget elementor-widget-heading\" data-id=\"2a897f3\" data-element_type=\"widget\" data-e-type=\"widget\" data-widget_type=\"heading.default\">\n\t\t\t\t<div class=\"elementor-widget-container\">\n\t\t\t\t\t<h1 class=\"elementor-heading-title elementor-size-default\">Willkommen bei ENABLE<\/h1>\t\t\t\t<\/div>\n\t\t\t\t<\/div>\n\t\t\t\t<div class=\"elementor-element elementor-element-b8ea693 elementor-widget elementor-widget-text-editor\" data-id=\"b8ea693\" data-element_type=\"widget\" data-e-type=\"widget\" data-widget_type=\"text-editor.default\">\n\t\t\t\t<div class=\"elementor-widget-container\">\n\t\t\t\t\t\t\t\t\t<p>unserer Forschungsgruppe f\u00fcr Gesundheit, Pflege und Inklusion. Wir konzentrieren uns auf zwei zentrale Lebensbereiche, die fast alle Menschen betreffen: Gesundheit und Inklusion. Wenn einer dieser Bereiche gef\u00e4hrdet ist, kann dies die Lebensqualit\u00e4t, Selbstst\u00e4ndigkeit und Handlungsf\u00e4higkeit erheblich beeintr\u00e4chtigen. Unsere Arbeit zielt darauf ab, diesen Herausforderungen durch innovative Ans\u00e4tze zu begegnen und L\u00f6sungen zu entwickeln, die direkt im Alltag der Menschen wirksam sind\u2026<\/p>\t\t\t\t\t\t\t\t<\/div>\n\t\t\t\t<\/div>\n\t\t\t\t<div class=\"elementor-element elementor-element-7586c14 elementor-hidden-tablet elementor-hidden-mobile elementor-widget elementor-widget-spacer\" data-id=\"7586c14\" data-element_type=\"widget\" data-e-type=\"widget\" data-widget_type=\"spacer.default\">\n\t\t\t\t<div class=\"elementor-widget-container\">\n\t\t\t\t\t\t\t<div class=\"elementor-spacer\">\n\t\t\t<div class=\"elementor-spacer-inner\"><\/div>\n\t\t<\/div>\n\t\t\t\t\t\t<\/div>\n\t\t\t\t<\/div>\n\t\t\t\t<div class=\"elementor-element elementor-element-16dcc58 elementor-widget elementor-widget-button\" data-id=\"16dcc58\" data-element_type=\"widget\" data-e-type=\"widget\" data-widget_type=\"button.default\">\n\t\t\t\t<div class=\"elementor-widget-container\">\n\t\t\t\t\t\t\t\t\t<div class=\"elementor-button-wrapper\">\n\t\t\t\t\t<a class=\"elementor-button elementor-button-link elementor-size-sm elementor-animation-grow\" href=\"https:\/\/forschung.fh-kaernten.at\/enable\/ueber-uns\/\" target=\"_blank\" title=\"Link to our about us page (internal)\">\n\t\t\t\t\t\t<span class=\"elementor-button-content-wrapper\">\n\t\t\t\t\t\t<span class=\"elementor-button-icon\">\n\t\t\t\t<i aria-hidden=\"true\" class=\"fas fa-ellipsis-h\"><\/i>\t\t\t<\/span>\n\t\t\t\t\t\t\t\t\t<span class=\"elementor-button-text\">Mehr<\/span>\n\t\t\t\t\t<\/span>\n\t\t\t\t\t<\/a>\n\t\t\t\t<\/div>\n\t\t\t\t\t\t\t\t<\/div>\n\t\t\t\t<\/div>\n\t\t\t\t\t<\/div>\n\t\t<\/div>\n\t\t\t\t\t<\/div>\n\t\t<\/section>\n\t\t\t\t<section class=\"elementor-section elementor-top-section elementor-element elementor-element-0d30aef elementor-section-boxed elementor-section-height-default elementor-section-height-default\" data-id=\"0d30aef\" data-element_type=\"section\" data-e-type=\"section\">\n\t\t\t\t\t\t<div class=\"elementor-container elementor-column-gap-default\">\n\t\t\t\t\t<div class=\"elementor-column elementor-col-100 elementor-top-column elementor-element elementor-element-1dddbc9\" data-id=\"1dddbc9\" data-element_type=\"column\" data-e-type=\"column\">\n\t\t\t<div class=\"elementor-widget-wrap elementor-element-populated\">\n\t\t\t\t\t\t<div class=\"elementor-element elementor-element-2df538a elementor-widget elementor-widget-spacer\" data-id=\"2df538a\" data-element_type=\"widget\" data-e-type=\"widget\" data-widget_type=\"spacer.default\">\n\t\t\t\t<div class=\"elementor-widget-container\">\n\t\t\t\t\t\t\t<div class=\"elementor-spacer\">\n\t\t\t<div class=\"elementor-spacer-inner\"><\/div>\n\t\t<\/div>\n\t\t\t\t\t\t<\/div>\n\t\t\t\t<\/div>\n\t\t\t\t\t<\/div>\n\t\t<\/div>\n\t\t\t\t\t<\/div>\n\t\t<\/section>\n\t\t\t\t<section class=\"elementor-section elementor-top-section elementor-element elementor-element-f7f7f10 elementor-section-boxed elementor-section-height-default elementor-section-height-default\" data-id=\"f7f7f10\" data-element_type=\"section\" data-e-type=\"section\" data-settings=\"{&quot;background_background&quot;:&quot;classic&quot;}\">\n\t\t\t\t\t\t<div class=\"elementor-container elementor-column-gap-default\">\n\t\t\t\t\t<div class=\"elementor-column elementor-col-100 elementor-top-column elementor-element elementor-element-fa387b4\" data-id=\"fa387b4\" data-element_type=\"column\" data-e-type=\"column\">\n\t\t\t<div class=\"elementor-widget-wrap elementor-element-populated\">\n\t\t\t\t\t\t<div class=\"elementor-element elementor-element-73f3405 elementor-widget elementor-widget-menu-anchor\" data-id=\"73f3405\" data-element_type=\"widget\" data-e-type=\"widget\" data-widget_type=\"menu-anchor.default\">\n\t\t\t\t<div class=\"elementor-widget-container\">\n\t\t\t\t\t\t\t<div class=\"elementor-menu-anchor\" id=\"projects\"><\/div>\n\t\t\t\t\t\t<\/div>\n\t\t\t\t<\/div>\n\t\t\t\t<div class=\"elementor-element elementor-element-5f9d7a7 elementor-widget elementor-widget-spacer\" data-id=\"5f9d7a7\" data-element_type=\"widget\" data-e-type=\"widget\" data-widget_type=\"spacer.default\">\n\t\t\t\t<div class=\"elementor-widget-container\">\n\t\t\t\t\t\t\t<div class=\"elementor-spacer\">\n\t\t\t<div class=\"elementor-spacer-inner\"><\/div>\n\t\t<\/div>\n\t\t\t\t\t\t<\/div>\n\t\t\t\t<\/div>\n\t\t\t\t<div class=\"elementor-element elementor-element-e0865d6 elementor-widget elementor-widget-heading\" data-id=\"e0865d6\" data-element_type=\"widget\" data-e-type=\"widget\" data-widget_type=\"heading.default\">\n\t\t\t\t<div class=\"elementor-widget-container\">\n\t\t\t\t\t<h1 class=\"elementor-heading-title elementor-size-default\">Projekte<\/h1>\t\t\t\t<\/div>\n\t\t\t\t<\/div>\n\t\t\t\t<div class=\"elementor-element elementor-element-5c5bcb5 elementor-widget elementor-widget-text-editor\" data-id=\"5c5bcb5\" data-element_type=\"widget\" data-e-type=\"widget\" data-widget_type=\"text-editor.default\">\n\t\t\t\t<div class=\"elementor-widget-container\">\n\t\t\t\t\t\t\t\t\t<p>Hier finden Sie eine \u00dcbersicht der laufenden und abgeschlossenen Projekte der Forschungsgruppe ENABLE. Klicken Sie auf den Projekt Titel f\u00fcr weitere Informationen.<\/p><p><strong>Laufend:<\/strong><\/p><p><a href=\"https:\/\/forschung.fh-kaernten.at\/enable\/il3ad\/\"><strong>iLEAD<\/strong><\/a> | Neuartige 3D-Druck Technologie f\u00fcr medizinische Assistenzprodukte<\/p><p><a href=\"https:\/\/forschung.fh-kaernten.at\/enable\/health-for-all\/\"><strong>Health for All<\/strong><\/a> | St\u00e4rkung der grenz\u00fcberschreitenden Zusammenarbeit und Entwicklung neuer L\u00f6sungen, um allen Menschen einen umfassenden Zugang zu Gesundheitskompetenz und Gesundheitsleistungen zu erm\u00f6glichen<\/p><p><a href=\"https:\/\/forschung.fh-kaernten.at\/enable\/besenshome\/\"><strong>BeSENSHome<\/strong><\/a> | Inklusive R\u00e4ume f\u00fcr Menschen mit Neurodiversit\u00e4t<\/p><p><a href=\"https:\/\/forschung.fh-kaernten.at\/enable\/helicc\/\"><strong>HeLiCC<\/strong><\/a> | Health Literacy in Climate Change<\/p>\t\t\t\t\t\t\t\t<\/div>\n\t\t\t\t<\/div>\n\t\t\t\t<div class=\"elementor-element elementor-element-b001fa1 elementor-widget elementor-widget-button\" data-id=\"b001fa1\" data-element_type=\"widget\" data-e-type=\"widget\" data-widget_type=\"button.default\">\n\t\t\t\t<div class=\"elementor-widget-container\">\n\t\t\t\t\t\t\t\t\t<div class=\"elementor-button-wrapper\">\n\t\t\t\t\t<a class=\"elementor-button elementor-button-link elementor-size-sm elementor-animation-grow\" href=\"https:\/\/forschung.fh-kaernten.at\/enable\/beendete-projekte\/\" title=\"Page - List of finished projects\">\n\t\t\t\t\t\t<span class=\"elementor-button-content-wrapper\">\n\t\t\t\t\t\t<span class=\"elementor-button-icon\">\n\t\t\t\t<i aria-hidden=\"true\" class=\"fas fa-archive\"><\/i>\t\t\t<\/span>\n\t\t\t\t\t\t\t\t\t<span class=\"elementor-button-text\">Beendete Projekte<\/span>\n\t\t\t\t\t<\/span>\n\t\t\t\t\t<\/a>\n\t\t\t\t<\/div>\n\t\t\t\t\t\t\t\t<\/div>\n\t\t\t\t<\/div>\n\t\t\t\t<div class=\"elementor-element elementor-element-dfb1099 elementor-widget elementor-widget-spacer\" data-id=\"dfb1099\" data-element_type=\"widget\" data-e-type=\"widget\" data-widget_type=\"spacer.default\">\n\t\t\t\t<div class=\"elementor-widget-container\">\n\t\t\t\t\t\t\t<div class=\"elementor-spacer\">\n\t\t\t<div class=\"elementor-spacer-inner\"><\/div>\n\t\t<\/div>\n\t\t\t\t\t\t<\/div>\n\t\t\t\t<\/div>\n\t\t\t\t\t<\/div>\n\t\t<\/div>\n\t\t\t\t\t<\/div>\n\t\t<\/section>\n\t\t\t\t<section class=\"elementor-section elementor-top-section elementor-element elementor-element-006995d elementor-section-boxed elementor-section-height-default elementor-section-height-default\" data-id=\"006995d\" data-element_type=\"section\" data-e-type=\"section\">\n\t\t\t\t\t\t<div class=\"elementor-container elementor-column-gap-default\">\n\t\t\t\t\t<div class=\"elementor-column elementor-col-100 elementor-top-column elementor-element elementor-element-5441565\" data-id=\"5441565\" data-element_type=\"column\" data-e-type=\"column\">\n\t\t\t<div class=\"elementor-widget-wrap elementor-element-populated\">\n\t\t\t\t\t\t<div class=\"elementor-element elementor-element-af8dd3f elementor-widget elementor-widget-spacer\" data-id=\"af8dd3f\" data-element_type=\"widget\" data-e-type=\"widget\" data-widget_type=\"spacer.default\">\n\t\t\t\t<div class=\"elementor-widget-container\">\n\t\t\t\t\t\t\t<div class=\"elementor-spacer\">\n\t\t\t<div class=\"elementor-spacer-inner\"><\/div>\n\t\t<\/div>\n\t\t\t\t\t\t<\/div>\n\t\t\t\t<\/div>\n\t\t\t\t\t<\/div>\n\t\t<\/div>\n\t\t\t\t\t<\/div>\n\t\t<\/section>\n\t\t\t\t<section class=\"elementor-section elementor-top-section elementor-element elementor-element-312933d elementor-section-boxed elementor-section-height-default elementor-section-height-default\" data-id=\"312933d\" data-element_type=\"section\" data-e-type=\"section\" data-settings=\"{&quot;background_background&quot;:&quot;classic&quot;}\">\n\t\t\t\t\t\t<div class=\"elementor-container elementor-column-gap-default\">\n\t\t\t\t\t<div class=\"elementor-column elementor-col-100 elementor-top-column elementor-element elementor-element-205759d\" data-id=\"205759d\" data-element_type=\"column\" data-e-type=\"column\">\n\t\t\t<div class=\"elementor-widget-wrap elementor-element-populated\">\n\t\t\t\t\t\t<div class=\"elementor-element elementor-element-0633880 elementor-widget elementor-widget-menu-anchor\" data-id=\"0633880\" data-element_type=\"widget\" data-e-type=\"widget\" data-widget_type=\"menu-anchor.default\">\n\t\t\t\t<div class=\"elementor-widget-container\">\n\t\t\t\t\t\t\t<div class=\"elementor-menu-anchor\" id=\"publication\"><\/div>\n\t\t\t\t\t\t<\/div>\n\t\t\t\t<\/div>\n\t\t\t\t<section class=\"elementor-section elementor-inner-section elementor-element elementor-element-fcfc537 elementor-section-boxed elementor-section-height-default elementor-section-height-default\" data-id=\"fcfc537\" data-element_type=\"section\" data-e-type=\"section\">\n\t\t\t\t\t\t<div class=\"elementor-container elementor-column-gap-default\">\n\t\t\t\t\t<div class=\"elementor-column elementor-col-50 elementor-inner-column elementor-element elementor-element-cfe2c6b\" data-id=\"cfe2c6b\" data-element_type=\"column\" data-e-type=\"column\">\n\t\t\t<div class=\"elementor-widget-wrap elementor-element-populated\">\n\t\t\t\t\t\t<div class=\"elementor-element elementor-element-5561b5b elementor-widget elementor-widget-heading\" data-id=\"5561b5b\" data-element_type=\"widget\" data-e-type=\"widget\" data-widget_type=\"heading.default\">\n\t\t\t\t<div class=\"elementor-widget-container\">\n\t\t\t\t\t<h1 class=\"elementor-heading-title elementor-size-default\">Publikationen<\/h1>\t\t\t\t<\/div>\n\t\t\t\t<\/div>\n\t\t\t\t<div class=\"elementor-element elementor-element-8d1a8e0 elementor-widget elementor-widget-image\" data-id=\"8d1a8e0\" data-element_type=\"widget\" data-e-type=\"widget\" data-widget_type=\"image.default\">\n\t\t\t\t<div class=\"elementor-widget-container\">\n\t\t\t\t\t\t\t\t\t\t\t\t\t\t\t<img decoding=\"async\" width=\"1024\" height=\"683\" src=\"data:image\/gif;base64,R0lGODlhAQABAAAAACH5BAEKAAEALAAAAAABAAEAAAICTAEAOw==\" class=\"attachment-large size-large wp-image-10 lazyload\" alt=\"\" sizes=\"(max-width: 1024px) 100vw, 1024px\" data-src=\"https:\/\/forschung.fh-kaernten.at\/enable\/files\/2020\/07\/buecher-1024x683.jpg\" data-srcset=\"https:\/\/forschung.fh-kaernten.at\/enable\/files\/2020\/07\/buecher-1024x683.jpg 1024w, https:\/\/forschung.fh-kaernten.at\/enable\/files\/2020\/07\/buecher-300x200.jpg 300w, https:\/\/forschung.fh-kaernten.at\/enable\/files\/2020\/07\/buecher-768x512.jpg 768w, https:\/\/forschung.fh-kaernten.at\/enable\/files\/2020\/07\/buecher-1536x1025.jpg 1536w, https:\/\/forschung.fh-kaernten.at\/enable\/files\/2020\/07\/buecher-2048x1366.jpg 2048w, https:\/\/forschung.fh-kaernten.at\/enable\/files\/2020\/07\/buecher-830x554.jpg 830w, https:\/\/forschung.fh-kaernten.at\/enable\/files\/2020\/07\/buecher-230x153.jpg 230w, https:\/\/forschung.fh-kaernten.at\/enable\/files\/2020\/07\/buecher-350x234.jpg 350w, https:\/\/forschung.fh-kaernten.at\/enable\/files\/2020\/07\/buecher-480x320.jpg 480w\">\t\t\t\t\t\t\t\t\t\t\t\t\t\t\t<\/div>\n\t\t\t\t<\/div>\n\t\t\t\t<div class=\"elementor-element elementor-element-f3360f5 elementor-widget elementor-widget-button\" data-id=\"f3360f5\" data-element_type=\"widget\" data-e-type=\"widget\" data-widget_type=\"button.default\">\n\t\t\t\t<div class=\"elementor-widget-container\">\n\t\t\t\t\t\t\t\t\t<div class=\"elementor-button-wrapper\">\n\t\t\t\t\t<a class=\"elementor-button elementor-button-link elementor-size-sm elementor-animation-grow\" href=\"https:\/\/forschung.fh-kaernten.at\/enable\/poster-galerie\/\" title=\"Page - List with published posters\">\n\t\t\t\t\t\t<span class=\"elementor-button-content-wrapper\">\n\t\t\t\t\t\t<span class=\"elementor-button-icon\">\n\t\t\t\t<i aria-hidden=\"true\" class=\"far fa-images\"><\/i>\t\t\t<\/span>\n\t\t\t\t\t\t\t\t\t<span class=\"elementor-button-text\">Poster Galerie<\/span>\n\t\t\t\t\t<\/span>\n\t\t\t\t\t<\/a>\n\t\t\t\t<\/div>\n\t\t\t\t\t\t\t\t<\/div>\n\t\t\t\t<\/div>\n\t\t\t\t\t<\/div>\n\t\t<\/div>\n\t\t\t\t<div class=\"elementor-column elementor-col-50 elementor-inner-column elementor-element elementor-element-4716e4e\" data-id=\"4716e4e\" data-element_type=\"column\" data-e-type=\"column\">\n\t\t\t<div class=\"elementor-widget-wrap elementor-element-populated\">\n\t\t\t\t\t\t<div class=\"elementor-element elementor-element-25886e2 elementor-widget elementor-widget-accordion\" data-id=\"25886e2\" data-element_type=\"widget\" data-e-type=\"widget\" data-widget_type=\"accordion.default\">\n\t\t\t\t<div class=\"elementor-widget-container\">\n\t\t\t\t\t\t\t<div class=\"elementor-accordion\">\n\t\t\t\t\t\t\t<div class=\"elementor-accordion-item\">\n\t\t\t\t\t<div id=\"elementor-tab-title-3931\" class=\"elementor-tab-title\" data-tab=\"1\" role=\"button\" aria-controls=\"elementor-tab-content-3931\" aria-expanded=\"false\">\n\t\t\t\t\t\t\t\t\t\t\t\t\t<span class=\"elementor-accordion-icon elementor-accordion-icon-left\" aria-hidden=\"true\">\n\t\t\t\t\t\t\t\t\t\t\t\t\t\t\t<span class=\"elementor-accordion-icon-closed\"><i class=\"fas fa-plus\"><\/i><\/span>\n\t\t\t\t\t\t\t\t<span class=\"elementor-accordion-icon-opened\"><i class=\"fas fa-minus\"><\/i><\/span>\n\t\t\t\t\t\t\t\t\t\t\t\t\t\t<\/span>\n\t\t\t\t\t\t\t\t\t\t\t\t<a class=\"elementor-accordion-title\" tabindex=\"0\">2024<\/a>\n\t\t\t\t\t<\/div>\n\t\t\t\t\t<div id=\"elementor-tab-content-3931\" class=\"elementor-tab-content elementor-clearfix\" data-tab=\"1\" role=\"region\" aria-labelledby=\"elementor-tab-title-3931\"><p><strong>TeleCareHub\u2013Nutzer: innen-zentrierte Entwicklung von Telecare-Services in \u00d6sterreich<\/strong><br \/>Pald\u00e1n, K., Eppler, J., Krainer, D., Wohofsky, L., &amp; Rieser, H. (2024).\u00a0 In TeleCareHub: Digitale Services f\u00fcr die Pflege und Betreuung zu Hause. Beitr\u00e4ge zum Usability Day XXII. 26. Juni, 2024. Dornbirn, \u00d6sterreich. https:\/\/doi.org\/10.25924\/opus-5381<\/p><p><strong>Demenzcoaching goes online! Erste Erfahrungen in der Video Beratung.<\/strong><br \/>Wohofsky, L., Pitschek, T. M., Kroll, L., Eigner, A., &amp; Krainer, D. (2024).\u00a0 In TeleCareHub: Digitale Services f\u00fcr die Pflege und Betreuung zu Hause. Beitr\u00e4ge zum Usability Day XXII. 26. Juni, 2024. Dornbirn, \u00d6sterreich. https:\/\/doi.org\/10.25924\/opus-5382<\/p><p><strong>Die virtuelle Selbsthilfegruppe\u2013Anforderungen, Konzeption &amp; Best-Practice.<\/strong><br \/>Krainer, D., Pitschek, T. M., Kroll, L., &amp; Wohofsky, L. (2024).\u00a0 In TeleCareHub: Digitale Services f\u00fcr die Pflege und Betreuung zu Hause. Beitr\u00e4ge zum Usability Day XXII. 26. Juni, 2024. Dornbirn, \u00d6sterreich. https:\/\/doi.org\/10.25924\/opus-5383<\/p><p><strong>Integrability of a Comprehensive Telerehabilitation Approach for Post-Stroke Patients and Therapists: A Feasibility Study.<\/strong><br \/>Wohofsky, L., Kroll, L.N., Drechslerov\u00e1, A., Schubert, P., Cikajlo, I., Bizovi\u010dar, N., Krainer, D. (2024).\u00a0 Appl. Sci. 2024, 14, 8407. <a href=\"https:\/\/doi.org\/10.3390\/app14188407\">https:\/\/doi.org\/10.3390\/app14188407<\/a><\/p><p><strong>Perceived mobility challenges in rare bone diseases: how real-world gait data aligns.<\/strong><br \/>Fink, S. H., Suppanz, M., Castro, M. A., Fernandes, O., &amp; Alves, I. in <span class=\"notion-enable-hover\" data-token-index=\"0\">J Orth Clin (2022) Res<\/span>(1).\u00a0<a class=\"notion-link-token notion-focusable-token notion-enable-hover\" href=\"https:\/\/doi.org\/10.37191\/Mapsci-JOCR-2(1)-016\" rel=\"noopener noreferrer\" data-token-index=\"2\"><span class=\"link-annotation-unknown-block-id--34957714\">https:\/\/doi.org\/10.37191\/Mapsci-JOCR-2(1)-016<\/span><\/a><\/p><p><strong>Gait characterization in rare bone diseases in a real-world environment &#8211; A comparative controlled study.<\/strong><br \/>Fink S, Suppanz M, Oberzaucher J, Castro MA, Fernandes O, Alves I. in Gait Posture. (2024). 112:174-180. doi: 10.1016\/j.gaitpost.2024.05.033. Epub 2024 Jun 1. PMID: 38850844.<\/p><p><strong>Evidenzbasiertes Modell zur Steigerung der Compliance zu teletherapeutischen Systemen und Therapien durch schulen von digitalen Kompetenzen.\u00a0<\/strong><br \/>Fink, S. H., Suppanz, M., (2024) in: Telemedizinkongress, 14-14 Jun 2024, Graz<\/p><\/div>\n\t\t\t\t<\/div>\n\t\t\t\t\t\t\t<div class=\"elementor-accordion-item\">\n\t\t\t\t\t<div id=\"elementor-tab-title-3932\" class=\"elementor-tab-title\" data-tab=\"2\" role=\"button\" aria-controls=\"elementor-tab-content-3932\" aria-expanded=\"false\">\n\t\t\t\t\t\t\t\t\t\t\t\t\t<span class=\"elementor-accordion-icon elementor-accordion-icon-left\" aria-hidden=\"true\">\n\t\t\t\t\t\t\t\t\t\t\t\t\t\t\t<span class=\"elementor-accordion-icon-closed\"><i class=\"fas fa-plus\"><\/i><\/span>\n\t\t\t\t\t\t\t\t<span class=\"elementor-accordion-icon-opened\"><i class=\"fas fa-minus\"><\/i><\/span>\n\t\t\t\t\t\t\t\t\t\t\t\t\t\t<\/span>\n\t\t\t\t\t\t\t\t\t\t\t\t<a class=\"elementor-accordion-title\" tabindex=\"0\">2023<\/a>\n\t\t\t\t\t<\/div>\n\t\t\t\t\t<div id=\"elementor-tab-content-3932\" class=\"elementor-tab-content elementor-clearfix\" data-tab=\"2\" role=\"region\" aria-labelledby=\"elementor-tab-title-3932\"><p><strong>Requirements of a Supportive Environment for People on the Autism Spectrum: A Human-Centered Design Story<\/strong><br \/>Wohofsky, L.; Marzi, A.; Bettarello, F.; Zaniboni, L.; Lattacher, S.L.; Limoncin, P.; Dordolin, A.; Dugaria, S.; Caniato, M.; Scavuzzo, G.; Gasparella, A.; Krainer, D.\u00a0 Appl. Sci. 2023, 13, 1899. https:\/\/doi.org\/10.3390\/app13031899c<\/p><p><strong>Successfully Implementing a Clinically-Used Therapy Device in a Home-Therapy Setting<\/strong><br \/>Schubert, P., Wohofsky, L., Drechslerova, A., Kroll, L. N., &amp; Krainer, D. (2023).\u00a0 Studies in health technology and informatics, 301, 150\u2013155. https:\/\/doi.org\/10.3233\/SHTI230031<\/p><p><strong>Identification of main characteristics influencing the suitability for telerehabilitation in stroke patients: Quantitative analyses of the REHA2030 Assessment.<\/strong><br \/>Fink, S.H., S\u00fdkorov\u00e1, J.B., Wohofsky, L., Krainer, D. (2023). BMC Digit Health 1, 19 (2023). https:\/\/doi.org\/10.1186\/s44247-023-00021-4<\/p><p><strong>Participatory research and development approaches in applied ageing research.<\/strong><br \/>Aigner-Walder, B., Gruber, M., Hagendorfer-Jauk, G., Krainer, D., Oberzaucher, J., Pichler, C. (2023).\u00a0 In: Urbaniak, A., &amp; Wanka, A. (Eds.). (2023). Routledge International Handbook of Participatory Approaches in Ageing Research (1st ed.). Routledge. https:\/\/doi.org\/10.4324\/9781003254829<\/p><\/div>\n\t\t\t\t<\/div>\n\t\t\t\t\t\t\t<div class=\"elementor-accordion-item\">\n\t\t\t\t\t<div id=\"elementor-tab-title-3933\" class=\"elementor-tab-title\" data-tab=\"3\" role=\"button\" aria-controls=\"elementor-tab-content-3933\" aria-expanded=\"false\">\n\t\t\t\t\t\t\t\t\t\t\t\t\t<span class=\"elementor-accordion-icon elementor-accordion-icon-left\" aria-hidden=\"true\">\n\t\t\t\t\t\t\t\t\t\t\t\t\t\t\t<span class=\"elementor-accordion-icon-closed\"><i class=\"fas fa-plus\"><\/i><\/span>\n\t\t\t\t\t\t\t\t<span class=\"elementor-accordion-icon-opened\"><i class=\"fas fa-minus\"><\/i><\/span>\n\t\t\t\t\t\t\t\t\t\t\t\t\t\t<\/span>\n\t\t\t\t\t\t\t\t\t\t\t\t<a class=\"elementor-accordion-title\" tabindex=\"0\">2022<\/a>\n\t\t\t\t\t<\/div>\n\t\t\t\t\t<div id=\"elementor-tab-content-3933\" class=\"elementor-tab-content elementor-clearfix\" data-tab=\"3\" role=\"region\" aria-labelledby=\"elementor-tab-title-3933\"><p><strong>Assistive technology to support people with autism spectrum disorder in their autonomy and safety: A scoping review.<\/strong><br \/>Wohofsky, L., Scharf, P., Lattacher, S., &amp; Krainer, D. (2021) in Technology and Disability, 1-11: <a href=\"https:\/\/doi.org\/10.3233\/TAD-210355\">https:\/\/doi.org\/10.3233\/TAD-210355<\/a><\/p><p><strong>Evaluation und Weiterentwicklung einer nicht-invasiven assistiven Technologie zur Beurteilung von Ausnahmesituationen in der Wohnumgebung.<\/strong><br \/>Wohofsky, L., Fink, S., McClatchie, S., Dirnbacher, T., Schubert, P., &amp; Arbeiter, M. (2022) at \u00d6GGG, Salzburg:\u00a0<a href=\"https:\/\/oeggg2022.univie.ac.at\/willkommen\/\">https:\/\/oeggg2022.univie.ac.at\/willkommen\/<\/a><\/p><p><strong>Requirements for implementation of therapy devices in a tele-rehabilitation solution<br \/><\/strong>Schubert P., Wohofsky L., Olip M. &amp; Krainer D. (2022) at the 15th FFH Congress, Villach, Austria<\/p><p><strong>Enhancing Sleep Quality of People on the Autism Spectrum using Assistive Technology: A Concept: Development process for assistive technology to detect external factors influencing the sleep quality of People on the Autism Spectrum<\/strong><br \/>Fink, S. H., Wohofsky, L., Krainer, D. (2022) in PETRA &#8217;22: The15th International Conference on PErvasive Technologies Related to Assistive Environments , 29 Jun-01 Jul 2022, Corfu<\/p><p><strong>Participation of Users in Research: Human-Centered Design in the Project SENSHome.<\/strong><br \/>Wohofsky, L., Krainer, D., Lattacher, S., Scharf, P., &amp; Fink, S. (2022).\u00a0 Architecture and Autism. Sensory Perception and Indipendent Living. Prooceedings of the International Workshop, 63\u201369.<\/p><p><strong>Akzeptanz und Alltagsintegration von assistiven Technologien im Projekt Smart VitAALity und Einfluss des Health Care Center Models auf das Gesundheitsbewusstsein der TeilnehmerInnen.<\/strong><br \/>Wohofsky, L., Krainer, D., Scharf, P., Lattacher, S. L., &amp; Oberzaucher, J. (2022).\u00a0 In U. Ru\u00dfmann, F. Aubke, D. Ortiz, I. Pezenka, A.-C. Schulz, &amp; C. Schweiger (Eds.), Zukunft verantwortungsvoll gestalten (pp. 217\u2013230). Springer Fachmedien Wiesbaden. https:\/\/doi.org\/10.1007\/978-3-658-36861-6_16<\/p><\/div>\n\t\t\t\t<\/div>\n\t\t\t\t\t\t\t<div class=\"elementor-accordion-item\">\n\t\t\t\t\t<div id=\"elementor-tab-title-3934\" class=\"elementor-tab-title\" data-tab=\"4\" role=\"button\" aria-controls=\"elementor-tab-content-3934\" aria-expanded=\"false\">\n\t\t\t\t\t\t\t\t\t\t\t\t\t<span class=\"elementor-accordion-icon elementor-accordion-icon-left\" aria-hidden=\"true\">\n\t\t\t\t\t\t\t\t\t\t\t\t\t\t\t<span class=\"elementor-accordion-icon-closed\"><i class=\"fas fa-plus\"><\/i><\/span>\n\t\t\t\t\t\t\t\t<span class=\"elementor-accordion-icon-opened\"><i class=\"fas fa-minus\"><\/i><\/span>\n\t\t\t\t\t\t\t\t\t\t\t\t\t\t<\/span>\n\t\t\t\t\t\t\t\t\t\t\t\t<a class=\"elementor-accordion-title\" tabindex=\"0\">2021<\/a>\n\t\t\t\t\t<\/div>\n\t\t\t\t\t<div id=\"elementor-tab-content-3934\" class=\"elementor-tab-content elementor-clearfix\" data-tab=\"4\" role=\"region\" aria-labelledby=\"elementor-tab-title-3934\"><p><strong>REHA2030: Successful paths from requirements to a demonstrator via User Centered Design.<br \/><\/strong> Scharf P., Wohofsky L. &amp; Lattacher S. (2021) Poster Presentation, European Forum for Resarch in Europe, 2021, Ljubljana, Slovenia<\/p><p><strong>Costumized Smart Home and Interior Design Concept Co-Designed with and for People with Autism Spectrum Disorder<br \/><\/strong>Wohofsky L., Scharf P., Krainer D. &amp; Lattacher L. (2021) Conference Paper, Poster dHealth<\/p><p><strong>Activity monitoring in stroke rehabilitation: Advanced information for therapists and motivational factor for patients.<br \/><\/strong> Schubert P.; Krainer D. &amp; Wohofsky L. (2021) Poster Presentation European Forum for Research in Europe. Ljubljana, Slovenia.<\/p><p><strong>Therapeutische Nah- und Nachversorgung nach Schlaganfall mittels Tele-Rehabilitation: Erforderliche Kernelemente.<\/strong> <br \/>Schubert P., Krainer D., Lattacher S., Scharf P. &amp; Wohofsky L. (2021) Poster Presentation Geriatrieforum 2021, Vienna, Austria<\/p><p><strong>Stichprobenbildung, Strategie und Umsetzung.<br \/><\/strong> Krainer, D., Oberrauner, E., Oberzaucher, J., Aigner-Walder, B., Luger, A., &amp; Ofner, R. (2021) in J. Oberzaucher, D. Krainer, O. Kada, D. E. Str\u00f6ckl, &amp; B. Aigner-Walder (Hrsg.), Smart VitAALity Einblicke, Ergebnisse und Befunde aus einer AAL Pilotregion (1. Ausgabe). Books on Demand.<\/p><p><strong>Akzeptanz und Alltagsintegration von Smart VitAALity.<\/strong> <br \/>Krainer, D., Wohofsky, L., Scharf, P., &amp; Lattacher, S. L. (2021) in J. Oberzaucher, D. Krainer, O. Kada, D. E. Str\u00f6ckl, &amp; B. Aigner-Walder (Hrsg.), Smart VitAALity Einblicke, Ergebnisse und Befunde aus einer AAL Pilotregion (1. Ausgabe). Books on Demand.<\/p><p><strong>Genereller Hintergrund und Ausgangslage<br \/><\/strong>Oberzaucher, J., Kada, O. (2021) in J. Oberzaucher, D. Krainer, O. Kada, D. E. Str\u00f6ckl, &amp; B. Aigner-Walder (Hrsg.), Smart VitAALity Einblicke, Ergebnisse und Befunde aus einer AAL Pilotregion (1. Ausgabe). Books on Demand.<\/p><p><strong>Smart VitAALity \u2013 \u00dcberblick \u00fcber das technologische System.<br \/><\/strong> Oberzaucher, J. (2021) in J. Oberzaucher, D. Krainer, O. Kada, D. E. Str\u00f6ckl, &amp; B. Aigner-Walder (Hrsg.), Smart VitAALity Einblicke, Ergebnisse und Befunde aus einer AAL Pilotregion (1. Ausgabe). Books on Demand.<\/p><p><strong>Telerehabilitation platform REHA2030: Visualization of training statistics for patient and therapist.<br \/><\/strong> Wohofsky, L., Krainer, D. &amp; Schubert P. (2021) in The 14th PErvasive Technologies Related to Assistive Environments Conference (PETRA 2021), June 29\u2013July 02, 2021, Corfu, Greece. ACM, New York, NY, USA, 2 pages.\u00a0<a href=\"https:\/\/doi.org\/10.1145\/3453892.346100\">https:\/\/doi.org\/10.1145\/3453892.346100<\/a><\/p><p><strong>Generelles Testsetting und abgeleitete Relevanz f\u00fcr Smart VitAALity.<\/strong> <br \/>Oberzaucher, J. &amp; Krainer, D. (2021) in J. Oberzaucher, D. Krainer, O. Kada, D. E. Str\u00f6ckl, &amp; B. Aigner-Walder (Hrsg.), Smart VitAALity Einblicke, Ergebnisse und Befunde aus einer AAL Pilotregion (1. Ausgabe). Books on Demand.<\/p><p><strong>Evaluierungsdesign im Rahmen der Pilotregion Smart VitAALity.<br \/><\/strong>Oberzaucher, J. &amp; Krainer, D. (2021) in J. Oberzaucher, D. Krainer, O. Kada, D. E. Str\u00f6ckl, &amp; B. Aigner-Walder (Hrsg.), Smart VitAALity Einblicke, Ergebnisse und Befunde aus einer AAL Pilotregion (1. Ausgabe). Books on Demand.<\/p><p><strong>Stroke rehabilitation challenges in the Slovenian-Austrian region: Novel telerehabilitation approaches to enhance service provision.<br \/><\/strong> Wohofsky, L., &amp; Krainer, D. (2021) in European Forum for Research in Rehabilitation, H. Burger, G. Fazekas, G. Vidmar, European Forum for Research in Rehabilitation, &amp; Univerzitetni rehabilitacijski institut Republike Slovenije &#8211; Soca (Eds.), Congress of European Forum for Research in Rehabilitation September 23.-25. 2021, Ljubljana, Slovenia: Book of abstracts with programme. University Rehabilitation Institute Republic of Slovenia.\u00a0<a href=\"http:\/\/www.efrr2021.si\/images\/abstract_Book_F_20_09.pdf\">http:\/\/www.efrr2021.si\/images\/abstract_Book_F_20_09.pdf<\/a><\/p><p><strong>Akzeptanz und Alltagsintegration von technischen Interventionen im Rahmen des Projekts Smart VitAALity und Auswirkungen des Health Care Center Models auf das Gesundheitsbewusstsein der Teilnehmer*innen.<br \/><\/strong> Wohofsky, L., Scharf, P., Lattacher, S. L., Krainer, D., &amp; Oberzaucher, J. (2021) in FFH Open Access Repository &#8211; Forschungsforum der \u00f6sterreichischen Fachhochschulen<\/p><p><!-- notionvc: ef72680a-1d49-4170-a061-9ca1d58f71e8 --><\/p><\/div>\n\t\t\t\t<\/div>\n\t\t\t\t\t\t\t<div class=\"elementor-accordion-item\">\n\t\t\t\t\t<div id=\"elementor-tab-title-3935\" class=\"elementor-tab-title\" data-tab=\"5\" role=\"button\" aria-controls=\"elementor-tab-content-3935\" aria-expanded=\"false\">\n\t\t\t\t\t\t\t\t\t\t\t\t\t<span class=\"elementor-accordion-icon elementor-accordion-icon-left\" aria-hidden=\"true\">\n\t\t\t\t\t\t\t\t\t\t\t\t\t\t\t<span class=\"elementor-accordion-icon-closed\"><i class=\"fas fa-plus\"><\/i><\/span>\n\t\t\t\t\t\t\t\t<span class=\"elementor-accordion-icon-opened\"><i class=\"fas fa-minus\"><\/i><\/span>\n\t\t\t\t\t\t\t\t\t\t\t\t\t\t<\/span>\n\t\t\t\t\t\t\t\t\t\t\t\t<a class=\"elementor-accordion-title\" tabindex=\"0\">2020<\/a>\n\t\t\t\t\t<\/div>\n\t\t\t\t\t<div id=\"elementor-tab-content-3935\" class=\"elementor-tab-content elementor-clearfix\" data-tab=\"5\" role=\"region\" aria-labelledby=\"elementor-tab-title-3935\"><p><strong>Analyse von Einflussfaktoren auf die Nutzungsabsicht von AAL-Technologien am Beispiel der Pilotregion Smart VitAALity<br \/><\/strong>Scharf, P., Wohofsky, L., Krainer, D. &amp; Lattacher, S. (2020) in VDE (Hrsg.), AAL-Kongress 2020, 29 Sep-01 Oct 2020, online, S. 38-44<\/p><p><strong>Using IoT Middleware Solutions in Interdisciplinary Research Projects in the Context of AAL<br \/><\/strong>Plattner, J., Oberrauner, E., Str\u00f6ckl, D. &amp; Oberzaucher, J. (2020) in Association for Computing Machinery (Hrsg.), ACM International Conference on PErvasive Technologies Related to Assistive Environments (PETRA), 30-30 Jun 2020, Virtual Conference<\/p><p><strong>The Synergy of Technology Usage and Human-driven Support Activities in an AAL Pilot Region<\/strong><br \/>Plattner, J., Str\u00f6ckl, D., Oberrauner, E., Majcen, K. &amp; Oberzaucher, J. (2020) in 6th International Conference on Information and Communication Technologies for Ageing Well and e-Health, 03-05 May 2020, Virtual Conference<\/p><p><strong>Smart City Technology meets Smart Health Assistive Systems &#8211; on the example of the project AYUDO<\/strong><br \/>Str\u00f6ckl, D., Oberrauner, E., Plattner, J., Shekhovtsov, V., Leitner, G., Kop, C., Schartner, P. &amp; Steinberger, C. (2020) in Association for Computing Machinery (Hrsg.), ACM International Conference on PErvasive Technologies Related to Assistive Environments (PETRA), 30-30 Jun 2020, Virtual Conference<\/p><p><strong>Hedonic and pragmatic qualities of AAL pilot region technologies &#8211; Evaluation with the AttrakDiff Survey<\/strong><br \/>Str\u00f6ckl D. E., Oberrauner E., Krainer D., Wohofsky L. &amp; Oberzaucher J. in Proceedings of the 6th International Conference on Information and Communication Technologies for Ageing Well and e-Health, Volume 1: ICT4AWE, S. 187-193<\/p><p><strong>Akzeptanz und Alltagsintegration von technischen Interventionen im Rahmen des Projekts Smart VitAALity und Auswirkungen des Health Care Center Models auf das Gesundheitsbewusstsein der Teilnehmer*innen.<\/strong><br \/>Wohofsky L., Scharf P., Lattacher S. L., Krainer D. &amp; Oberzaucher J. (2020) in Forschungsforum der \u00d6sterreichischen Fachhochschulen 2020<\/p><p><strong>Connected Caregivers.<\/strong><br \/>Sulopuisto O., Str\u00f6ckl D. E. &amp; Hagendorfer-Jauk G. (2020) in NET NEP 2020 \u2013 8th International Nurse Education Conference \u2013 Transforming nursing and midwifery education: Leadership innovation and diversity for global healthcare impact. Barcelona, Spain.<\/p><p><strong>Multimodal Interface Modeling Language \u2013 from a Metamodel to an assistive and flexible User-System Interface.<\/strong><br \/>Str\u00f6ckl D. E. (2020) at Innovationskongress 2019 \u2013 Smart Living Forum, Villach, \u00d6sterreich.<\/p><p><strong>Smart VitAALity \u2013 Effects of a modular AAL system on subjective quality of life. Methods and first results.<\/strong><br \/>Kada O., Mark A., Oberzaucher J. &amp; Str\u00f6ckl D. E. (2020) at Innovationskongress 2019 \u2013 Smart Living Forum, Villach, \u00d6sterreich<\/p><\/div>\n\t\t\t\t<\/div>\n\t\t\t\t\t\t\t<div class=\"elementor-accordion-item\">\n\t\t\t\t\t<div id=\"elementor-tab-title-3936\" class=\"elementor-tab-title\" data-tab=\"6\" role=\"button\" aria-controls=\"elementor-tab-content-3936\" aria-expanded=\"false\">\n\t\t\t\t\t\t\t\t\t\t\t\t\t<span class=\"elementor-accordion-icon elementor-accordion-icon-left\" aria-hidden=\"true\">\n\t\t\t\t\t\t\t\t\t\t\t\t\t\t\t<span class=\"elementor-accordion-icon-closed\"><i class=\"fas fa-plus\"><\/i><\/span>\n\t\t\t\t\t\t\t\t<span class=\"elementor-accordion-icon-opened\"><i class=\"fas fa-minus\"><\/i><\/span>\n\t\t\t\t\t\t\t\t\t\t\t\t\t\t<\/span>\n\t\t\t\t\t\t\t\t\t\t\t\t<a class=\"elementor-accordion-title\" tabindex=\"0\">2019<\/a>\n\t\t\t\t\t<\/div>\n\t\t\t\t\t<div id=\"elementor-tab-content-3936\" class=\"elementor-tab-content elementor-clearfix\" data-tab=\"6\" role=\"region\" aria-labelledby=\"elementor-tab-title-3936\"><p><strong>Multi-Modal Human-System Interaction based on MCA<\/strong><br \/>Str\u00f6ckl, D.E. &amp; Mayr, H. (2019) in 2nd International Conference on Intelligent Human Systems Integration: Integrating People and Intelligent Systems Proceedings 2019, 07-10 Feb 2019, San Diego, California, USA.<\/p><p><strong>Practical Realization of an integrated Telemonitoring and Health Care Center Model \u2013 Interim results within the Pilot Region Smart VitAALity<\/strong><br \/>Krainer, D., Lattacher, S., Oberzaucher, J., Liebhart, W., Liebhart, M., Str\u00f6ckl, D., Plattner, J. &amp; Schaschl, P. (2019) at SMARTER LIVES 19 \u2013 Smarter Lives meets uDay, Digitalisierung und Lebensqualit\u00e4t im Alter, Bozen \u2013 Italien.<\/p><p><strong>AAL-Pilot Concepts in Carinthia and Styria<\/strong><br \/>Majcen, K., Plattner, J., Str\u00f6ckl, D. E., L\u00f6ffler, K., Schuster, E., Schaschl, P., Krainer, D. &amp; Oberzaucher, J. (2019) in Proceedings of the 5th International Conference on Information and Communication Technologies for Ageing Well and e-Health (ICT4AWE 2019), pp. 289-296, Heraklion, May 2019. ISSN: 2184-4984. ISBN: 978-989-758-368-1.<\/p><p><strong>South Austrian Seniors \u201cvs.\u201d ICT for Healthcare in AAL Pilot Regions<\/strong><br \/>Str\u00f6ckl, D.E., Majcen, K., Plattner, J., Krainer, D., L\u00f6ffler, K., Schuster, E., Schaschl, P. &amp; Oberzaucher, J. (2019) in Proceedings of 1st International Conference on Finance, Economics, Management and IT Business (FEMIB 2019), pp. 86-93, Heraklion, May 2019. ISBN: 978-989-758-370-4.<\/p><\/div>\n\t\t\t\t<\/div>\n\t\t\t\t\t\t\t<div class=\"elementor-accordion-item\">\n\t\t\t\t\t<div id=\"elementor-tab-title-3937\" class=\"elementor-tab-title\" data-tab=\"7\" role=\"button\" aria-controls=\"elementor-tab-content-3937\" aria-expanded=\"false\">\n\t\t\t\t\t\t\t\t\t\t\t\t\t<span class=\"elementor-accordion-icon elementor-accordion-icon-left\" aria-hidden=\"true\">\n\t\t\t\t\t\t\t\t\t\t\t\t\t\t\t<span class=\"elementor-accordion-icon-closed\"><i class=\"fas fa-plus\"><\/i><\/span>\n\t\t\t\t\t\t\t\t<span class=\"elementor-accordion-icon-opened\"><i class=\"fas fa-minus\"><\/i><\/span>\n\t\t\t\t\t\t\t\t\t\t\t\t\t\t<\/span>\n\t\t\t\t\t\t\t\t\t\t\t\t<a class=\"elementor-accordion-title\" tabindex=\"0\">2018<\/a>\n\t\t\t\t\t<\/div>\n\t\t\t\t\t<div id=\"elementor-tab-content-3937\" class=\"elementor-tab-content elementor-clearfix\" data-tab=\"7\" role=\"region\" aria-labelledby=\"elementor-tab-title-3937\"><p><strong>Spotlight on Health: Technical Solutions and Services to promote an independent and autonomous life.<\/strong><br \/>Krainer, D., Plattner, J. &amp; Lattacher, S. (2018) in (Hrsg.), Geb\u00e4ude der Zukunft? vernetzt \u2013 digital \u2013 \u00f6kosozial, S. 263-267, Leykam, Graz<\/p><p><strong>Improving Interdisciplinary Communication \u2013 Use Case Focused User Interaction Diagram 2.0<\/strong><br \/>Str\u00f6ckl, D., Krainer, D. &amp; Oberrauner, E. (2018) in IARIA \u2013 Ambient 2018, 18-22 Nov 2018, Athen, Griechenland<\/p><p><strong>System Definition based on a Multidimensional Requirement Analysis within the Pilot Region Smart VitAALity<\/strong><br \/>Krainer, D., Plattner, J., Str\u00f6ckl, D., Fleck, A., Oberrauner, E. &amp; Oberzaucher, J. (2018) in Smarter Lives 2018, 20-20 Feb 2018, Innsbruck<\/p><p><strong>Methode f\u00fcr die Evaluierung der Systemakzeptanz von \u201emeinZentrAAL\u201c.<\/strong><br \/>Krainer, D. (2018) in Trukeschitz, B., Schneider, C., Ring-Dimitriou, S. (Hrsg.), Smartes Betreutes Wohnen: Nutzung, Systemakzeptanz und Wirkungen von \u201emeinZentrAAL\u201c. Erkenntnisse der AAL-Forschung. BoD Book on Demand, Norderstedt, Deutschland. ISBN 978-3-744-88233-0.<\/p><p><strong>Die Systemakzeptanz von \u201emeinZentrAAL\u201c.<\/strong> <br \/>Krainer, D., Plattner, J., Oberzaucher, J. &amp; Schneider, C. (2018) in Trukeschitz, B., Schneider, C., Ring-Dimitriou, S. (Hrsg.), Smartes Betreutes Wohnen: Nutzung, Systemakzeptanz und Wirkungen von \u201emeinZentrAAL\u201c. Erkenntnisse der AAL-Forschung. BoD Book on Demand, Norderstedt, Deutschland. ISBN 978-3-744-88233-0.<\/p><p><strong>Nutzungsh\u00e4ufigkeit von \u201emeinZentrAAL\u201c.<\/strong><br \/>Schneider, C., Maringer, V., Rieser, H., Venek, V., Krainer, D., (2018) in Trukeschitz, B., Schneider, C., Ring-Dimitriou, S. (Hrsg.), Smartes Betreutes Wohnen: Nutzung, Systemakzeptanz und Wirkungen von \u201emeinZentrAAL\u201c. Erkenntnisse der AAL-Forschung. BoD Book on Demand, Norderstedt, Deutschland. ISBN 978-3-744-88233-0.<\/p><p><strong>MCA Driven Interaction Interfacing<\/strong><br \/>Str\u00f6ckl, D.E. &amp; Mayr, H., (2018) in IARIA \u2013 Ambient 2018, 18-22 Nov 2018, Athen, Griechenland.<\/p><p><strong>Scenario based Development Approach towards a Multi-modal Interface Presentation Meta-model<\/strong><br \/>Str\u00f6ckl, D.E., (2018) in Smarter Lives 2018, 20-20 Feb 2018, Innsbruck.<\/p><\/div>\n\t\t\t\t<\/div>\n\t\t\t\t\t\t\t<div class=\"elementor-accordion-item\">\n\t\t\t\t\t<div id=\"elementor-tab-title-3938\" class=\"elementor-tab-title\" data-tab=\"8\" role=\"button\" aria-controls=\"elementor-tab-content-3938\" aria-expanded=\"false\">\n\t\t\t\t\t\t\t\t\t\t\t\t\t<span class=\"elementor-accordion-icon elementor-accordion-icon-left\" aria-hidden=\"true\">\n\t\t\t\t\t\t\t\t\t\t\t\t\t\t\t<span class=\"elementor-accordion-icon-closed\"><i class=\"fas fa-plus\"><\/i><\/span>\n\t\t\t\t\t\t\t\t<span class=\"elementor-accordion-icon-opened\"><i class=\"fas fa-minus\"><\/i><\/span>\n\t\t\t\t\t\t\t\t\t\t\t\t\t\t<\/span>\n\t\t\t\t\t\t\t\t\t\t\t\t<a class=\"elementor-accordion-title\" tabindex=\"0\">2017<\/a>\n\t\t\t\t\t<\/div>\n\t\t\t\t\t<div id=\"elementor-tab-content-3938\" class=\"elementor-tab-content elementor-clearfix\" data-tab=\"8\" role=\"region\" aria-labelledby=\"elementor-tab-title-3938\"><p><strong>Elektronische Hilfsmittel f\u00fcr diagnostische Zwecke \u2013 aktuelle Ans\u00e4tze und zuk\u00fcnftige Herausforderungen.<\/strong><br \/>Oberzaucher, J. &amp; Krainer, D. (2017) in Likar, R., Bernatzky, G., Pinter, G., Pipam, W., Janig, H., Sadjak, A. (Hrsg.), Lebensqualit\u00e4t im Alter \u2013 Therapie und Prophylaxe von Altersleiden, S. 401-416, Springer<\/p><p><strong>Technologie f\u00fcr BewohnerInnen im Betreuten Wohnen \u2013 Gew\u00fcnscht, akzeptiert oder geduldet? \u2013 Diskussion ausgew\u00e4hlter Feldtest-Ergebnisse.<\/strong><br \/>Oberzaucher, J., Krainer, D., (2017) in Proceedings of ENI 2017. 9. Wissenschaftlicher Kongress f\u00fcr Informationstechnologie im Gesundheits-, Pflege- und Sozialbereich. 14.09-15.09.2017, Hall in Tirol, \u00d6sterreich<\/p><p><strong>Use Case Focused User-Interaction Diagram \u2013 A Communication Tool within AAL Projects<\/strong><br \/>Krainer, D., Str\u00f6ckl, D., Oberzaucher, J., (2017) in PETRA \u201917: Proceedings of the 10th International Conference on PErvasive Technologies Related to Assistive Environments, 21-23 Jun 2017, Island of Rhodes, Greece, S. 193-196<\/p><p><strong>Assistive Solutions in Practice: Experiences from AAL Pilot Regions in Austria<\/strong><br \/>Ates, N., Aumayr, G., Drobics, M., F\u00f6rster, K., Frauenberger, C., Garschall, M., Kofler, M., Krainer, D., Kropf, J., Majcen, K., Oberzaucher, J., Piazolo, F., Rzepka, A., Sauskojus, J., Schneider, C., Stainer-Hochgatterer, A., Sturm, N., Waibel, U. &amp; Willner, V. (2017) in Health Informatics Meets EHealth: Digital Insight\u2013Information-Driven Health &amp; Care. Proceedings of the 11th EHealth2017 Conference. Vol. 236. IOS Press, 2017.<\/p><p><strong>Living Lab Carinthia \u2013 Neue Wege in der IKT-gest\u00fctzten Versorgungsforschung<\/strong><br \/>Krainer, D., Oberzaucher, J., Str\u00f6ckl, D., Mitterbacher, A. &amp; Kada, O. (2017) in Poster pr\u00e4sentiert am 12. Gemeinsamen \u00d6sterreichisch-Deutschen Geriatriekongress, 57. Kongress der \u00d6sterreichischen Gesellschaft f\u00fcr Geriatrie und Gerontologie. Geriatrie \u2013 Wissen und Forschung f\u00fcr ein gelingendes Alter(n). Zeitschrift f\u00fcr Gerontologie und Geriatrie 1. 20. \u2013 22. April 2017<\/p><\/div>\n\t\t\t\t<\/div>\n\t\t\t\t\t\t\t\t<\/div>\n\t\t\t\t\t\t<\/div>\n\t\t\t\t<\/div>\n\t\t\t\t\t<\/div>\n\t\t<\/div>\n\t\t\t\t\t<\/div>\n\t\t<\/section>\n\t\t\t\t\t<\/div>\n\t\t<\/div>\n\t\t\t\t\t<\/div>\n\t\t<\/section>\n\t\t\t\t<section class=\"elementor-section elementor-top-section elementor-element elementor-element-5df27ef elementor-section-boxed elementor-section-height-default elementor-section-height-default\" data-id=\"5df27ef\" data-element_type=\"section\" data-e-type=\"section\" data-settings=\"{&quot;background_background&quot;:&quot;classic&quot;}\">\n\t\t\t\t\t\t<div class=\"elementor-container elementor-column-gap-default\">\n\t\t\t\t\t<div class=\"elementor-column elementor-col-100 elementor-top-column elementor-element elementor-element-b8b899b\" data-id=\"b8b899b\" data-element_type=\"column\" data-e-type=\"column\">\n\t\t\t<div class=\"elementor-widget-wrap elementor-element-populated\">\n\t\t\t\t\t\t<div class=\"elementor-element elementor-element-f2485bf elementor-widget elementor-widget-spacer\" data-id=\"f2485bf\" data-element_type=\"widget\" data-e-type=\"widget\" data-widget_type=\"spacer.default\">\n\t\t\t\t<div class=\"elementor-widget-container\">\n\t\t\t\t\t\t\t<div class=\"elementor-spacer\">\n\t\t\t<div class=\"elementor-spacer-inner\"><\/div>\n\t\t<\/div>\n\t\t\t\t\t\t<\/div>\n\t\t\t\t<\/div>\n\t\t\t\t<div class=\"elementor-element elementor-element-c56669e elementor-widget elementor-widget-menu-anchor\" data-id=\"c56669e\" data-element_type=\"widget\" data-e-type=\"widget\" data-widget_type=\"menu-anchor.default\">\n\t\t\t\t<div class=\"elementor-widget-container\">\n\t\t\t\t\t\t\t<div class=\"elementor-menu-anchor\" id=\"news\"><\/div>\n\t\t\t\t\t\t<\/div>\n\t\t\t\t<\/div>\n\t\t\t\t<div class=\"elementor-element elementor-element-8422663 elementor-widget elementor-widget-heading\" data-id=\"8422663\" data-element_type=\"widget\" data-e-type=\"widget\" data-widget_type=\"heading.default\">\n\t\t\t\t<div class=\"elementor-widget-container\">\n\t\t\t\t\t<h1 class=\"elementor-heading-title elementor-size-default\">News und Blog Posts<\/h1>\t\t\t\t<\/div>\n\t\t\t\t<\/div>\n\t\t\t\t<section class=\"elementor-section elementor-inner-section elementor-element elementor-element-ce81f71 elementor-section-boxed elementor-section-height-default elementor-section-height-default\" data-id=\"ce81f71\" data-element_type=\"section\" data-e-type=\"section\">\n\t\t\t\t\t\t<div class=\"elementor-container elementor-column-gap-default\">\n\t\t\t\t\t<div class=\"elementor-column elementor-col-50 elementor-inner-column elementor-element elementor-element-38b16bc\" data-id=\"38b16bc\" data-element_type=\"column\" data-e-type=\"column\">\n\t\t\t<div class=\"elementor-widget-wrap elementor-element-populated\">\n\t\t\t\t\t\t<div class=\"elementor-element elementor-element-8a9ea7d elementor-widget elementor-widget-wp-widget-recent-posts\" data-id=\"8a9ea7d\" data-element_type=\"widget\" data-e-type=\"widget\" data-widget_type=\"wp-widget-recent-posts.default\">\n\t\t\t\t<div class=\"elementor-widget-container\">\n\t\t\t\t\t\n\t\t\n\t\t<h5>Neueste Beitr\u00e4ge<\/h5>\n\t\t<ul>\n\t\t\t\t\t\t\t\t\t\t\t<li>\n\t\t\t\t\t<a href=\"https:\/\/forschung.fh-kaernten.at\/enable\/2025\/01\/15\/health-for-all-einblicke-in-unser-projekt\/\">Health for All \u2013 Einblicke in unser Projekt<\/a>\n\t\t\t\t\t\t\t\t\t\t\t<span class=\"post-date\">01\/15\/2025<\/span>\n\t\t\t\t\t\t\t\t\t<\/li>\n\t\t\t\t\t\t\t\t\t\t\t<li>\n\t\t\t\t\t<a href=\"https:\/\/forschung.fh-kaernten.at\/enable\/2024\/12\/19\/einladung-zum-test-der-telecarehub-plattform\/\">Einladung zum Test der TeleCareHub-Plattform<\/a>\n\t\t\t\t\t\t\t\t\t\t\t<span class=\"post-date\">12\/19\/2024<\/span>\n\t\t\t\t\t\t\t\t\t<\/li>\n\t\t\t\t\t\t\t\t\t\t\t<li>\n\t\t\t\t\t<a href=\"https:\/\/forschung.fh-kaernten.at\/enable\/2022\/12\/08\/senshome-abschlussevents-in-klagenfurt-und-bozen\/\">SENSHOME Abschlussevents in Klagenfurt und Bozen<\/a>\n\t\t\t\t\t\t\t\t\t\t\t<span class=\"post-date\">12\/08\/2022<\/span>\n\t\t\t\t\t\t\t\t\t<\/li>\n\t\t\t\t\t\t\t\t\t\t\t<li>\n\t\t\t\t\t<a href=\"https:\/\/forschung.fh-kaernten.at\/enable\/2022\/11\/07\/ois-zam-mit-vereinten-kraeften-zur-partizipativen-forschung\/\">OIS zam \u2013 Mit vereinten Kr\u00e4ften zur partizipativen Forschung<\/a>\n\t\t\t\t\t\t\t\t\t\t\t<span class=\"post-date\">11\/07\/2022<\/span>\n\t\t\t\t\t\t\t\t\t<\/li>\n\t\t\t\t\t\t\t\t\t\t\t<li>\n\t\t\t\t\t<a href=\"https:\/\/forschung.fh-kaernten.at\/enable\/2022\/08\/04\/wordrap-mit-anna-drechslerova\/\">Wordrap mit Anna Drechslerov\u00e1<\/a>\n\t\t\t\t\t\t\t\t\t\t\t<span class=\"post-date\">08\/04\/2022<\/span>\n\t\t\t\t\t\t\t\t\t<\/li>\n\t\t\t\t\t\t\t\t\t\t\t<li>\n\t\t\t\t\t<a href=\"https:\/\/forschung.fh-kaernten.at\/enable\/2022\/08\/02\/wordrap-mit-laura-nadine-kroll\/\">Wordrap mit Laura-Nadine Kroll<\/a>\n\t\t\t\t\t\t\t\t\t\t\t<span class=\"post-date\">08\/02\/2022<\/span>\n\t\t\t\t\t\t\t\t\t<\/li>\n\t\t\t\t\t\t\t\t\t\t\t<li>\n\t\t\t\t\t<a href=\"https:\/\/forschung.fh-kaernten.at\/enable\/2022\/07\/14\/schlafstudie-zur-unterstuetzung-von-menschen-die-im-autismus-spektrum-leben\/\">Schlafstudie zur Unterst\u00fctzung von Menschen die im Autismus-Spektrum leben<\/a>\n\t\t\t\t\t\t\t\t\t\t\t<span class=\"post-date\">07\/14\/2022<\/span>\n\t\t\t\t\t\t\t\t\t<\/li>\n\t\t\t\t\t<\/ul>\n\n\t\t\t\t\t\t<\/div>\n\t\t\t\t<\/div>\n\t\t\t\t\t<\/div>\n\t\t<\/div>\n\t\t\t\t<div class=\"elementor-column elementor-col-50 elementor-inner-column elementor-element elementor-element-d56b161\" data-id=\"d56b161\" data-element_type=\"column\" data-e-type=\"column\">\n\t\t\t<div class=\"elementor-widget-wrap elementor-element-populated\">\n\t\t\t\t\t\t<div class=\"elementor-element elementor-element-0cab7ec elementor-widget elementor-widget-image\" data-id=\"0cab7ec\" data-element_type=\"widget\" data-e-type=\"widget\" data-widget_type=\"image.default\">\n\t\t\t\t<div class=\"elementor-widget-container\">\n\t\t\t\t\t\t\t\t\t\t\t\t\t\t\t<img decoding=\"async\" width=\"1024\" height=\"683\" src=\"data:image\/gif;base64,R0lGODlhAQABAAAAACH5BAEKAAEALAAAAAABAAEAAAICTAEAOw==\" class=\"attachment-large size-large wp-image-2091 lazyload\" alt=\"\" sizes=\"(max-width: 1024px) 100vw, 1024px\" data-src=\"https:\/\/forschung.fh-kaernten.at\/enable\/files\/2020\/08\/newspapers-4565916-1024x683.jpg\" data-srcset=\"https:\/\/forschung.fh-kaernten.at\/enable\/files\/2020\/08\/newspapers-4565916-1024x683.jpg 1024w, https:\/\/forschung.fh-kaernten.at\/enable\/files\/2020\/08\/newspapers-4565916-300x200.jpg 300w, https:\/\/forschung.fh-kaernten.at\/enable\/files\/2020\/08\/newspapers-4565916-768x512.jpg 768w, https:\/\/forschung.fh-kaernten.at\/enable\/files\/2020\/08\/newspapers-4565916-1536x1024.jpg 1536w, https:\/\/forschung.fh-kaernten.at\/enable\/files\/2020\/08\/newspapers-4565916-2048x1365.jpg 2048w, https:\/\/forschung.fh-kaernten.at\/enable\/files\/2020\/08\/newspapers-4565916-830x553.jpg 830w, https:\/\/forschung.fh-kaernten.at\/enable\/files\/2020\/08\/newspapers-4565916-230x153.jpg 230w, https:\/\/forschung.fh-kaernten.at\/enable\/files\/2020\/08\/newspapers-4565916-350x233.jpg 350w, https:\/\/forschung.fh-kaernten.at\/enable\/files\/2020\/08\/newspapers-4565916-480x320.jpg 480w\">\t\t\t\t\t\t\t\t\t\t\t\t\t\t\t<\/div>\n\t\t\t\t<\/div>\n\t\t\t\t\t<\/div>\n\t\t<\/div>\n\t\t\t\t\t<\/div>\n\t\t<\/section>\n\t\t\t\t<section class=\"elementor-section elementor-inner-section elementor-element elementor-element-6bf72d2 elementor-section-boxed elementor-section-height-default elementor-section-height-default\" data-id=\"6bf72d2\" data-element_type=\"section\" data-e-type=\"section\" data-settings=\"{&quot;background_background&quot;:&quot;gradient&quot;}\">\n\t\t\t\t\t\t\t<div class=\"elementor-background-overlay\"><\/div>\n\t\t\t\t\t\t\t<div class=\"elementor-container elementor-column-gap-default\">\n\t\t\t\t\t<div class=\"elementor-column elementor-col-50 elementor-inner-column elementor-element elementor-element-19351af\" data-id=\"19351af\" data-element_type=\"column\" data-e-type=\"column\">\n\t\t\t<div class=\"elementor-widget-wrap elementor-element-populated\">\n\t\t\t\t\t\t<div class=\"elementor-element elementor-element-0e187f8 elementor-align-left elementor-widget elementor-widget-button\" data-id=\"0e187f8\" data-element_type=\"widget\" data-e-type=\"widget\" data-widget_type=\"button.default\">\n\t\t\t\t<div class=\"elementor-widget-container\">\n\t\t\t\t\t\t\t\t\t<div class=\"elementor-button-wrapper\">\n\t\t\t\t\t<a class=\"elementor-button elementor-button-link elementor-size-sm elementor-animation-grow\" href=\"https:\/\/forschung.fh-kaernten.at\/aal\/blog-archive\/\" title=\"Page - Collection of blog posts\">\n\t\t\t\t\t\t<span class=\"elementor-button-content-wrapper\">\n\t\t\t\t\t\t<span class=\"elementor-button-icon\">\n\t\t\t\t<i aria-hidden=\"true\" class=\"far fa-list-alt\"><\/i>\t\t\t<\/span>\n\t\t\t\t\t\t\t\t\t<span class=\"elementor-button-text\">gehe zu alle Beitr\u00e4ge<\/span>\n\t\t\t\t\t<\/span>\n\t\t\t\t\t<\/a>\n\t\t\t\t<\/div>\n\t\t\t\t\t\t\t\t<\/div>\n\t\t\t\t<\/div>\n\t\t\t\t\t<\/div>\n\t\t<\/div>\n\t\t\t\t<div class=\"elementor-column elementor-col-50 elementor-inner-column elementor-element elementor-element-2311403\" data-id=\"2311403\" data-element_type=\"column\" data-e-type=\"column\">\n\t\t\t<div class=\"elementor-widget-wrap elementor-element-populated\">\n\t\t\t\t\t\t<div class=\"elementor-element elementor-element-1620b2e elementor-align-right elementor-widget elementor-widget-button\" data-id=\"1620b2e\" data-element_type=\"widget\" data-e-type=\"widget\" data-widget_type=\"button.default\">\n\t\t\t\t<div class=\"elementor-widget-container\">\n\t\t\t\t\t\t\t\t\t<div class=\"elementor-button-wrapper\">\n\t\t\t\t\t<a class=\"elementor-button elementor-button-link elementor-size-sm elementor-animation-grow\" href=\"https:\/\/www.linkedin.com\/company\/11790946\/admin\/feed\/posts\/\" target=\"_blank\" title=\"Link to our LinkedIn page (external)\">\n\t\t\t\t\t\t<span class=\"elementor-button-content-wrapper\">\n\t\t\t\t\t\t<span class=\"elementor-button-icon\">\n\t\t\t\t<i aria-hidden=\"true\" class=\"fab fa-linkedin\"><\/i>\t\t\t<\/span>\n\t\t\t\t\t\t\t\t\t<span class=\"elementor-button-text\">Mehr News auf LinkedIn<\/span>\n\t\t\t\t\t<\/span>\n\t\t\t\t\t<\/a>\n\t\t\t\t<\/div>\n\t\t\t\t\t\t\t\t<\/div>\n\t\t\t\t<\/div>\n\t\t\t\t\t<\/div>\n\t\t<\/div>\n\t\t\t\t\t<\/div>\n\t\t<\/section>\n\t\t\t\t<div class=\"elementor-element elementor-element-03db54a elementor-widget elementor-widget-spacer\" data-id=\"03db54a\" data-element_type=\"widget\" data-e-type=\"widget\" data-widget_type=\"spacer.default\">\n\t\t\t\t<div class=\"elementor-widget-container\">\n\t\t\t\t\t\t\t<div class=\"elementor-spacer\">\n\t\t\t<div class=\"elementor-spacer-inner\"><\/div>\n\t\t<\/div>\n\t\t\t\t\t\t<\/div>\n\t\t\t\t<\/div>\n\t\t\t\t\t<\/div>\n\t\t<\/div>\n\t\t\t\t\t<\/div>\n\t\t<\/section>\n\t\t\t\t<section class=\"elementor-section elementor-top-section elementor-element elementor-element-5abc8ee elementor-section-boxed elementor-section-height-default elementor-section-height-default\" data-id=\"5abc8ee\" data-element_type=\"section\" data-e-type=\"section\">\n\t\t\t\t\t\t<div class=\"elementor-container elementor-column-gap-default\">\n\t\t\t\t\t<div class=\"elementor-column elementor-col-100 elementor-top-column elementor-element elementor-element-4b5c9d4\" data-id=\"4b5c9d4\" data-element_type=\"column\" data-e-type=\"column\">\n\t\t\t<div class=\"elementor-widget-wrap elementor-element-populated\">\n\t\t\t\t\t\t<div class=\"elementor-element elementor-element-23e0f3a elementor-widget elementor-widget-spacer\" data-id=\"23e0f3a\" data-element_type=\"widget\" data-e-type=\"widget\" data-widget_type=\"spacer.default\">\n\t\t\t\t<div class=\"elementor-widget-container\">\n\t\t\t\t\t\t\t<div class=\"elementor-spacer\">\n\t\t\t<div class=\"elementor-spacer-inner\"><\/div>\n\t\t<\/div>\n\t\t\t\t\t\t<\/div>\n\t\t\t\t<\/div>\n\t\t\t\t\t<\/div>\n\t\t<\/div>\n\t\t\t\t\t<\/div>\n\t\t<\/section>\n\t\t\t\t<section class=\"elementor-section elementor-top-section elementor-element elementor-element-59b0859 elementor-section-boxed elementor-section-height-default elementor-section-height-default\" data-id=\"59b0859\" data-element_type=\"section\" data-e-type=\"section\" data-settings=\"{&quot;background_background&quot;:&quot;classic&quot;}\">\n\t\t\t\t\t\t<div class=\"elementor-container elementor-column-gap-default\">\n\t\t\t\t\t<div class=\"elementor-column elementor-col-100 elementor-top-column elementor-element elementor-element-1405dc9\" data-id=\"1405dc9\" data-element_type=\"column\" data-e-type=\"column\">\n\t\t\t<div class=\"elementor-widget-wrap elementor-element-populated\">\n\t\t\t\t\t\t<div class=\"elementor-element elementor-element-1ee6a16 elementor-widget elementor-widget-menu-anchor\" data-id=\"1ee6a16\" data-element_type=\"widget\" data-e-type=\"widget\" data-widget_type=\"menu-anchor.default\">\n\t\t\t\t<div class=\"elementor-widget-container\">\n\t\t\t\t\t\t\t<div class=\"elementor-menu-anchor\" id=\"team\"><\/div>\n\t\t\t\t\t\t<\/div>\n\t\t\t\t<\/div>\n\t\t\t\t<div class=\"elementor-element elementor-element-9b06ca8 elementor-widget elementor-widget-spacer\" data-id=\"9b06ca8\" data-element_type=\"widget\" data-e-type=\"widget\" data-widget_type=\"spacer.default\">\n\t\t\t\t<div class=\"elementor-widget-container\">\n\t\t\t\t\t\t\t<div class=\"elementor-spacer\">\n\t\t\t<div class=\"elementor-spacer-inner\"><\/div>\n\t\t<\/div>\n\t\t\t\t\t\t<\/div>\n\t\t\t\t<\/div>\n\t\t\t\t<div class=\"elementor-element elementor-element-95aac9a elementor-widget elementor-widget-heading\" data-id=\"95aac9a\" data-element_type=\"widget\" data-e-type=\"widget\" data-widget_type=\"heading.default\">\n\t\t\t\t<div class=\"elementor-widget-container\">\n\t\t\t\t\t<h1 class=\"elementor-heading-title elementor-size-default\">Team<\/h1>\t\t\t\t<\/div>\n\t\t\t\t<\/div>\n\t\t\t\t<section class=\"elementor-section elementor-inner-section elementor-element elementor-element-a462b38 elementor-section-boxed elementor-section-height-default elementor-section-height-default\" data-id=\"a462b38\" data-element_type=\"section\" data-e-type=\"section\">\n\t\t\t\t\t\t<div class=\"elementor-container elementor-column-gap-default\">\n\t\t\t\t\t<div class=\"elementor-column elementor-col-33 elementor-inner-column elementor-element elementor-element-375be49\" data-id=\"375be49\" data-element_type=\"column\" data-e-type=\"column\">\n\t\t\t<div class=\"elementor-widget-wrap elementor-element-populated\">\n\t\t\t\t\t\t<div class=\"elementor-element elementor-element-c93bd5d elementor-widget elementor-widget-image\" data-id=\"c93bd5d\" data-element_type=\"widget\" data-e-type=\"widget\" data-widget_type=\"image.default\">\n\t\t\t\t<div class=\"elementor-widget-container\">\n\t\t\t\t\t\t\t\t\t\t\t\t<figure class=\"wp-caption\">\n\t\t\t\t\t\t\t\t\t\t\t<a href=\"https:\/\/forschung.fh-kaernten.at\/enable\/daniela-krainer-2\/\" title=\"Team-member page\">\n\t\t\t\t\t\t\t<img loading=\"lazy\" decoding=\"async\" width=\"683\" height=\"1024\" src=\"data:image\/gif;base64,R0lGODlhAQABAAAAACH5BAEKAAEALAAAAAABAAEAAAICTAEAOw==\" class=\"attachment-large size-large wp-image-7717 lazyload\" alt=\"\" sizes=\"(max-width: 683px) 100vw, 683px\" data-src=\"https:\/\/forschung.fh-kaernten.at\/enable\/files\/2025\/07\/Daniela-Krainer0001-683x1024.jpg\" data-srcset=\"https:\/\/forschung.fh-kaernten.at\/enable\/files\/2025\/07\/Daniela-Krainer0001-683x1024.jpg 683w, https:\/\/forschung.fh-kaernten.at\/enable\/files\/2025\/07\/Daniela-Krainer0001-200x300.jpg 200w, https:\/\/forschung.fh-kaernten.at\/enable\/files\/2025\/07\/Daniela-Krainer0001-768x1152.jpg 768w, https:\/\/forschung.fh-kaernten.at\/enable\/files\/2025\/07\/Daniela-Krainer0001-1024x1536.jpg 1024w, https:\/\/forschung.fh-kaernten.at\/enable\/files\/2025\/07\/Daniela-Krainer0001-1366x2048.jpg 1366w, https:\/\/forschung.fh-kaernten.at\/enable\/files\/2025\/07\/Daniela-Krainer0001-scaled.jpg 1707w\">\t\t\t\t\t\t\t\t<\/a>\n\t\t\t\t\t\t\t\t\t\t\t<figcaption class=\"widget-image-caption wp-caption-text\">Daniela Krainer<\/figcaption>\n\t\t\t\t\t\t\t\t\t\t<\/figure>\n\t\t\t\t\t\t\t\t\t<\/div>\n\t\t\t\t<\/div>\n\t\t\t\t<div class=\"elementor-element elementor-element-7869c1d elementor-widget elementor-widget-image\" data-id=\"7869c1d\" data-element_type=\"widget\" data-e-type=\"widget\" data-widget_type=\"image.default\">\n\t\t\t\t<div class=\"elementor-widget-container\">\n\t\t\t\t\t\t\t\t\t\t\t\t<figure class=\"wp-caption\">\n\t\t\t\t\t\t\t\t\t\t\t<a href=\"https:\/\/forschung.fh-kaernten.at\/enable\/sasha-fink\/\" title=\"Team-member page\">\n\t\t\t\t\t\t\t<img loading=\"lazy\" decoding=\"async\" width=\"683\" height=\"1024\" src=\"data:image\/gif;base64,R0lGODlhAQABAAAAACH5BAEKAAEALAAAAAABAAEAAAICTAEAOw==\" class=\"attachment-large size-large wp-image-7712 lazyload\" alt=\"\" sizes=\"(max-width: 683px) 100vw, 683px\" data-src=\"https:\/\/forschung.fh-kaernten.at\/enable\/files\/2025\/07\/Sascha-Fink--683x1024.jpg\" data-srcset=\"https:\/\/forschung.fh-kaernten.at\/enable\/files\/2025\/07\/Sascha-Fink--683x1024.jpg 683w, https:\/\/forschung.fh-kaernten.at\/enable\/files\/2025\/07\/Sascha-Fink--200x300.jpg 200w, https:\/\/forschung.fh-kaernten.at\/enable\/files\/2025\/07\/Sascha-Fink--768x1152.jpg 768w, https:\/\/forschung.fh-kaernten.at\/enable\/files\/2025\/07\/Sascha-Fink--1024x1536.jpg 1024w, https:\/\/forschung.fh-kaernten.at\/enable\/files\/2025\/07\/Sascha-Fink--1366x2048.jpg 1366w, https:\/\/forschung.fh-kaernten.at\/enable\/files\/2025\/07\/Sascha-Fink--scaled.jpg 1707w\">\t\t\t\t\t\t\t\t<\/a>\n\t\t\t\t\t\t\t\t\t\t\t<figcaption class=\"widget-image-caption wp-caption-text\">Sascha Fink<\/figcaption>\n\t\t\t\t\t\t\t\t\t\t<\/figure>\n\t\t\t\t\t\t\t\t\t<\/div>\n\t\t\t\t<\/div>\n\t\t\t\t\t<\/div>\n\t\t<\/div>\n\t\t\t\t<div class=\"elementor-column elementor-col-33 elementor-inner-column elementor-element elementor-element-0a4210d\" data-id=\"0a4210d\" data-element_type=\"column\" data-e-type=\"column\">\n\t\t\t<div class=\"elementor-widget-wrap elementor-element-populated\">\n\t\t\t\t\t\t<div class=\"elementor-element elementor-element-5c9594e elementor-widget elementor-widget-image\" data-id=\"5c9594e\" data-element_type=\"widget\" data-e-type=\"widget\" data-widget_type=\"image.default\">\n\t\t\t\t<div class=\"elementor-widget-container\">\n\t\t\t\t\t\t\t\t\t\t\t\t<figure class=\"wp-caption\">\n\t\t\t\t\t\t\t\t\t\t\t<a href=\"https:\/\/forschung.fh-kaernten.at\/enable\/lukas-wohofsky\/\" title=\"Team-member page\">\n\t\t\t\t\t\t\t<img loading=\"lazy\" decoding=\"async\" width=\"683\" height=\"1024\" src=\"data:image\/gif;base64,R0lGODlhAQABAAAAACH5BAEKAAEALAAAAAABAAEAAAICTAEAOw==\" class=\"attachment-large size-large wp-image-7714 lazyload\" alt=\"\" sizes=\"(max-width: 683px) 100vw, 683px\" data-src=\"https:\/\/forschung.fh-kaernten.at\/enable\/files\/2025\/07\/Lukas-Wohofsky--683x1024.jpg\" data-srcset=\"https:\/\/forschung.fh-kaernten.at\/enable\/files\/2025\/07\/Lukas-Wohofsky--683x1024.jpg 683w, https:\/\/forschung.fh-kaernten.at\/enable\/files\/2025\/07\/Lukas-Wohofsky--200x300.jpg 200w, https:\/\/forschung.fh-kaernten.at\/enable\/files\/2025\/07\/Lukas-Wohofsky--768x1152.jpg 768w, https:\/\/forschung.fh-kaernten.at\/enable\/files\/2025\/07\/Lukas-Wohofsky--1024x1536.jpg 1024w, https:\/\/forschung.fh-kaernten.at\/enable\/files\/2025\/07\/Lukas-Wohofsky--1366x2048.jpg 1366w, https:\/\/forschung.fh-kaernten.at\/enable\/files\/2025\/07\/Lukas-Wohofsky--scaled.jpg 1707w\">\t\t\t\t\t\t\t\t<\/a>\n\t\t\t\t\t\t\t\t\t\t\t<figcaption class=\"widget-image-caption wp-caption-text\">Lukas Wohofsky<\/figcaption>\n\t\t\t\t\t\t\t\t\t\t<\/figure>\n\t\t\t\t\t\t\t\t\t<\/div>\n\t\t\t\t<\/div>\n\t\t\t\t<div class=\"elementor-element elementor-element-ba4975a elementor-widget elementor-widget-image\" data-id=\"ba4975a\" data-element_type=\"widget\" data-e-type=\"widget\" data-widget_type=\"image.default\">\n\t\t\t\t<div class=\"elementor-widget-container\">\n\t\t\t\t\t\t\t\t\t\t\t\t<figure class=\"wp-caption\">\n\t\t\t\t\t\t\t\t\t\t\t<a href=\"https:\/\/forschung.fh-kaernten.at\/enable\/laura-nadine-kroll\/\" title=\"Team-member page\">\n\t\t\t\t\t\t\t<img loading=\"lazy\" decoding=\"async\" width=\"683\" height=\"1024\" src=\"data:image\/gif;base64,R0lGODlhAQABAAAAACH5BAEKAAEALAAAAAABAAEAAAICTAEAOw==\" class=\"attachment-large size-large wp-image-5755 lazyload\" alt=\"\" sizes=\"(max-width: 683px) 100vw, 683px\" data-src=\"https:\/\/forschung.fh-kaernten.at\/enable\/files\/2022\/11\/Lauro-Kroll-1-1-683x1024.jpg\" data-srcset=\"https:\/\/forschung.fh-kaernten.at\/enable\/files\/2022\/11\/Lauro-Kroll-1-1-683x1024.jpg 683w, https:\/\/forschung.fh-kaernten.at\/enable\/files\/2022\/11\/Lauro-Kroll-1-1-200x300.jpg 200w, https:\/\/forschung.fh-kaernten.at\/enable\/files\/2022\/11\/Lauro-Kroll-1-1-768x1152.jpg 768w, https:\/\/forschung.fh-kaernten.at\/enable\/files\/2022\/11\/Lauro-Kroll-1-1-1024x1536.jpg 1024w, https:\/\/forschung.fh-kaernten.at\/enable\/files\/2022\/11\/Lauro-Kroll-1-1-1366x2048.jpg 1366w, https:\/\/forschung.fh-kaernten.at\/enable\/files\/2022\/11\/Lauro-Kroll-1-1-1000x1499.jpg 1000w, https:\/\/forschung.fh-kaernten.at\/enable\/files\/2022\/11\/Lauro-Kroll-1-1-230x345.jpg 230w, https:\/\/forschung.fh-kaernten.at\/enable\/files\/2022\/11\/Lauro-Kroll-1-1-350x525.jpg 350w, https:\/\/forschung.fh-kaernten.at\/enable\/files\/2022\/11\/Lauro-Kroll-1-1-480x720.jpg 480w, https:\/\/forschung.fh-kaernten.at\/enable\/files\/2022\/11\/Lauro-Kroll-1-1-scaled.jpg 1707w\">\t\t\t\t\t\t\t\t<\/a>\n\t\t\t\t\t\t\t\t\t\t\t<figcaption class=\"widget-image-caption wp-caption-text\">Laura Kroll<\/figcaption>\n\t\t\t\t\t\t\t\t\t\t<\/figure>\n\t\t\t\t\t\t\t\t\t<\/div>\n\t\t\t\t<\/div>\n\t\t\t\t<div class=\"elementor-element elementor-element-96f79b0 elementor-widget elementor-widget-image\" data-id=\"96f79b0\" data-element_type=\"widget\" data-e-type=\"widget\" data-widget_type=\"image.default\">\n\t\t\t\t<div class=\"elementor-widget-container\">\n\t\t\t\t\t\t\t\t\t\t\t\t<figure class=\"wp-caption\">\n\t\t\t\t\t\t\t\t\t\t\t<a href=\"https:\/\/forschung.fh-kaernten.at\/enable\/anna-resch\/\" title=\"Team-member page\">\n\t\t\t\t\t\t\t<img loading=\"lazy\" decoding=\"async\" width=\"683\" height=\"1024\" src=\"data:image\/gif;base64,R0lGODlhAQABAAAAACH5BAEKAAEALAAAAAABAAEAAAICTAEAOw==\" class=\"attachment-large size-large wp-image-7704 lazyload\" alt=\"\" sizes=\"(max-width: 683px) 100vw, 683px\" data-src=\"https:\/\/forschung.fh-kaernten.at\/enable\/files\/2025\/07\/Anna-Resch-683x1024.jpg\" data-srcset=\"https:\/\/forschung.fh-kaernten.at\/enable\/files\/2025\/07\/Anna-Resch-683x1024.jpg 683w, https:\/\/forschung.fh-kaernten.at\/enable\/files\/2025\/07\/Anna-Resch-200x300.jpg 200w, https:\/\/forschung.fh-kaernten.at\/enable\/files\/2025\/07\/Anna-Resch-768x1152.jpg 768w, https:\/\/forschung.fh-kaernten.at\/enable\/files\/2025\/07\/Anna-Resch-1024x1536.jpg 1024w, https:\/\/forschung.fh-kaernten.at\/enable\/files\/2025\/07\/Anna-Resch-1366x2048.jpg 1366w, https:\/\/forschung.fh-kaernten.at\/enable\/files\/2025\/07\/Anna-Resch-scaled.jpg 1707w\">\t\t\t\t\t\t\t\t<\/a>\n\t\t\t\t\t\t\t\t\t\t\t<figcaption class=\"widget-image-caption wp-caption-text\">Anna Resch<\/figcaption>\n\t\t\t\t\t\t\t\t\t\t<\/figure>\n\t\t\t\t\t\t\t\t\t<\/div>\n\t\t\t\t<\/div>\n\t\t\t\t\t<\/div>\n\t\t<\/div>\n\t\t\t\t<div class=\"elementor-column elementor-col-33 elementor-inner-column elementor-element elementor-element-d57f1be\" data-id=\"d57f1be\" data-element_type=\"column\" data-e-type=\"column\">\n\t\t\t<div class=\"elementor-widget-wrap elementor-element-populated\">\n\t\t\t\t\t\t<div class=\"elementor-element elementor-element-d25510d elementor-widget elementor-widget-image\" data-id=\"d25510d\" data-element_type=\"widget\" data-e-type=\"widget\" data-widget_type=\"image.default\">\n\t\t\t\t<div class=\"elementor-widget-container\">\n\t\t\t\t\t\t\t\t\t\t\t\t<figure class=\"wp-caption\">\n\t\t\t\t\t\t\t\t\t\t\t<a href=\"https:\/\/forschung.fh-kaernten.at\/enable\/peter-schubert\/\" title=\"Team-member page\">\n\t\t\t\t\t\t\t<img loading=\"lazy\" decoding=\"async\" width=\"682\" height=\"1024\" src=\"data:image\/gif;base64,R0lGODlhAQABAAAAACH5BAEKAAEALAAAAAABAAEAAAICTAEAOw==\" class=\"attachment-large size-large wp-image-7051 lazyload\" alt=\"\" sizes=\"(max-width: 682px) 100vw, 682px\" data-src=\"https:\/\/forschung.fh-kaernten.at\/enable\/files\/2024\/04\/Peter-Schubert-01-682x1024.jpg\" data-srcset=\"https:\/\/forschung.fh-kaernten.at\/enable\/files\/2024\/04\/Peter-Schubert-01-682x1024.jpg 682w, https:\/\/forschung.fh-kaernten.at\/enable\/files\/2024\/04\/Peter-Schubert-01-200x300.jpg 200w, https:\/\/forschung.fh-kaernten.at\/enable\/files\/2024\/04\/Peter-Schubert-01-768x1154.jpg 768w, https:\/\/forschung.fh-kaernten.at\/enable\/files\/2024\/04\/Peter-Schubert-01-1022x1536.jpg 1022w, https:\/\/forschung.fh-kaernten.at\/enable\/files\/2024\/04\/Peter-Schubert-01-1363x2048.jpg 1363w, https:\/\/forschung.fh-kaernten.at\/enable\/files\/2024\/04\/Peter-Schubert-01-scaled.jpg 1704w\">\t\t\t\t\t\t\t\t<\/a>\n\t\t\t\t\t\t\t\t\t\t\t<figcaption class=\"widget-image-caption wp-caption-text\">Peter Schubert<\/figcaption>\n\t\t\t\t\t\t\t\t\t\t<\/figure>\n\t\t\t\t\t\t\t\t\t<\/div>\n\t\t\t\t<\/div>\n\t\t\t\t<div class=\"elementor-element elementor-element-f0d3d6a elementor-widget elementor-widget-image\" data-id=\"f0d3d6a\" data-element_type=\"widget\" data-e-type=\"widget\" data-widget_type=\"image.default\">\n\t\t\t\t<div class=\"elementor-widget-container\">\n\t\t\t\t\t\t\t\t\t\t\t\t<figure class=\"wp-caption\">\n\t\t\t\t\t\t\t\t\t\t\t<a href=\"https:\/\/forschung.fh-kaernten.at\/enable\/anna-theresa-mark\/\" title=\"Team-member page\">\n\t\t\t\t\t\t\t<img loading=\"lazy\" decoding=\"async\" width=\"683\" height=\"1024\" src=\"data:image\/gif;base64,R0lGODlhAQABAAAAACH5BAEKAAEALAAAAAABAAEAAAICTAEAOw==\" class=\"attachment-large size-large wp-image-7710 lazyload\" alt=\"\" sizes=\"(max-width: 683px) 100vw, 683px\" data-src=\"https:\/\/forschung.fh-kaernten.at\/enable\/files\/2025\/07\/Anna-Theresa-Mark--683x1024.jpg\" data-srcset=\"https:\/\/forschung.fh-kaernten.at\/enable\/files\/2025\/07\/Anna-Theresa-Mark--683x1024.jpg 683w, https:\/\/forschung.fh-kaernten.at\/enable\/files\/2025\/07\/Anna-Theresa-Mark--200x300.jpg 200w, https:\/\/forschung.fh-kaernten.at\/enable\/files\/2025\/07\/Anna-Theresa-Mark--768x1152.jpg 768w, https:\/\/forschung.fh-kaernten.at\/enable\/files\/2025\/07\/Anna-Theresa-Mark--1024x1536.jpg 1024w, https:\/\/forschung.fh-kaernten.at\/enable\/files\/2025\/07\/Anna-Theresa-Mark--1366x2048.jpg 1366w, https:\/\/forschung.fh-kaernten.at\/enable\/files\/2025\/07\/Anna-Theresa-Mark--scaled.jpg 1707w\">\t\t\t\t\t\t\t\t<\/a>\n\t\t\t\t\t\t\t\t\t\t\t<figcaption class=\"widget-image-caption wp-caption-text\">Anna-Theresa Mark<\/figcaption>\n\t\t\t\t\t\t\t\t\t\t<\/figure>\n\t\t\t\t\t\t\t\t\t<\/div>\n\t\t\t\t<\/div>\n\t\t\t\t\t<\/div>\n\t\t<\/div>\n\t\t\t\t\t<\/div>\n\t\t<\/section>\n\t\t\t\t<div class=\"elementor-element elementor-element-3a834ac elementor-widget elementor-widget-spacer\" data-id=\"3a834ac\" data-element_type=\"widget\" data-e-type=\"widget\" data-widget_type=\"spacer.default\">\n\t\t\t\t<div class=\"elementor-widget-container\">\n\t\t\t\t\t\t\t<div class=\"elementor-spacer\">\n\t\t\t<div class=\"elementor-spacer-inner\"><\/div>\n\t\t<\/div>\n\t\t\t\t\t\t<\/div>\n\t\t\t\t<\/div>\n\t\t\t\t\t<\/div>\n\t\t<\/div>\n\t\t\t\t\t<\/div>\n\t\t<\/section>\n\t\t\t\t<section class=\"elementor-section elementor-top-section elementor-element elementor-element-9ef285f elementor-section-boxed elementor-section-height-default elementor-section-height-default\" data-id=\"9ef285f\" data-element_type=\"section\" data-e-type=\"section\" data-settings=\"{&quot;background_background&quot;:&quot;classic&quot;}\">\n\t\t\t\t\t\t<div class=\"elementor-container elementor-column-gap-default\">\n\t\t\t\t\t<div class=\"elementor-column elementor-col-100 elementor-top-column elementor-element elementor-element-329fc51\" data-id=\"329fc51\" data-element_type=\"column\" data-e-type=\"column\">\n\t\t\t<div class=\"elementor-widget-wrap elementor-element-populated\">\n\t\t\t\t\t\t<div class=\"elementor-element elementor-element-65bc17d elementor-widget elementor-widget-spacer\" data-id=\"65bc17d\" data-element_type=\"widget\" data-e-type=\"widget\" data-widget_type=\"spacer.default\">\n\t\t\t\t<div class=\"elementor-widget-container\">\n\t\t\t\t\t\t\t<div class=\"elementor-spacer\">\n\t\t\t<div class=\"elementor-spacer-inner\"><\/div>\n\t\t<\/div>\n\t\t\t\t\t\t<\/div>\n\t\t\t\t<\/div>\n\t\t\t\t<div class=\"elementor-element elementor-element-d7ffff7 elementor-widget elementor-widget-menu-anchor\" data-id=\"d7ffff7\" data-element_type=\"widget\" data-e-type=\"widget\" data-widget_type=\"menu-anchor.default\">\n\t\t\t\t<div class=\"elementor-widget-container\">\n\t\t\t\t\t\t\t<div class=\"elementor-menu-anchor\" id=\"contact\"><\/div>\n\t\t\t\t\t\t<\/div>\n\t\t\t\t<\/div>\n\t\t\t\t<div class=\"elementor-element elementor-element-b5eb641 elementor-widget elementor-widget-heading\" data-id=\"b5eb641\" data-element_type=\"widget\" data-e-type=\"widget\" data-widget_type=\"heading.default\">\n\t\t\t\t<div class=\"elementor-widget-container\">\n\t\t\t\t\t<h1 class=\"elementor-heading-title elementor-size-default\">Kontakt<\/h1>\t\t\t\t<\/div>\n\t\t\t\t<\/div>\n\t\t\t\t<div class=\"elementor-element elementor-element-0df74e9 elementor-widget elementor-widget-spacer\" data-id=\"0df74e9\" data-element_type=\"widget\" data-e-type=\"widget\" data-widget_type=\"spacer.default\">\n\t\t\t\t<div class=\"elementor-widget-container\">\n\t\t\t\t\t\t\t<div class=\"elementor-spacer\">\n\t\t\t<div class=\"elementor-spacer-inner\"><\/div>\n\t\t<\/div>\n\t\t\t\t\t\t<\/div>\n\t\t\t\t<\/div>\n\t\t\t\t<section class=\"elementor-section elementor-inner-section elementor-element elementor-element-de5b2cc elementor-section-boxed elementor-section-height-default elementor-section-height-default\" data-id=\"de5b2cc\" data-element_type=\"section\" data-e-type=\"section\">\n\t\t\t\t\t\t<div class=\"elementor-container elementor-column-gap-default\">\n\t\t\t\t\t<div class=\"elementor-column elementor-col-50 elementor-inner-column elementor-element elementor-element-2ac904d\" data-id=\"2ac904d\" data-element_type=\"column\" data-e-type=\"column\">\n\t\t\t<div class=\"elementor-widget-wrap elementor-element-populated\">\n\t\t\t\t\t\t<div class=\"elementor-element elementor-element-ef4b1ed elementor-widget elementor-widget-text-editor\" data-id=\"ef4b1ed\" data-element_type=\"widget\" data-e-type=\"widget\" data-widget_type=\"text-editor.default\">\n\t\t\t\t<div class=\"elementor-widget-container\">\n\t\t\t\t\t\t\t\t\t<p><strong><span style=\"font-size: 14pt\">Dipl.-Ing.<sup>in<\/sup> Daniela Krainer<\/span><br \/><\/strong><\/p><p>Senior Researcher und Lektorin<br \/>Forschungsgruppenleiterin ENABLE<\/p><p><a href=\"mailto:enable@fh-kaernten.at\" target=\"_blank\" rel=\"noopener\">enable@fh-kaernten.at<\/a><\/p><p>FH K\u00e4rnten gemeinn\u00fctzige Gesellschaft mbH<br \/>Primoschgasse 8-10<br \/>9020 Klagenfurt<\/p>\t\t\t\t\t\t\t\t<\/div>\n\t\t\t\t<\/div>\n\t\t\t\t\t<\/div>\n\t\t<\/div>\n\t\t\t\t<div class=\"elementor-column elementor-col-50 elementor-inner-column elementor-element elementor-element-261dc76\" data-id=\"261dc76\" data-element_type=\"column\" data-e-type=\"column\">\n\t\t\t<div class=\"elementor-widget-wrap elementor-element-populated\">\n\t\t\t\t\t\t<div class=\"elementor-element elementor-element-557740b elementor-widget elementor-widget-text-editor\" data-id=\"557740b\" data-element_type=\"widget\" data-e-type=\"widget\" data-widget_type=\"text-editor.default\">\n\t\t\t\t<div class=\"elementor-widget-container\">\n\t\t\t\t\t\t\t\t\t<p><strong><span style=\"font-size: 14pt\">Lukas Wohofsky, BSc MSc<\/span><\/strong><\/p><p>Senior Researcher und Lektor<br \/>Forschungsgruppenleiter ENABLE<\/p><p><a href=\"mailto:enable@fh-kaernten.at\" target=\"_blank\" rel=\"noopener\">enable@fh-kaernten.at<\/a><\/p><p>FH K\u00e4rnten gemeinn\u00fctzige Gesellschaft mbH<br \/>St. Veiterstra\u00dfe 47<br \/>9020 Klagenfurt, Austria<\/p><p>\u00a0<\/p>\t\t\t\t\t\t\t\t<\/div>\n\t\t\t\t<\/div>\n\t\t\t\t\t<\/div>\n\t\t<\/div>\n\t\t\t\t\t<\/div>\n\t\t<\/section>\n\t\t\t\t\t<\/div>\n\t\t<\/div>\n\t\t\t\t\t<\/div>\n\t\t<\/section>\n\t\t\t\t<section class=\"elementor-section elementor-top-section elementor-element elementor-element-e0df180 elementor-section-boxed elementor-section-height-default elementor-section-height-default\" data-id=\"e0df180\" data-element_type=\"section\" data-e-type=\"section\">\n\t\t\t\t\t\t<div class=\"elementor-container elementor-column-gap-default\">\n\t\t\t\t\t<div class=\"elementor-column elementor-col-100 elementor-top-column elementor-element elementor-element-719d29d\" data-id=\"719d29d\" data-element_type=\"column\" data-e-type=\"column\">\n\t\t\t<div class=\"elementor-widget-wrap elementor-element-populated\">\n\t\t\t\t\t\t<div class=\"elementor-element elementor-element-5adb2f5 elementor-widget elementor-widget-spacer\" data-id=\"5adb2f5\" data-element_type=\"widget\" data-e-type=\"widget\" data-widget_type=\"spacer.default\">\n\t\t\t\t<div class=\"elementor-widget-container\">\n\t\t\t\t\t\t\t<div class=\"elementor-spacer\">\n\t\t\t<div class=\"elementor-spacer-inner\"><\/div>\n\t\t<\/div>\n\t\t\t\t\t\t<\/div>\n\t\t\t\t<\/div>\n\t\t\t\t\t<\/div>\n\t\t<\/div>\n\t\t\t\t\t<\/div>\n\t\t<\/section>\n\t\t\t\t<section class=\"elementor-section elementor-top-section elementor-element elementor-element-a8a2634 elementor-section-boxed elementor-section-height-default elementor-section-height-default\" data-id=\"a8a2634\" data-element_type=\"section\" data-e-type=\"section\">\n\t\t\t\t\t\t<div class=\"elementor-container elementor-column-gap-default\">\n\t\t\t\t\t<div class=\"elementor-column elementor-col-100 elementor-top-column elementor-element elementor-element-51e53bf\" data-id=\"51e53bf\" data-element_type=\"column\" data-e-type=\"column\">\n\t\t\t<div class=\"elementor-widget-wrap\">\n\t\t\t\t\t\t\t<\/div>\n\t\t<\/div>\n\t\t\t\t\t<\/div>\n\t\t<\/section>\n\t\t\t\t<\/div>\n\t\t","protected":false},"excerpt":{"rendered":"<p>Willkommen bei ENABLE unserer Forschungsgruppe f\u00fcr Gesundheit, Pflege und Inklusion. Wir konzentrieren uns auf zwei zentrale Lebensbereiche, die fast alle Menschen betreffen: Gesundheit und Inklusion. Wenn einer dieser Bereiche gef\u00e4hrdet ist, kann dies die Lebensqualit\u00e4t, Selbstst\u00e4ndigkeit und Handlungsf\u00e4higkeit erheblich beeintr\u00e4chtigen. Unsere Arbeit zielt darauf ab, diesen Herausforderungen durch innovative Ans\u00e4tze zu begegnen und L\u00f6sungen zu&hellip;&nbsp;<a href=\"https:\/\/forschung.fh-kaernten.at\/enable\/\" rel=\"bookmark\">Weiterlesen &raquo;<span class=\"screen-reader-text\">Willkommen bei der Forschungsgruppe ENABLE<\/span><\/a><\/p>\n","protected":false},"author":236,"featured_media":0,"parent":0,"menu_order":0,"comment_status":"closed","ping_status":"closed","template":"elementor_header_footer","meta":{"_crdt_document":"","inline_featured_image":false,"neve_meta_sidebar":"","neve_meta_container":"","neve_meta_enable_content_width":"","neve_meta_content_width":0,"neve_meta_title_alignment":"","neve_meta_author_avatar":"","neve_post_elements_order":"","neve_meta_disable_header":"","neve_meta_disable_footer":"","neve_meta_disable_title":"","ngg_post_thumbnail":0,"footnotes":""},"class_list":["post-6481","page","type-page","status-publish","hentry"],"_links":{"self":[{"href":"https:\/\/forschung.fh-kaernten.at\/enable\/wp-json\/wp\/v2\/pages\/6481","targetHints":{"allow":["GET"]}}],"collection":[{"href":"https:\/\/forschung.fh-kaernten.at\/enable\/wp-json\/wp\/v2\/pages"}],"about":[{"href":"https:\/\/forschung.fh-kaernten.at\/enable\/wp-json\/wp\/v2\/types\/page"}],"author":[{"embeddable":true,"href":"https:\/\/forschung.fh-kaernten.at\/enable\/wp-json\/wp\/v2\/users\/236"}],"replies":[{"embeddable":true,"href":"https:\/\/forschung.fh-kaernten.at\/enable\/wp-json\/wp\/v2\/comments?post=6481"}],"version-history":[{"count":5,"href":"https:\/\/forschung.fh-kaernten.at\/enable\/wp-json\/wp\/v2\/pages\/6481\/revisions"}],"predecessor-version":[{"id":7906,"href":"https:\/\/forschung.fh-kaernten.at\/enable\/wp-json\/wp\/v2\/pages\/6481\/revisions\/7906"}],"wp:attachment":[{"href":"https:\/\/forschung.fh-kaernten.at\/enable\/wp-json\/wp\/v2\/media?parent=6481"}],"curies":[{"name":"wp","href":"https:\/\/api.w.org\/{rel}","templated":true}]}}