{"id":7460,"date":"2024-06-27T13:59:11","date_gmt":"2024-06-27T11:59:11","guid":{"rendered":"https:\/\/forschung.fh-kaernten.at\/enable\/?page_id=7460"},"modified":"2024-06-27T14:20:39","modified_gmt":"2024-06-27T12:20:39","slug":"ueber-uns","status":"publish","type":"page","link":"https:\/\/forschung.fh-kaernten.at\/enable\/ueber-uns\/","title":{"rendered":"\u00dcber Uns"},"content":{"rendered":"\t\t<div data-elementor-type=\"wp-page\" data-elementor-id=\"7460\" class=\"elementor elementor-7460\" data-elementor-post-type=\"page\">\n\t\t\t\t\t\t<section class=\"elementor-section elementor-top-section elementor-element elementor-element-a11a098 elementor-section-boxed elementor-section-height-default elementor-section-height-default\" data-id=\"a11a098\" data-element_type=\"section\" data-e-type=\"section\">\n\t\t\t\t\t\t<div class=\"elementor-container elementor-column-gap-default\">\n\t\t\t\t\t<div class=\"elementor-column elementor-col-100 elementor-top-column elementor-element elementor-element-ec5e7eb\" data-id=\"ec5e7eb\" data-element_type=\"column\" data-e-type=\"column\">\n\t\t\t<div class=\"elementor-widget-wrap elementor-element-populated\">\n\t\t\t\t\t\t<div class=\"elementor-element elementor-element-998aac1 elementor-widget elementor-widget-heading\" data-id=\"998aac1\" data-element_type=\"widget\" data-e-type=\"widget\" data-widget_type=\"heading.default\">\n\t\t\t\t<div class=\"elementor-widget-container\">\n\t\t\t\t\t<h1 class=\"elementor-heading-title elementor-size-default\">\u00dcber uns<\/h1>\t\t\t\t<\/div>\n\t\t\t\t<\/div>\n\t\t\t\t<div class=\"elementor-element elementor-element-50382c9 elementor-widget elementor-widget-text-editor\" data-id=\"50382c9\" data-element_type=\"widget\" data-e-type=\"widget\" data-widget_type=\"text-editor.default\">\n\t\t\t\t<div class=\"elementor-widget-container\">\n\t\t\t\t\t\t\t\t\t<p>In unserer Forschungsgruppe <strong>ENABLE<\/strong> f\u00fcr Gesundheit, Pflege und Inklusion konzentrieren wir uns auf zwei zentrale Lebensbereiche, die fast alle Menschen betreffen: Gesundheit und Inklusion. Wenn einer dieser Bereiche gef\u00e4hrdet ist, kann dies die Lebensqualit\u00e4t, Selbstst\u00e4ndigkeit und Handlungsf\u00e4higkeit erheblich beeintr\u00e4chtigen. Unsere Arbeit zielt darauf ab, diesen Herausforderungen durch innovative Ans\u00e4tze zu begegnen und L\u00f6sungen zu entwickeln, die direkt im Alltag der Menschen wirksam sind.<\/p>\t\t\t\t\t\t\t\t<\/div>\n\t\t\t\t<\/div>\n\t\t\t\t\t<\/div>\n\t\t<\/div>\n\t\t\t\t\t<\/div>\n\t\t<\/section>\n\t\t\t\t<section class=\"elementor-section elementor-top-section elementor-element elementor-element-d9d5dc0 elementor-section-boxed elementor-section-height-default elementor-section-height-default\" data-id=\"d9d5dc0\" data-element_type=\"section\" data-e-type=\"section\">\n\t\t\t\t\t\t<div class=\"elementor-container elementor-column-gap-default\">\n\t\t\t\t\t<div class=\"elementor-column elementor-col-50 elementor-top-column elementor-element elementor-element-677371d\" data-id=\"677371d\" data-element_type=\"column\" data-e-type=\"column\">\n\t\t\t<div class=\"elementor-widget-wrap elementor-element-populated\">\n\t\t\t\t\t\t<div class=\"elementor-element elementor-element-6223dfa elementor-widget elementor-widget-image\" data-id=\"6223dfa\" data-element_type=\"widget\" data-e-type=\"widget\" data-widget_type=\"image.default\">\n\t\t\t\t<div class=\"elementor-widget-container\">\n\t\t\t\t\t\t\t\t\t\t\t\t\t\t\t<img fetchpriority=\"high\" decoding=\"async\" width=\"405\" height=\"310\" src=\"data:image\/gif;base64,R0lGODlhAQABAAAAACH5BAEKAAEALAAAAAABAAEAAAICTAEAOw==\" class=\"attachment-full size-full wp-image-7462 lazyload\" alt=\"\" sizes=\"(max-width: 405px) 100vw, 405px\" data-src=\"https:\/\/forschung.fh-kaernten.at\/enable\/files\/2024\/06\/Bild1-1.png\" data-srcset=\"https:\/\/forschung.fh-kaernten.at\/enable\/files\/2024\/06\/Bild1-1.png 405w, https:\/\/forschung.fh-kaernten.at\/enable\/files\/2024\/06\/Bild1-1-300x230.png 300w\">\t\t\t\t\t\t\t\t\t\t\t\t\t\t\t<\/div>\n\t\t\t\t<\/div>\n\t\t\t\t\t<\/div>\n\t\t<\/div>\n\t\t\t\t<div class=\"elementor-column elementor-col-50 elementor-top-column elementor-element elementor-element-9943df2\" data-id=\"9943df2\" data-element_type=\"column\" data-e-type=\"column\">\n\t\t\t<div class=\"elementor-widget-wrap elementor-element-populated\">\n\t\t\t\t\t\t<div class=\"elementor-element elementor-element-4ee5dd1 elementor-widget elementor-widget-heading\" data-id=\"4ee5dd1\" data-element_type=\"widget\" data-e-type=\"widget\" data-widget_type=\"heading.default\">\n\t\t\t\t<div class=\"elementor-widget-container\">\n\t\t\t\t\t<h4 class=\"elementor-heading-title elementor-size-default\">Schwerpunkte:<\/h4>\t\t\t\t<\/div>\n\t\t\t\t<\/div>\n\t\t\t\t<div class=\"elementor-element elementor-element-cecc27c elementor-widget elementor-widget-text-editor\" data-id=\"cecc27c\" data-element_type=\"widget\" data-e-type=\"widget\" data-widget_type=\"text-editor.default\">\n\t\t\t\t<div class=\"elementor-widget-container\">\n\t\t\t\t\t\t\t\t\t<ul><li>Gesundheitsf\u00f6rderung<\/li><li>Alltagsunterst\u00fctzung<\/li><li>Digitalisierung im Gesundheitswesen<\/li><li>Therapie<\/li><li>Pflege und Betreuung<\/li><li>Bewegungsanalyse<\/li><li>Ethische Fragestellungen<\/li><li>Umwelt und Nachhaltigkeit<\/li><\/ul>\t\t\t\t\t\t\t\t<\/div>\n\t\t\t\t<\/div>\n\t\t\t\t\t<\/div>\n\t\t<\/div>\n\t\t\t\t\t<\/div>\n\t\t<\/section>\n\t\t\t\t<section class=\"elementor-section elementor-top-section elementor-element elementor-element-a5b6aa8 elementor-section-boxed elementor-section-height-default elementor-section-height-default\" data-id=\"a5b6aa8\" data-element_type=\"section\" data-e-type=\"section\" data-settings=\"{&quot;background_background&quot;:&quot;classic&quot;}\">\n\t\t\t\t\t\t<div class=\"elementor-container elementor-column-gap-default\">\n\t\t\t\t\t<div class=\"elementor-column elementor-col-100 elementor-top-column elementor-element elementor-element-597049e\" data-id=\"597049e\" data-element_type=\"column\" data-e-type=\"column\">\n\t\t\t<div class=\"elementor-widget-wrap elementor-element-populated\">\n\t\t\t\t\t\t<div class=\"elementor-element elementor-element-3a5a231 elementor-widget elementor-widget-spacer\" data-id=\"3a5a231\" data-element_type=\"widget\" data-e-type=\"widget\" data-widget_type=\"spacer.default\">\n\t\t\t\t<div class=\"elementor-widget-container\">\n\t\t\t\t\t\t\t<div class=\"elementor-spacer\">\n\t\t\t<div class=\"elementor-spacer-inner\"><\/div>\n\t\t<\/div>\n\t\t\t\t\t\t<\/div>\n\t\t\t\t<\/div>\n\t\t\t\t\t<\/div>\n\t\t<\/div>\n\t\t\t\t\t<\/div>\n\t\t<\/section>\n\t\t\t\t<section class=\"elementor-section elementor-top-section elementor-element elementor-element-3c0e0ed elementor-section-boxed elementor-section-height-default elementor-section-height-default\" data-id=\"3c0e0ed\" data-element_type=\"section\" data-e-type=\"section\" data-settings=\"{&quot;background_background&quot;:&quot;classic&quot;}\">\n\t\t\t\t\t\t<div class=\"elementor-container elementor-column-gap-default\">\n\t\t\t\t\t<div class=\"elementor-column elementor-col-100 elementor-top-column elementor-element elementor-element-8c2cb31\" data-id=\"8c2cb31\" data-element_type=\"column\" data-e-type=\"column\">\n\t\t\t<div class=\"elementor-widget-wrap elementor-element-populated\">\n\t\t\t\t\t\t<div class=\"elementor-element elementor-element-bfc01be elementor-widget elementor-widget-spacer\" data-id=\"bfc01be\" data-element_type=\"widget\" data-e-type=\"widget\" data-widget_type=\"spacer.default\">\n\t\t\t\t<div class=\"elementor-widget-container\">\n\t\t\t\t\t\t\t<div class=\"elementor-spacer\">\n\t\t\t<div class=\"elementor-spacer-inner\"><\/div>\n\t\t<\/div>\n\t\t\t\t\t\t<\/div>\n\t\t\t\t<\/div>\n\t\t\t\t\t<\/div>\n\t\t<\/div>\n\t\t\t\t\t<\/div>\n\t\t<\/section>\n\t\t\t\t<section class=\"elementor-section elementor-top-section elementor-element elementor-element-08bf9b9 elementor-section-boxed elementor-section-height-default elementor-section-height-default\" data-id=\"08bf9b9\" data-element_type=\"section\" data-e-type=\"section\" data-settings=\"{&quot;background_background&quot;:&quot;classic&quot;}\">\n\t\t\t\t\t\t<div class=\"elementor-container elementor-column-gap-default\">\n\t\t\t\t\t<div class=\"elementor-column elementor-col-50 elementor-top-column elementor-element elementor-element-6c6423b\" data-id=\"6c6423b\" data-element_type=\"column\" data-e-type=\"column\">\n\t\t\t<div class=\"elementor-widget-wrap elementor-element-populated\">\n\t\t\t\t\t\t<div class=\"elementor-element elementor-element-9fed0bf elementor-widget elementor-widget-heading\" data-id=\"9fed0bf\" data-element_type=\"widget\" data-e-type=\"widget\" data-widget_type=\"heading.default\">\n\t\t\t\t<div class=\"elementor-widget-container\">\n\t\t\t\t\t<h4 class=\"elementor-heading-title elementor-size-default\">Methoden:<\/h4>\t\t\t\t<\/div>\n\t\t\t\t<\/div>\n\t\t\t\t<div class=\"elementor-element elementor-element-8c4fb14 elementor-widget elementor-widget-text-editor\" data-id=\"8c4fb14\" data-element_type=\"widget\" data-e-type=\"widget\" data-widget_type=\"text-editor.default\">\n\t\t\t\t<div class=\"elementor-widget-container\">\n\t\t\t\t\t\t\t\t\t<p>Unsere Forschungsgruppe zeichnet sich durch eine transdisziplin\u00e4re Zusammenarbeit aus, bei der ein Kernteam aus verschiedenen Disziplinen gemeinsam an gesellschaftlich relevanten Fragestellungen in den Bereichen Gesundheit, Pflege und Inklusion arbeitet. Wir setzen auf partizipative Forschung oder verfolgen einen Open Innovation in Science Ansatz, um praxisnahe L\u00f6sungen zu entwickeln. Durch enge Zusammenarbeit mit betroffenen und beteiligten Personen erzielen wir einen direkten gesellschaftlichen Impact. Mit multiperspektivischen Evaluationen \u2013 wie Wirkungsanalyse, Lebensqualit\u00e4t, Akzeptanz und User Experience \u2013 stellen wir sicher, dass unsere Innovationen alltagstauglich und integrativ sind<\/p>\t\t\t\t\t\t\t\t<\/div>\n\t\t\t\t<\/div>\n\t\t\t\t\t<\/div>\n\t\t<\/div>\n\t\t\t\t<div class=\"elementor-column elementor-col-50 elementor-top-column elementor-element elementor-element-9ec2636\" data-id=\"9ec2636\" data-element_type=\"column\" data-e-type=\"column\">\n\t\t\t<div class=\"elementor-widget-wrap elementor-element-populated\">\n\t\t\t\t\t\t<div class=\"elementor-element elementor-element-8a2455d elementor-widget elementor-widget-image\" data-id=\"8a2455d\" data-element_type=\"widget\" data-e-type=\"widget\" data-widget_type=\"image.default\">\n\t\t\t\t<div class=\"elementor-widget-container\">\n\t\t\t\t\t\t\t\t\t\t\t\t\t\t\t<img decoding=\"async\" width=\"1280\" height=\"720\" src=\"data:image\/gif;base64,R0lGODlhAQABAAAAACH5BAEKAAEALAAAAAABAAEAAAICTAEAOw==\" class=\"attachment-full size-full wp-image-3872 lazyload\" alt=\"The Human Centered Design process according to DIN EN ISO-Norm 9241-210. A diagram with the user in the center. Around it the serval steps of the human centered design process in a circle, one leading to another. The process is iterative and only ends once a sufficiently good enough result is reached.\" sizes=\"(max-width: 1280px) 100vw, 1280px\" data-src=\"https:\/\/forschung.fh-kaernten.at\/enable\/files\/2021\/03\/Slide40.png\" data-srcset=\"https:\/\/forschung.fh-kaernten.at\/enable\/files\/2021\/03\/Slide40.png 1280w, https:\/\/forschung.fh-kaernten.at\/enable\/files\/2021\/03\/Slide40-300x169.png 300w, https:\/\/forschung.fh-kaernten.at\/enable\/files\/2021\/03\/Slide40-1024x576.png 1024w, https:\/\/forschung.fh-kaernten.at\/enable\/files\/2021\/03\/Slide40-768x432.png 768w, https:\/\/forschung.fh-kaernten.at\/enable\/files\/2021\/03\/Slide40-830x467.png 830w, https:\/\/forschung.fh-kaernten.at\/enable\/files\/2021\/03\/Slide40-230x129.png 230w, https:\/\/forschung.fh-kaernten.at\/enable\/files\/2021\/03\/Slide40-350x197.png 350w, https:\/\/forschung.fh-kaernten.at\/enable\/files\/2021\/03\/Slide40-480x270.png 480w\">\t\t\t\t\t\t\t\t\t\t\t\t\t\t\t<\/div>\n\t\t\t\t<\/div>\n\t\t\t\t\t<\/div>\n\t\t<\/div>\n\t\t\t\t\t<\/div>\n\t\t<\/section>\n\t\t\t\t<section class=\"elementor-section elementor-top-section elementor-element elementor-element-4f993ae elementor-section-boxed elementor-section-height-default elementor-section-height-default\" data-id=\"4f993ae\" data-element_type=\"section\" data-e-type=\"section\">\n\t\t\t\t\t\t<div class=\"elementor-container elementor-column-gap-default\">\n\t\t\t\t\t<div class=\"elementor-column elementor-col-100 elementor-top-column elementor-element elementor-element-9880794\" data-id=\"9880794\" data-element_type=\"column\" data-e-type=\"column\">\n\t\t\t<div class=\"elementor-widget-wrap elementor-element-populated\">\n\t\t\t\t\t\t<div class=\"elementor-element elementor-element-abf6213 elementor-widget elementor-widget-spacer\" data-id=\"abf6213\" data-element_type=\"widget\" data-e-type=\"widget\" data-widget_type=\"spacer.default\">\n\t\t\t\t<div class=\"elementor-widget-container\">\n\t\t\t\t\t\t\t<div class=\"elementor-spacer\">\n\t\t\t<div class=\"elementor-spacer-inner\"><\/div>\n\t\t<\/div>\n\t\t\t\t\t\t<\/div>\n\t\t\t\t<\/div>\n\t\t\t\t<div class=\"elementor-element elementor-element-e88baf4 elementor-widget elementor-widget-heading\" data-id=\"e88baf4\" data-element_type=\"widget\" data-e-type=\"widget\" data-widget_type=\"heading.default\">\n\t\t\t\t<div class=\"elementor-widget-container\">\n\t\t\t\t\t<h4 class=\"elementor-heading-title elementor-size-default\"><p style=\"line-height: 107%;margin-top: 0pt;margin-bottom: 8pt;margin-left: 0in;direction: ltr\"><u><span style=\"font-size:18.0pt;font-family:Calibri;color:black\">Ergebnisse:<\/span><\/u><\/p><\/h4>\t\t\t\t<\/div>\n\t\t\t\t<\/div>\n\t\t\t\t<div class=\"elementor-element elementor-element-7bc85b3 elementor-widget elementor-widget-text-editor\" data-id=\"7bc85b3\" data-element_type=\"widget\" data-e-type=\"widget\" data-widget_type=\"text-editor.default\">\n\t\t\t\t<div class=\"elementor-widget-container\">\n\t\t\t\t\t\t\t\t\t<p>Mittelpunkt unserer Arbeit ist es Menschen zu erm\u00f6glichen, ihren Alltag besser zu gestalten. Wir entwickeln und evaluieren soziale Innovationen, die die Lebensqualit\u00e4t verbessern \u2013 sowohl individuell als auch kollektiv. Unsere Forschungsergebnisse basieren auf umfassenden Evaluierungen von Dienstleistungen und Produkten sowie auf Erkenntnissen aus den Entwicklungsprozessen selbst. Ziel ist es, effektive L\u00f6sungen zu finden, die von den Zielgruppen akzeptiert und nachhaltig im Alltag verankert werden k\u00f6nnen. Bei ENABLE setzen wir auf offene Innovationsprozesse, um soziale Innovationen gemeinsam mit den betroffenen Personen zu entwickeln. Diese Art der Forschung verbessert unsere methodischen Ans\u00e4tze und Prozesse dadurch kontinuierlich.<\/p>\t\t\t\t\t\t\t\t<\/div>\n\t\t\t\t<\/div>\n\t\t\t\t\t<\/div>\n\t\t<\/div>\n\t\t\t\t\t<\/div>\n\t\t<\/section>\n\t\t\t\t<section class=\"elementor-section elementor-top-section elementor-element elementor-element-9681fb5 elementor-section-boxed elementor-section-height-default elementor-section-height-default\" data-id=\"9681fb5\" data-element_type=\"section\" data-e-type=\"section\">\n\t\t\t\t\t\t<div class=\"elementor-container elementor-column-gap-default\">\n\t\t\t\t\t<div class=\"elementor-column elementor-col-100 elementor-top-column elementor-element elementor-element-cdae3be\" data-id=\"cdae3be\" data-element_type=\"column\" data-e-type=\"column\">\n\t\t\t<div class=\"elementor-widget-wrap elementor-element-populated\">\n\t\t\t\t\t\t<div class=\"elementor-element elementor-element-445a6b1 elementor-widget elementor-widget-spacer\" data-id=\"445a6b1\" data-element_type=\"widget\" data-e-type=\"widget\" data-widget_type=\"spacer.default\">\n\t\t\t\t<div class=\"elementor-widget-container\">\n\t\t\t\t\t\t\t<div class=\"elementor-spacer\">\n\t\t\t<div class=\"elementor-spacer-inner\"><\/div>\n\t\t<\/div>\n\t\t\t\t\t\t<\/div>\n\t\t\t\t<\/div>\n\t\t\t\t\t<\/div>\n\t\t<\/div>\n\t\t\t\t\t<\/div>\n\t\t<\/section>\n\t\t\t\t<\/div>\n\t\t","protected":false},"excerpt":{"rendered":"<p>\u00dcber uns In unserer Forschungsgruppe ENABLE f\u00fcr Gesundheit, Pflege und Inklusion konzentrieren wir uns auf zwei zentrale Lebensbereiche, die fast alle Menschen betreffen: Gesundheit und Inklusion. Wenn einer dieser Bereiche gef\u00e4hrdet ist, kann dies die Lebensqualit\u00e4t, Selbstst\u00e4ndigkeit und Handlungsf\u00e4higkeit erheblich beeintr\u00e4chtigen. Unsere Arbeit zielt darauf ab, diesen Herausforderungen durch innovative Ans\u00e4tze zu begegnen und L\u00f6sungen&hellip;&nbsp;<a href=\"https:\/\/forschung.fh-kaernten.at\/enable\/ueber-uns\/\" rel=\"bookmark\">Weiterlesen &raquo;<span class=\"screen-reader-text\">\u00dcber Uns<\/span><\/a><\/p>\n","protected":false},"author":236,"featured_media":0,"parent":0,"menu_order":0,"comment_status":"closed","ping_status":"closed","template":"page-templates\/template-pagebuilder-full-width.php","meta":{"_crdt_document":"","inline_featured_image":false,"neve_meta_sidebar":"","neve_meta_container":"","neve_meta_enable_content_width":"","neve_meta_content_width":0,"neve_meta_title_alignment":"","neve_meta_author_avatar":"","neve_post_elements_order":"","neve_meta_disable_header":"","neve_meta_disable_footer":"","neve_meta_disable_title":"","ngg_post_thumbnail":0,"footnotes":""},"class_list":["post-7460","page","type-page","status-publish","hentry"],"_links":{"self":[{"href":"https:\/\/forschung.fh-kaernten.at\/enable\/wp-json\/wp\/v2\/pages\/7460","targetHints":{"allow":["GET"]}}],"collection":[{"href":"https:\/\/forschung.fh-kaernten.at\/enable\/wp-json\/wp\/v2\/pages"}],"about":[{"href":"https:\/\/forschung.fh-kaernten.at\/enable\/wp-json\/wp\/v2\/types\/page"}],"author":[{"embeddable":true,"href":"https:\/\/forschung.fh-kaernten.at\/enable\/wp-json\/wp\/v2\/users\/236"}],"replies":[{"embeddable":true,"href":"https:\/\/forschung.fh-kaernten.at\/enable\/wp-json\/wp\/v2\/comments?post=7460"}],"version-history":[{"count":0,"href":"https:\/\/forschung.fh-kaernten.at\/enable\/wp-json\/wp\/v2\/pages\/7460\/revisions"}],"wp:attachment":[{"href":"https:\/\/forschung.fh-kaernten.at\/enable\/wp-json\/wp\/v2\/media?parent=7460"}],"curies":[{"name":"wp","href":"https:\/\/api.w.org\/{rel}","templated":true}]}}