{"id":143,"date":"2020-06-08T08:12:05","date_gmt":"2020-06-08T06:12:05","guid":{"rendered":"https:\/\/forschung.fh-kaernten.at\/oupl\/?page_id=143"},"modified":"2026-02-11T10:12:18","modified_gmt":"2026-02-11T09:12:18","slug":"willkommen-bei-den-online-pocket-labs","status":"publish","type":"page","link":"https:\/\/forschung.fh-kaernten.at\/mylab\/","title":{"rendered":"Willkommen bei myLab \u2014 Personalized Laboratory Training"},"content":{"rendered":"\t\t<div data-elementor-type=\"wp-page\" data-elementor-id=\"143\" class=\"elementor elementor-143\">\n\t\t\t\t\t\t<section class=\"elementor-section elementor-top-section elementor-element elementor-element-52017f7 elementor-section-boxed elementor-section-height-default elementor-section-height-default\" data-id=\"52017f7\" data-element_type=\"section\" data-e-type=\"section\">\n\t\t\t\t\t\t<div class=\"elementor-container elementor-column-gap-default\">\n\t\t\t\t\t<div class=\"elementor-column elementor-col-100 elementor-top-column elementor-element elementor-element-a4ab4f9\" data-id=\"a4ab4f9\" data-element_type=\"column\" data-e-type=\"column\">\n\t\t\t<div class=\"elementor-widget-wrap elementor-element-populated\">\n\t\t\t\t\t\t<div class=\"elementor-element elementor-element-7a60111 elementor-widget elementor-widget-heading\" data-id=\"7a60111\" data-element_type=\"widget\" data-e-type=\"widget\" id=\"ueber\" data-widget_type=\"heading.default\">\n\t\t\t\t<div class=\"elementor-widget-container\">\n\t\t\t\t\t<h2 class=\"elementor-heading-title elementor-size-default\">\u00dcber uns<\/h2>\t\t\t\t<\/div>\n\t\t\t\t<\/div>\n\t\t\t\t<div class=\"elementor-element elementor-element-705d2c4 elementor-widget-divider--view-line elementor-widget elementor-widget-divider\" data-id=\"705d2c4\" data-element_type=\"widget\" data-e-type=\"widget\" data-widget_type=\"divider.default\">\n\t\t\t\t<div class=\"elementor-widget-container\">\n\t\t\t\t\t\t\t<div class=\"elementor-divider\">\n\t\t\t<span class=\"elementor-divider-separator\">\n\t\t\t\t\t\t<\/span>\n\t\t<\/div>\n\t\t\t\t\t\t<\/div>\n\t\t\t\t<\/div>\n\t\t\t\t<section class=\"elementor-section elementor-inner-section elementor-element elementor-element-c500c64 elementor-section-boxed elementor-section-height-default elementor-section-height-default\" data-id=\"c500c64\" data-element_type=\"section\" data-e-type=\"section\">\n\t\t\t\t\t\t<div class=\"elementor-container elementor-column-gap-default\">\n\t\t\t\t\t<div class=\"elementor-column elementor-col-50 elementor-inner-column elementor-element elementor-element-0089a90\" data-id=\"0089a90\" data-element_type=\"column\" data-e-type=\"column\">\n\t\t\t<div class=\"elementor-widget-wrap elementor-element-populated\">\n\t\t\t\t\t\t<div class=\"elementor-element elementor-element-955f851 elementor-widget elementor-widget-image\" data-id=\"955f851\" data-element_type=\"widget\" data-e-type=\"widget\" data-widget_type=\"image.default\">\n\t\t\t\t<div class=\"elementor-widget-container\">\n\t\t\t\t\t\t\t\t\t\t\t\t\t\t\t<img fetchpriority=\"high\" decoding=\"async\" width=\"922\" height=\"531\" src=\"data:image\/gif;base64,R0lGODlhAQABAAAAACH5BAEKAAEALAAAAAABAAEAAAICTAEAOw==\" class=\"attachment-large size-large wp-image-81 lazyload\" alt=\"\" sizes=\"(max-width: 922px) 100vw, 922px\" data-src=\"https:\/\/forschung.fh-kaernten.at\/mylab\/files\/2018\/09\/OuPL-Wordcloud.jpg\" data-srcset=\"https:\/\/forschung.fh-kaernten.at\/mylab\/files\/2018\/09\/OuPL-Wordcloud.jpg 922w, https:\/\/forschung.fh-kaernten.at\/mylab\/files\/2018\/09\/OuPL-Wordcloud-300x173.jpg 300w, https:\/\/forschung.fh-kaernten.at\/mylab\/files\/2018\/09\/OuPL-Wordcloud-768x442.jpg 768w, https:\/\/forschung.fh-kaernten.at\/mylab\/files\/2018\/09\/OuPL-Wordcloud-434x250.jpg 434w\">\t\t\t\t\t\t\t\t\t\t\t\t\t\t\t<\/div>\n\t\t\t\t<\/div>\n\t\t\t\t\t<\/div>\n\t\t<\/div>\n\t\t\t\t<div class=\"elementor-column elementor-col-50 elementor-inner-column elementor-element elementor-element-8b321e9\" data-id=\"8b321e9\" data-element_type=\"column\" data-e-type=\"column\">\n\t\t\t<div class=\"elementor-widget-wrap elementor-element-populated\">\n\t\t\t\t\t\t<div class=\"elementor-element elementor-element-a0469cf elementor-widget elementor-widget-text-editor\" data-id=\"a0469cf\" data-element_type=\"widget\" data-e-type=\"widget\" data-widget_type=\"text-editor.default\">\n\t\t\t\t<div class=\"elementor-widget-container\">\n\t\t\t\t\t\t\t\t\t<p>Die Forschungsgruppe myLAB setzt sich zum Ziel, Forschung und Entwicklung auf dem Gebiet der praktischen Engineering-Ausbildung mit Hilfe von Labor-Equipment zu betreiben. Die Methodik und das dabei verwendete Equipment soll dabei modern, innovativ, flexibel und personalisiert sein; daher der Name \u201emyLAB\u201c. Ein wesentlicher Eckpfeiler dieses Konzepts sind Online-Labore, die ein selbstgesteuertes, erkundendes Lernen erm\u00f6glichen und weltweit rund um die Uhr einsatzbereit sind.<\/p>\t\t\t\t\t\t\t\t<\/div>\n\t\t\t\t<\/div>\n\t\t\t\t\t<\/div>\n\t\t<\/div>\n\t\t\t\t\t<\/div>\n\t\t<\/section>\n\t\t\t\t<div class=\"elementor-element elementor-element-41fd333 elementor-widget elementor-widget-spacer\" data-id=\"41fd333\" data-element_type=\"widget\" data-e-type=\"widget\" data-widget_type=\"spacer.default\">\n\t\t\t\t<div class=\"elementor-widget-container\">\n\t\t\t\t\t\t\t<div class=\"elementor-spacer\">\n\t\t\t<div class=\"elementor-spacer-inner\"><\/div>\n\t\t<\/div>\n\t\t\t\t\t\t<\/div>\n\t\t\t\t<\/div>\n\t\t\t\t\t<\/div>\n\t\t<\/div>\n\t\t\t\t\t<\/div>\n\t\t<\/section>\n\t\t\t\t<section class=\"elementor-section elementor-top-section elementor-element elementor-element-dbb0132 elementor-section-boxed elementor-section-height-default elementor-section-height-default\" data-id=\"dbb0132\" data-element_type=\"section\" data-e-type=\"section\" data-settings=\"{&quot;background_background&quot;:&quot;classic&quot;}\">\n\t\t\t\t\t\t<div class=\"elementor-container elementor-column-gap-default\">\n\t\t\t\t\t<div class=\"elementor-column elementor-col-100 elementor-top-column elementor-element elementor-element-5df0b73\" data-id=\"5df0b73\" data-element_type=\"column\" data-e-type=\"column\">\n\t\t\t<div class=\"elementor-widget-wrap elementor-element-populated\">\n\t\t\t\t\t\t<div class=\"elementor-element elementor-element-96444ec elementor-widget elementor-widget-heading\" data-id=\"96444ec\" data-element_type=\"widget\" data-e-type=\"widget\" id=\"news\" data-widget_type=\"heading.default\">\n\t\t\t\t<div class=\"elementor-widget-container\">\n\t\t\t\t\t<h2 class=\"elementor-heading-title elementor-size-default\">News<\/h2>\t\t\t\t<\/div>\n\t\t\t\t<\/div>\n\t\t\t\t<div class=\"elementor-element elementor-element-b3c7752 elementor-widget-divider--view-line elementor-widget elementor-widget-divider\" data-id=\"b3c7752\" data-element_type=\"widget\" data-e-type=\"widget\" data-widget_type=\"divider.default\">\n\t\t\t\t<div class=\"elementor-widget-container\">\n\t\t\t\t\t\t\t<div class=\"elementor-divider\">\n\t\t\t<span class=\"elementor-divider-separator\">\n\t\t\t\t\t\t<\/span>\n\t\t<\/div>\n\t\t\t\t\t\t<\/div>\n\t\t\t\t<\/div>\n\t\t\t\t<section class=\"elementor-section elementor-inner-section elementor-element elementor-element-1dc1260 news-slider elementor-section-boxed elementor-section-height-default elementor-section-height-default\" data-id=\"1dc1260\" data-element_type=\"section\" data-e-type=\"section\">\n\t\t\t\t\t\t<div class=\"elementor-container elementor-column-gap-default\">\n\t\t\t\t\t<div class=\"elementor-column elementor-col-25 elementor-inner-column elementor-element elementor-element-ec02746\" data-id=\"ec02746\" data-element_type=\"column\" data-e-type=\"column\">\n\t\t\t<div class=\"elementor-widget-wrap elementor-element-populated\">\n\t\t\t\t\t\t<div class=\"elementor-element elementor-element-e118931 elementor-widget elementor-widget-image\" data-id=\"e118931\" data-element_type=\"widget\" data-e-type=\"widget\" data-widget_type=\"image.default\">\n\t\t\t\t<div class=\"elementor-widget-container\">\n\t\t\t\t\t\t\t\t\t\t\t\t\t\t\t\t<a href=\"https:\/\/hydrogen-center.eu\/de\/h2greenfuture-fotowettbewerb\/\" target=\"_blank\" rel=\"nofollow\">\n\t\t\t\t\t\t\t<img decoding=\"async\" width=\"150\" height=\"150\" src=\"data:image\/gif;base64,R0lGODlhAQABAAAAACH5BAEKAAEALAAAAAABAAEAAAICTAEAOw==\" class=\"attachment-thumbnail size-thumbnail wp-image-558 lazyload\" alt=\"\" sizes=\"(max-width: 150px) 100vw, 150px\" data-src=\"https:\/\/forschung.fh-kaernten.at\/mylab\/files\/2025\/06\/H2GF-PHOTO-CONTEST_DE_LINKEDIN-150x150.png\" data-srcset=\"https:\/\/forschung.fh-kaernten.at\/mylab\/files\/2025\/06\/H2GF-PHOTO-CONTEST_DE_LINKEDIN-150x150.png 150w, https:\/\/forschung.fh-kaernten.at\/mylab\/files\/2025\/06\/H2GF-PHOTO-CONTEST_DE_LINKEDIN-300x300.png 300w, https:\/\/forschung.fh-kaernten.at\/mylab\/files\/2025\/06\/H2GF-PHOTO-CONTEST_DE_LINKEDIN-1024x1024.png 1024w, https:\/\/forschung.fh-kaernten.at\/mylab\/files\/2025\/06\/H2GF-PHOTO-CONTEST_DE_LINKEDIN-768x768.png 768w, https:\/\/forschung.fh-kaernten.at\/mylab\/files\/2025\/06\/H2GF-PHOTO-CONTEST_DE_LINKEDIN-1000x1000.png 1000w, https:\/\/forschung.fh-kaernten.at\/mylab\/files\/2025\/06\/H2GF-PHOTO-CONTEST_DE_LINKEDIN-230x230.png 230w, https:\/\/forschung.fh-kaernten.at\/mylab\/files\/2025\/06\/H2GF-PHOTO-CONTEST_DE_LINKEDIN-350x350.png 350w, https:\/\/forschung.fh-kaernten.at\/mylab\/files\/2025\/06\/H2GF-PHOTO-CONTEST_DE_LINKEDIN-480x480.png 480w, https:\/\/forschung.fh-kaernten.at\/mylab\/files\/2025\/06\/H2GF-PHOTO-CONTEST_DE_LINKEDIN.png 1200w\">\t\t\t\t\t\t\t\t<\/a>\n\t\t\t\t\t\t\t\t\t\t\t\t\t\t\t<\/div>\n\t\t\t\t<\/div>\n\t\t\t\t<div class=\"elementor-element elementor-element-73389f7 elementor-widget elementor-widget-text-editor\" data-id=\"73389f7\" data-element_type=\"widget\" data-e-type=\"widget\" data-widget_type=\"text-editor.default\">\n\t\t\t\t<div class=\"elementor-widget-container\">\n\t\t\t\t\t\t\t\t\t<p>16. Mai 2025<\/p>\t\t\t\t\t\t\t\t<\/div>\n\t\t\t\t<\/div>\n\t\t\t\t<div class=\"elementor-element elementor-element-5465c3b elementor-widget elementor-widget-text-editor\" data-id=\"5465c3b\" data-element_type=\"widget\" data-e-type=\"widget\" data-widget_type=\"text-editor.default\">\n\t\t\t\t<div class=\"elementor-widget-container\">\n\t\t\t\t\t\t\t\t\t<p><strong>\u00bbWasserstoff &#8211; die Energie der Zukunft\u00ab<\/strong><\/p><p>Ziel des Wettbewerbs ist es, die Bedeutung und das Potenzial von Wasserstoff als saubere und nachhaltige Energiequelle durch die Linse Ihrer Kameras zu zeigen. Der Fotowettbewerb wird im Rahmen des internationalen Interreg Slowenien-\u00d6sterreich<br \/>Projekts H2GreenFUTURE durchgef\u00fchrt.<\/p>\t\t\t\t\t\t\t\t<\/div>\n\t\t\t\t<\/div>\n\t\t\t\t\t<\/div>\n\t\t<\/div>\n\t\t\t\t<div class=\"elementor-column elementor-col-25 elementor-inner-column elementor-element elementor-element-b6f341d\" data-id=\"b6f341d\" data-element_type=\"column\" data-e-type=\"column\">\n\t\t\t<div class=\"elementor-widget-wrap elementor-element-populated\">\n\t\t\t\t\t\t<div class=\"elementor-element elementor-element-614e15d elementor-widget elementor-widget-image\" data-id=\"614e15d\" data-element_type=\"widget\" data-e-type=\"widget\" data-widget_type=\"image.default\">\n\t\t\t\t<div class=\"elementor-widget-container\">\n\t\t\t\t\t\t\t\t\t\t\t\t\t\t\t\t<a href=\"https:\/\/www.diepresse.com\/18567707\/siedlungen-rund-um-die-uhr-mit-gruener-energie-versorgen\" target=\"_blank\" rel=\"nofollow\">\n\t\t\t\t\t\t\t<img decoding=\"async\" src=\"data:image\/gif;base64,R0lGODlhAQABAAAAACH5BAEKAAEALAAAAAABAAEAAAICTAEAOw==\" title=\"imago images 0442832502\" alt=\"imago images 0442832502\" loading=\"lazy\" class=\"lazyload\" data-src=\"https:\/\/forschung.fh-kaernten.at\/mylab\/files\/elementor\/thumbs\/imago-images-0442832502-qqiadf7v4zqw9vq75m3536kwx9pdplocdngiqebcnk.jpg\">\t\t\t\t\t\t\t\t<\/a>\n\t\t\t\t\t\t\t\t\t\t\t\t\t\t\t<\/div>\n\t\t\t\t<\/div>\n\t\t\t\t<div class=\"elementor-element elementor-element-7ac08a4 elementor-widget elementor-widget-text-editor\" data-id=\"7ac08a4\" data-element_type=\"widget\" data-e-type=\"widget\" data-widget_type=\"text-editor.default\">\n\t\t\t\t<div class=\"elementor-widget-container\">\n\t\t\t\t\t\t\t\t\t<p>16. Juni 2024<\/p>\t\t\t\t\t\t\t\t<\/div>\n\t\t\t\t<\/div>\n\t\t\t\t<div class=\"elementor-element elementor-element-4822f9f elementor-widget elementor-widget-text-editor\" data-id=\"4822f9f\" data-element_type=\"widget\" data-e-type=\"widget\" data-widget_type=\"text-editor.default\">\n\t\t\t\t<div class=\"elementor-widget-container\">\n\t\t\t\t\t\t\t\t\t<p><strong>Siedlungen rund um die Uhr mit gr\u00fcner Energie versorgen.<\/strong><\/p><p>Wasserstoff-Technologien zum Durchbruch verhelfen \u2013 das ist das Ziel eines internationalen Forschungsprojekts. In \u00d6sterreich soll unter anderem eine Demonstrationsanlage zur Erzeugung von Wasserstoff aus Sonnenenergie entstehen.<\/p>\t\t\t\t\t\t\t\t<\/div>\n\t\t\t\t<\/div>\n\t\t\t\t\t<\/div>\n\t\t<\/div>\n\t\t\t\t<div class=\"elementor-column elementor-col-25 elementor-inner-column elementor-element elementor-element-1169fab\" data-id=\"1169fab\" data-element_type=\"column\" data-e-type=\"column\">\n\t\t\t<div class=\"elementor-widget-wrap elementor-element-populated\">\n\t\t\t\t\t\t<div class=\"elementor-element elementor-element-d554196 elementor-widget elementor-widget-image\" data-id=\"d554196\" data-element_type=\"widget\" data-e-type=\"widget\" data-widget_type=\"image.default\">\n\t\t\t\t<div class=\"elementor-widget-container\">\n\t\t\t\t\t\t\t\t\t\t\t\t\t\t\t\t<a href=\"https:\/\/www.kleinezeitung.at\/karriere\/campus\/18332500\/weiche-fuer-wasserstoff-wird-gestellt\" target=\"_blank\" rel=\"nofollow\">\n\t\t\t\t\t\t\t<img decoding=\"async\" src=\"data:image\/gif;base64,R0lGODlhAQABAAAAACH5BAEKAAEALAAAAAABAAEAAAICTAEAOw==\" title=\"114D3D76-A58E-4D12-8E3A-D4533230BD80_v0_h\" alt=\"114D3D76-A58E-4D12-8E3A-D4533230BD80_v0_h\" loading=\"lazy\" class=\"lazyload\" data-src=\"https:\/\/forschung.fh-kaernten.at\/mylab\/files\/elementor\/thumbs\/114D3D76-A58E-4D12-8E3A-D4533230BD80_v0_h-1-qqiadg5pbts6lhou04hrnocdinkqxas2ps407o9yhc.jpg\">\t\t\t\t\t\t\t\t<\/a>\n\t\t\t\t\t\t\t\t\t\t\t\t\t\t\t<\/div>\n\t\t\t\t<\/div>\n\t\t\t\t<div class=\"elementor-element elementor-element-ebddf22 elementor-widget elementor-widget-text-editor\" data-id=\"ebddf22\" data-element_type=\"widget\" data-e-type=\"widget\" data-widget_type=\"text-editor.default\">\n\t\t\t\t<div class=\"elementor-widget-container\">\n\t\t\t\t\t\t\t\t\t<p>5. April 2024<\/p>\t\t\t\t\t\t\t\t<\/div>\n\t\t\t\t<\/div>\n\t\t\t\t<div class=\"elementor-element elementor-element-d58d818 elementor-widget elementor-widget-text-editor\" data-id=\"d58d818\" data-element_type=\"widget\" data-e-type=\"widget\" data-widget_type=\"text-editor.default\">\n\t\t\t\t<div class=\"elementor-widget-container\">\n\t\t\t\t\t\t\t\t\t<p><strong>Weiche f\u00fcr Wasserstoff gestellt. <br \/><\/strong><\/p><p>Rechtliches und Technisches rund um Wasserstoff muss noch zu Ende gedacht werden. Die FH denkt mit \u2013 und bildet aus.<\/p>\t\t\t\t\t\t\t\t<\/div>\n\t\t\t\t<\/div>\n\t\t\t\t\t<\/div>\n\t\t<\/div>\n\t\t\t\t<div class=\"elementor-column elementor-col-25 elementor-inner-column elementor-element elementor-element-7dfb40e\" data-id=\"7dfb40e\" data-element_type=\"column\" data-e-type=\"column\">\n\t\t\t<div class=\"elementor-widget-wrap elementor-element-populated\">\n\t\t\t\t\t\t<div class=\"elementor-element elementor-element-b7d9f99 elementor-widget elementor-widget-image\" data-id=\"b7d9f99\" data-element_type=\"widget\" data-e-type=\"widget\" data-widget_type=\"image.default\">\n\t\t\t\t<div class=\"elementor-widget-container\">\n\t\t\t\t\t\t\t\t\t\t\t\t\t\t\t<img decoding=\"async\" width=\"2500\" height=\"952\" src=\"data:image\/gif;base64,R0lGODlhAQABAAAAACH5BAEKAAEALAAAAAABAAEAAAICTAEAOw==\" class=\"attachment-full size-full wp-image-603 lazyload\" alt=\"\" sizes=\"(max-width: 2500px) 100vw, 2500px\" data-src=\"https:\/\/forschung.fh-kaernten.at\/mylab\/files\/2025\/11\/myLab_Research-Center_web-1.png\" data-srcset=\"https:\/\/forschung.fh-kaernten.at\/mylab\/files\/2025\/11\/myLab_Research-Center_web-1.png 2500w, https:\/\/forschung.fh-kaernten.at\/mylab\/files\/2025\/11\/myLab_Research-Center_web-1-300x114.png 300w, https:\/\/forschung.fh-kaernten.at\/mylab\/files\/2025\/11\/myLab_Research-Center_web-1-1024x390.png 1024w, https:\/\/forschung.fh-kaernten.at\/mylab\/files\/2025\/11\/myLab_Research-Center_web-1-768x292.png 768w, https:\/\/forschung.fh-kaernten.at\/mylab\/files\/2025\/11\/myLab_Research-Center_web-1-1536x585.png 1536w, https:\/\/forschung.fh-kaernten.at\/mylab\/files\/2025\/11\/myLab_Research-Center_web-1-2048x780.png 2048w, https:\/\/forschung.fh-kaernten.at\/mylab\/files\/2025\/11\/myLab_Research-Center_web-1-1000x381.png 1000w, https:\/\/forschung.fh-kaernten.at\/mylab\/files\/2025\/11\/myLab_Research-Center_web-1-230x88.png 230w, https:\/\/forschung.fh-kaernten.at\/mylab\/files\/2025\/11\/myLab_Research-Center_web-1-350x133.png 350w, https:\/\/forschung.fh-kaernten.at\/mylab\/files\/2025\/11\/myLab_Research-Center_web-1-480x183.png 480w\">\t\t\t\t\t\t\t\t\t\t\t\t\t\t\t<\/div>\n\t\t\t\t<\/div>\n\t\t\t\t<div class=\"elementor-element elementor-element-100957d elementor-widget elementor-widget-text-editor\" data-id=\"100957d\" data-element_type=\"widget\" data-e-type=\"widget\" data-widget_type=\"text-editor.default\">\n\t\t\t\t<div class=\"elementor-widget-container\">\n\t\t\t\t\t\t\t\t\t<p>1. Januar 2024<\/p>\t\t\t\t\t\t\t\t<\/div>\n\t\t\t\t<\/div>\n\t\t\t\t<div class=\"elementor-element elementor-element-95e3f26 elementor-widget elementor-widget-text-editor\" data-id=\"95e3f26\" data-element_type=\"widget\" data-e-type=\"widget\" data-widget_type=\"text-editor.default\">\n\t\t\t\t<div class=\"elementor-widget-container\">\n\t\t\t\t\t\t\t\t\t<p><strong>Fusionierung und Neugr\u00fcndung.<\/strong><br><\/p><p>Am 1.1.2024 wurden die Forschungsgruppen ABMS und OuPL zur Forschungsgruppe myLAB fusioniert. Das Ziel der neuen Gruppe ist es, Forschung und Entwicklung auf dem Gebiet der praktischen Engineering-Ausbildung mit Hilfe von Labor-Equipment zu betreiben.<\/p>\t\t\t\t\t\t\t\t<\/div>\n\t\t\t\t<\/div>\n\t\t\t\t\t<\/div>\n\t\t<\/div>\n\t\t\t\t\t<\/div>\n\t\t<\/section>\n\t\t\t\t\t<\/div>\n\t\t<\/div>\n\t\t\t\t\t<\/div>\n\t\t<\/section>\n\t\t\t\t<section class=\"elementor-section elementor-top-section elementor-element elementor-element-75f610c elementor-section-boxed elementor-section-height-default elementor-section-height-default\" data-id=\"75f610c\" data-element_type=\"section\" data-e-type=\"section\">\n\t\t\t\t\t\t<div class=\"elementor-container elementor-column-gap-default\">\n\t\t\t\t\t<div class=\"elementor-column elementor-col-100 elementor-top-column elementor-element elementor-element-552b542\" data-id=\"552b542\" data-element_type=\"column\" data-e-type=\"column\">\n\t\t\t<div class=\"elementor-widget-wrap elementor-element-populated\">\n\t\t\t\t\t\t<div class=\"elementor-element elementor-element-fd5237b elementor-widget elementor-widget-spacer\" data-id=\"fd5237b\" data-element_type=\"widget\" data-e-type=\"widget\" data-widget_type=\"spacer.default\">\n\t\t\t\t<div class=\"elementor-widget-container\">\n\t\t\t\t\t\t\t<div class=\"elementor-spacer\">\n\t\t\t<div class=\"elementor-spacer-inner\"><\/div>\n\t\t<\/div>\n\t\t\t\t\t\t<\/div>\n\t\t\t\t<\/div>\n\t\t\t\t<div class=\"elementor-element elementor-element-41218f2 elementor-widget elementor-widget-heading\" data-id=\"41218f2\" data-element_type=\"widget\" data-e-type=\"widget\" id=\"aktivitaeten\" data-widget_type=\"heading.default\">\n\t\t\t\t<div class=\"elementor-widget-container\">\n\t\t\t\t\t<h2 class=\"elementor-heading-title elementor-size-default\">Aktivit\u00e4ten<\/h2>\t\t\t\t<\/div>\n\t\t\t\t<\/div>\n\t\t\t\t<div class=\"elementor-element elementor-element-50c0fa8 elementor-widget-divider--view-line elementor-widget elementor-widget-divider\" data-id=\"50c0fa8\" data-element_type=\"widget\" data-e-type=\"widget\" data-widget_type=\"divider.default\">\n\t\t\t\t<div class=\"elementor-widget-container\">\n\t\t\t\t\t\t\t<div class=\"elementor-divider\">\n\t\t\t<span class=\"elementor-divider-separator\">\n\t\t\t\t\t\t<\/span>\n\t\t<\/div>\n\t\t\t\t\t\t<\/div>\n\t\t\t\t<\/div>\n\t\t\t\t<section class=\"elementor-section elementor-inner-section elementor-element elementor-element-f5f105d elementor-section-boxed elementor-section-height-default elementor-section-height-default\" data-id=\"f5f105d\" data-element_type=\"section\" data-e-type=\"section\">\n\t\t\t\t\t\t<div class=\"elementor-container elementor-column-gap-default\">\n\t\t\t\t\t<div class=\"elementor-column elementor-col-50 elementor-inner-column elementor-element elementor-element-1700543\" data-id=\"1700543\" data-element_type=\"column\" data-e-type=\"column\">\n\t\t\t<div class=\"elementor-widget-wrap elementor-element-populated\">\n\t\t\t\t\t\t<div class=\"elementor-element elementor-element-ca7ba08 elementor-widget elementor-widget-image\" data-id=\"ca7ba08\" data-element_type=\"widget\" data-e-type=\"widget\" data-widget_type=\"image.default\">\n\t\t\t\t<div class=\"elementor-widget-container\">\n\t\t\t\t\t\t\t\t\t\t\t\t\t\t\t<img loading=\"lazy\" decoding=\"async\" width=\"1024\" height=\"847\" src=\"data:image\/gif;base64,R0lGODlhAQABAAAAACH5BAEKAAEALAAAAAABAAEAAAICTAEAOw==\" class=\"attachment-large size-large wp-image-19 lazyload\" alt=\"\" sizes=\"(max-width: 1024px) 100vw, 1024px\" data-src=\"https:\/\/forschung.fh-kaernten.at\/mylab\/files\/2018\/03\/online-pocket-labs-1024x847.png\" data-srcset=\"https:\/\/forschung.fh-kaernten.at\/mylab\/files\/2018\/03\/online-pocket-labs-1024x847.png 1024w, https:\/\/forschung.fh-kaernten.at\/mylab\/files\/2018\/03\/online-pocket-labs-300x248.png 300w, https:\/\/forschung.fh-kaernten.at\/mylab\/files\/2018\/03\/online-pocket-labs-768x636.png 768w, https:\/\/forschung.fh-kaernten.at\/mylab\/files\/2018\/03\/online-pocket-labs-302x250.png 302w, https:\/\/forschung.fh-kaernten.at\/mylab\/files\/2018\/03\/online-pocket-labs.png 1200w\">\t\t\t\t\t\t\t\t\t\t\t\t\t\t\t<\/div>\n\t\t\t\t<\/div>\n\t\t\t\t\t<\/div>\n\t\t<\/div>\n\t\t\t\t<div class=\"elementor-column elementor-col-50 elementor-inner-column elementor-element elementor-element-8b1e22d\" data-id=\"8b1e22d\" data-element_type=\"column\" data-e-type=\"column\">\n\t\t\t<div class=\"elementor-widget-wrap elementor-element-populated\">\n\t\t\t\t\t\t<div class=\"elementor-element elementor-element-c7e4068 elementor-widget elementor-widget-accordion\" data-id=\"c7e4068\" data-element_type=\"widget\" data-e-type=\"widget\" data-widget_type=\"accordion.default\">\n\t\t\t\t<div class=\"elementor-widget-container\">\n\t\t\t\t\t\t\t<div class=\"elementor-accordion\">\n\t\t\t\t\t\t\t<div class=\"elementor-accordion-item\">\n\t\t\t\t\t<div id=\"elementor-tab-title-2091\" class=\"elementor-tab-title\" data-tab=\"1\" role=\"button\" aria-controls=\"elementor-tab-content-2091\" aria-expanded=\"false\">\n\t\t\t\t\t\t\t\t\t\t\t\t\t<span class=\"elementor-accordion-icon elementor-accordion-icon-left\" aria-hidden=\"true\">\n\t\t\t\t\t\t\t\t\t\t\t\t\t\t\t<span class=\"elementor-accordion-icon-closed\"><i class=\"fas fa-plus\"><\/i><\/span>\n\t\t\t\t\t\t\t\t<span class=\"elementor-accordion-icon-opened\"><i class=\"fas fa-minus\"><\/i><\/span>\n\t\t\t\t\t\t\t\t\t\t\t\t\t\t<\/span>\n\t\t\t\t\t\t\t\t\t\t\t\t<a class=\"elementor-accordion-title\" tabindex=\"0\">17. - 18. April 2024<\/a>\n\t\t\t\t\t<\/div>\n\t\t\t\t\t<div id=\"elementor-tab-content-2091\" class=\"elementor-tab-content elementor-clearfix\" data-tab=\"1\" role=\"region\" aria-labelledby=\"elementor-tab-title-2091\"><p>Teilnahme am 17. Forschungsforum der Fachhochschulen an der IMC Krems<\/p><\/div>\n\t\t\t\t<\/div>\n\t\t\t\t\t\t\t<div class=\"elementor-accordion-item\">\n\t\t\t\t\t<div id=\"elementor-tab-title-2092\" class=\"elementor-tab-title\" data-tab=\"2\" role=\"button\" aria-controls=\"elementor-tab-content-2092\" aria-expanded=\"false\">\n\t\t\t\t\t\t\t\t\t\t\t\t\t<span class=\"elementor-accordion-icon elementor-accordion-icon-left\" aria-hidden=\"true\">\n\t\t\t\t\t\t\t\t\t\t\t\t\t\t\t<span class=\"elementor-accordion-icon-closed\"><i class=\"fas fa-plus\"><\/i><\/span>\n\t\t\t\t\t\t\t\t<span class=\"elementor-accordion-icon-opened\"><i class=\"fas fa-minus\"><\/i><\/span>\n\t\t\t\t\t\t\t\t\t\t\t\t\t\t<\/span>\n\t\t\t\t\t\t\t\t\t\t\t\t<a class=\"elementor-accordion-title\" tabindex=\"0\">07. M\u00e4rz 2024<\/a>\n\t\t\t\t\t<\/div>\n\t\t\t\t\t<div id=\"elementor-tab-content-2092\" class=\"elementor-tab-content elementor-clearfix\" data-tab=\"2\" role=\"region\" aria-labelledby=\"elementor-tab-title-2092\"><p>Kick-off-Meeting des Projekts H2GreenFUTURE in Ljubljana.<\/p><\/div>\n\t\t\t\t<\/div>\n\t\t\t\t\t\t\t<div class=\"elementor-accordion-item\">\n\t\t\t\t\t<div id=\"elementor-tab-title-2093\" class=\"elementor-tab-title\" data-tab=\"3\" role=\"button\" aria-controls=\"elementor-tab-content-2093\" aria-expanded=\"false\">\n\t\t\t\t\t\t\t\t\t\t\t\t\t<span class=\"elementor-accordion-icon elementor-accordion-icon-left\" aria-hidden=\"true\">\n\t\t\t\t\t\t\t\t\t\t\t\t\t\t\t<span class=\"elementor-accordion-icon-closed\"><i class=\"fas fa-plus\"><\/i><\/span>\n\t\t\t\t\t\t\t\t<span class=\"elementor-accordion-icon-opened\"><i class=\"fas fa-minus\"><\/i><\/span>\n\t\t\t\t\t\t\t\t\t\t\t\t\t\t<\/span>\n\t\t\t\t\t\t\t\t\t\t\t\t<a class=\"elementor-accordion-title\" tabindex=\"0\">5. Februar 2024<\/a>\n\t\t\t\t\t<\/div>\n\t\t\t\t\t<div id=\"elementor-tab-content-2093\" class=\"elementor-tab-content elementor-clearfix\" data-tab=\"3\" role=\"region\" aria-labelledby=\"elementor-tab-title-2093\"><p>2. Innovationsworkshop des Projekts OnLabEdu in Graz.<\/p><p>@font-face<br \/>\t{font-family:&#8220;Cambria Math&#8220;;<br \/>\tpanose-1:2 4 5 3 5 4 6 3 2 4;<br \/>\tmso-font-charset:0;<br \/>\tmso-generic-font-family:roman;<br \/>\tmso-font-pitch:variable;<br \/>\tmso-font-signature:-536870145 1107305727 0 0 415 0;}@font-face<br \/>\t{font-family:Calibri;<br \/>\tpanose-1:2 15 5 2 2 2 4 3 2 4;<br \/>\tmso-font-charset:0;<br \/>\tmso-generic-font-family:swiss;<br \/>\tmso-font-pitch:variable;<br \/>\tmso-font-signature:-469750017 -1073732485 9 0 511 0;}p.MsoNormal, li.MsoNormal, div.MsoNormal<br \/>\t{mso-style-unhide:no;<br \/>\tmso-style-qformat:yes;<br \/>\tmso-style-parent:&#8220;&#8220;;<br \/>\tmargin-top:0cm;<br \/>\tmargin-right:0cm;<br \/>\tmargin-bottom:8.0pt;<br \/>\tmargin-left:0cm;<br \/>\tline-height:107%;<br \/>\tmso-pagination:widow-orphan;<br \/>\tfont-size:11.0pt;<br \/>\tfont-family:&#8220;Calibri&#8220;,sans-serif;<br \/>\tmso-ascii-font-family:Calibri;<br \/>\tmso-ascii-theme-font:minor-latin;<br \/>\tmso-fareast-font-family:Calibri;<br \/>\tmso-fareast-theme-font:minor-latin;<br \/>\tmso-hansi-font-family:Calibri;<br \/>\tmso-hansi-theme-font:minor-latin;<br \/>\tmso-bidi-font-family:&#8220;Times New Roman&#8220;;<br \/>\tmso-bidi-theme-font:minor-bidi;<br \/>\tmso-ansi-language:DE;<br \/>\tmso-fareast-language:EN-US;}.MsoChpDefault<br \/>\t{mso-style-type:export-only;<br \/>\tmso-default-props:yes;<br \/>\tfont-size:11.0pt;<br \/>\tmso-ansi-font-size:11.0pt;<br \/>\tmso-bidi-font-size:11.0pt;<br \/>\tmso-ascii-font-family:Calibri;<br \/>\tmso-ascii-theme-font:minor-latin;<br \/>\tmso-fareast-font-family:Calibri;<br \/>\tmso-fareast-theme-font:minor-latin;<br \/>\tmso-hansi-font-family:Calibri;<br \/>\tmso-hansi-theme-font:minor-latin;<br \/>\tmso-bidi-font-family:&#8220;Times New Roman&#8220;;<br \/>\tmso-bidi-theme-font:minor-bidi;<br \/>\tmso-font-kerning:0pt;<br \/>\tmso-ligatures:none;<br \/>\tmso-ansi-language:DE;<br \/>\tmso-fareast-language:EN-US;}.MsoPapDefault<br \/>\t{mso-style-type:export-only;<br \/>\tmargin-bottom:8.0pt;<br \/>\tline-height:107%;}div.WordSection1<br \/>\t{page:WordSection1;}<\/p><\/div>\n\t\t\t\t<\/div>\n\t\t\t\t\t\t\t<div class=\"elementor-accordion-item\">\n\t\t\t\t\t<div id=\"elementor-tab-title-2094\" class=\"elementor-tab-title\" data-tab=\"4\" role=\"button\" aria-controls=\"elementor-tab-content-2094\" aria-expanded=\"false\">\n\t\t\t\t\t\t\t\t\t\t\t\t\t<span class=\"elementor-accordion-icon elementor-accordion-icon-left\" aria-hidden=\"true\">\n\t\t\t\t\t\t\t\t\t\t\t\t\t\t\t<span class=\"elementor-accordion-icon-closed\"><i class=\"fas fa-plus\"><\/i><\/span>\n\t\t\t\t\t\t\t\t<span class=\"elementor-accordion-icon-opened\"><i class=\"fas fa-minus\"><\/i><\/span>\n\t\t\t\t\t\t\t\t\t\t\t\t\t\t<\/span>\n\t\t\t\t\t\t\t\t\t\t\t\t<a class=\"elementor-accordion-title\" tabindex=\"0\">25. Januar 2024<\/a>\n\t\t\t\t\t<\/div>\n\t\t\t\t\t<div id=\"elementor-tab-content-2094\" class=\"elementor-tab-content elementor-clearfix\" data-tab=\"4\" role=\"region\" aria-labelledby=\"elementor-tab-title-2094\"><p>Kick-off-Meeting des Projekts EDU-CIRC in Bruneck\/S\u00fcdtirol.<\/p>\n@font-face<br \/>\t{font-family:&#8220;Cambria Math&#8220;;<br \/>\tpanose-1:2 4 5 3 5 4 6 3 2 4;<br \/>\tmso-font-charset:0;<br \/>\tmso-generic-font-family:roman;<br \/>\tmso-font-pitch:variable;<br \/>\tmso-font-signature:-536870145 1107305727 0 0 415 0;}@font-face<br \/>\t{font-family:Calibri;<br \/>\tpanose-1:2 15 5 2 2 2 4 3 2 4;<br \/>\tmso-font-charset:0;<br \/>\tmso-generic-font-family:swiss;<br \/>\tmso-font-pitch:variable;<br \/>\tmso-font-signature:-469750017 -1073732485 9 0 511 0;}p.MsoNormal, li.MsoNormal, div.MsoNormal<br \/>\t{mso-style-unhide:no;<br \/>\tmso-style-qformat:yes;<br \/>\tmso-style-parent:&#8220;&#8220;;<br \/>\tmargin-top:0cm;<br \/>\tmargin-right:0cm;<br \/>\tmargin-bottom:8.0pt;<br \/>\tmargin-left:0cm;<br \/>\tline-height:107%;<br \/>\tmso-pagination:widow-orphan;<br \/>\tfont-size:11.0pt;<br \/>\tfont-family:&#8220;Calibri&#8220;,sans-serif;<br \/>\tmso-ascii-font-family:Calibri;<br \/>\tmso-ascii-theme-font:minor-latin;<br \/>\tmso-fareast-font-family:Calibri;<br \/>\tmso-fareast-theme-font:minor-latin;<br \/>\tmso-hansi-font-family:Calibri;<br \/>\tmso-hansi-theme-font:minor-latin;<br \/>\tmso-bidi-font-family:&#8220;Times New Roman&#8220;;<br \/>\tmso-bidi-theme-font:minor-bidi;<br \/>\tmso-ansi-language:DE;<br \/>\tmso-fareast-language:EN-US;}.MsoChpDefault<br \/>\t{mso-style-type:export-only;<br \/>\tmso-default-props:yes;<br \/>\tfont-size:11.0pt;<br \/>\tmso-ansi-font-size:11.0pt;<br \/>\tmso-bidi-font-size:11.0pt;<br \/>\tmso-ascii-font-family:Calibri;<br \/>\tmso-ascii-theme-font:minor-latin;<br \/>\tmso-fareast-font-family:Calibri;<br \/>\tmso-fareast-theme-font:minor-latin;<br \/>\tmso-hansi-font-family:Calibri;<br \/>\tmso-hansi-theme-font:minor-latin;<br \/>\tmso-bidi-font-family:&#8220;Times New Roman&#8220;;<br \/>\tmso-bidi-theme-font:minor-bidi;<br \/>\tmso-font-kerning:0pt;<br \/>\tmso-ligatures:none;<br \/>\tmso-ansi-language:DE;<br \/>\tmso-fareast-language:EN-US;}.MsoPapDefault<br \/>\t{mso-style-type:export-only;<br \/>\tmargin-bottom:8.0pt;<br \/>\tline-height:107%;}div.WordSection1<br \/>\t{page:WordSection1;}<\/div>\n\t\t\t\t<\/div>\n\t\t\t\t\t\t\t<div class=\"elementor-accordion-item\">\n\t\t\t\t\t<div id=\"elementor-tab-title-2095\" class=\"elementor-tab-title\" data-tab=\"5\" role=\"button\" aria-controls=\"elementor-tab-content-2095\" aria-expanded=\"false\">\n\t\t\t\t\t\t\t\t\t\t\t\t\t<span class=\"elementor-accordion-icon elementor-accordion-icon-left\" aria-hidden=\"true\">\n\t\t\t\t\t\t\t\t\t\t\t\t\t\t\t<span class=\"elementor-accordion-icon-closed\"><i class=\"fas fa-plus\"><\/i><\/span>\n\t\t\t\t\t\t\t\t<span class=\"elementor-accordion-icon-opened\"><i class=\"fas fa-minus\"><\/i><\/span>\n\t\t\t\t\t\t\t\t\t\t\t\t\t\t<\/span>\n\t\t\t\t\t\t\t\t\t\t\t\t<a class=\"elementor-accordion-title\" tabindex=\"0\">27. Dezember 2023<\/a>\n\t\t\t\t\t<\/div>\n\t\t\t\t\t<div id=\"elementor-tab-content-2095\" class=\"elementor-tab-content elementor-clearfix\" data-tab=\"5\" role=\"region\" aria-labelledby=\"elementor-tab-title-2095\"><p>Kick-off-Meeting des Projekts NEXT in Bratislava.<\/p><\/div>\n\t\t\t\t<\/div>\n\t\t\t\t\t\t\t<div class=\"elementor-accordion-item\">\n\t\t\t\t\t<div id=\"elementor-tab-title-2096\" class=\"elementor-tab-title\" data-tab=\"6\" role=\"button\" aria-controls=\"elementor-tab-content-2096\" aria-expanded=\"false\">\n\t\t\t\t\t\t\t\t\t\t\t\t\t<span class=\"elementor-accordion-icon elementor-accordion-icon-left\" aria-hidden=\"true\">\n\t\t\t\t\t\t\t\t\t\t\t\t\t\t\t<span class=\"elementor-accordion-icon-closed\"><i class=\"fas fa-plus\"><\/i><\/span>\n\t\t\t\t\t\t\t\t<span class=\"elementor-accordion-icon-opened\"><i class=\"fas fa-minus\"><\/i><\/span>\n\t\t\t\t\t\t\t\t\t\t\t\t\t\t<\/span>\n\t\t\t\t\t\t\t\t\t\t\t\t<a class=\"elementor-accordion-title\" tabindex=\"0\">29. September 2023<\/a>\n\t\t\t\t\t<\/div>\n\t\t\t\t\t<div id=\"elementor-tab-content-2096\" class=\"elementor-tab-content elementor-clearfix\" data-tab=\"6\" role=\"region\" aria-labelledby=\"elementor-tab-title-2096\"><p>Pr\u00e4sentation des Augenmodells auf der ICL 2023 in Madrid.<\/p>\n@font-face<br \/>\t{font-family:&#8220;Cambria Math&#8220;;<br \/>\tpanose-1:2 4 5 3 5 4 6 3 2 4;<br \/>\tmso-font-charset:0;<br \/>\tmso-generic-font-family:roman;<br \/>\tmso-font-pitch:variable;<br \/>\tmso-font-signature:-536870145 1107305727 0 0 415 0;}@font-face<br \/>\t{font-family:Calibri;<br \/>\tpanose-1:2 15 5 2 2 2 4 3 2 4;<br \/>\tmso-font-charset:0;<br \/>\tmso-generic-font-family:swiss;<br \/>\tmso-font-pitch:variable;<br \/>\tmso-font-signature:-469750017 -1073732485 9 0 511 0;}p.MsoNormal, li.MsoNormal, div.MsoNormal<br \/>\t{mso-style-unhide:no;<br \/>\tmso-style-qformat:yes;<br \/>\tmso-style-parent:&#8220;&#8220;;<br \/>\tmargin-top:0cm;<br \/>\tmargin-right:0cm;<br \/>\tmargin-bottom:8.0pt;<br \/>\tmargin-left:0cm;<br \/>\tline-height:107%;<br \/>\tmso-pagination:widow-orphan;<br \/>\tfont-size:11.0pt;<br \/>\tfont-family:&#8220;Calibri&#8220;,sans-serif;<br \/>\tmso-ascii-font-family:Calibri;<br \/>\tmso-ascii-theme-font:minor-latin;<br \/>\tmso-fareast-font-family:Calibri;<br \/>\tmso-fareast-theme-font:minor-latin;<br \/>\tmso-hansi-font-family:Calibri;<br \/>\tmso-hansi-theme-font:minor-latin;<br \/>\tmso-bidi-font-family:&#8220;Times New Roman&#8220;;<br \/>\tmso-bidi-theme-font:minor-bidi;<br \/>\tmso-ansi-language:DE;<br \/>\tmso-fareast-language:EN-US;}.MsoChpDefault<br \/>\t{mso-style-type:export-only;<br \/>\tmso-default-props:yes;<br \/>\tfont-size:11.0pt;<br \/>\tmso-ansi-font-size:11.0pt;<br \/>\tmso-bidi-font-size:11.0pt;<br \/>\tmso-ascii-font-family:Calibri;<br \/>\tmso-ascii-theme-font:minor-latin;<br \/>\tmso-fareast-font-family:Calibri;<br \/>\tmso-fareast-theme-font:minor-latin;<br \/>\tmso-hansi-font-family:Calibri;<br \/>\tmso-hansi-theme-font:minor-latin;<br \/>\tmso-bidi-font-family:&#8220;Times New Roman&#8220;;<br \/>\tmso-bidi-theme-font:minor-bidi;<br \/>\tmso-font-kerning:0pt;<br \/>\tmso-ligatures:none;<br \/>\tmso-ansi-language:DE;<br \/>\tmso-fareast-language:EN-US;}.MsoPapDefault<br \/>\t{mso-style-type:export-only;<br \/>\tmargin-bottom:8.0pt;<br \/>\tline-height:107%;}div.WordSection1<br \/>\t{page:WordSection1;}<\/div>\n\t\t\t\t<\/div>\n\t\t\t\t\t\t\t<div class=\"elementor-accordion-item\">\n\t\t\t\t\t<div id=\"elementor-tab-title-2097\" class=\"elementor-tab-title\" data-tab=\"7\" role=\"button\" aria-controls=\"elementor-tab-content-2097\" aria-expanded=\"false\">\n\t\t\t\t\t\t\t\t\t\t\t\t\t<span class=\"elementor-accordion-icon elementor-accordion-icon-left\" aria-hidden=\"true\">\n\t\t\t\t\t\t\t\t\t\t\t\t\t\t\t<span class=\"elementor-accordion-icon-closed\"><i class=\"fas fa-plus\"><\/i><\/span>\n\t\t\t\t\t\t\t\t<span class=\"elementor-accordion-icon-opened\"><i class=\"fas fa-minus\"><\/i><\/span>\n\t\t\t\t\t\t\t\t\t\t\t\t\t\t<\/span>\n\t\t\t\t\t\t\t\t\t\t\t\t<a class=\"elementor-accordion-title\" tabindex=\"0\">5. \u2013 7. Juni 2023<\/a>\n\t\t\t\t\t<\/div>\n\t\t\t\t\t<div id=\"elementor-tab-content-2097\" class=\"elementor-tab-content elementor-clearfix\" data-tab=\"7\" role=\"region\" aria-labelledby=\"elementor-tab-title-2097\"><p>Teilnahme an der exp.at 2023 in \u00c9vora\/Portugal.<\/p>\n@font-face<br \/>\n\t{font-family:&#8220;Cambria Math&#8220;;<br \/>\n\tpanose-1:2 4 5 3 5 4 6 3 2 4;<br \/>\n\tmso-font-charset:0;<br \/>\n\tmso-generic-font-family:roman;<br \/>\n\tmso-font-pitch:variable;<br \/>\n\tmso-font-signature:-536870145 1107305727 0 0 415 0;}@font-face<br \/>\n\t{font-family:Calibri;<br \/>\n\tpanose-1:2 15 5 2 2 2 4 3 2 4;<br \/>\n\tmso-font-charset:0;<br \/>\n\tmso-generic-font-family:swiss;<br \/>\n\tmso-font-pitch:variable;<br \/>\n\tmso-font-signature:-469750017 -1073732485 9 0 511 0;}p.MsoNormal, li.MsoNormal, div.MsoNormal<br \/>\n\t{mso-style-unhide:no;<br \/>\n\tmso-style-qformat:yes;<br \/>\n\tmso-style-parent:&#8220;&#8220;;<br \/>\n\tmargin-top:0cm;<br \/>\n\tmargin-right:0cm;<br \/>\n\tmargin-bottom:8.0pt;<br \/>\n\tmargin-left:0cm;<br \/>\n\tline-height:107%;<br \/>\n\tmso-pagination:widow-orphan;<br \/>\n\tfont-size:11.0pt;<br \/>\n\tfont-family:&#8220;Calibri&#8220;,sans-serif;<br \/>\n\tmso-ascii-font-family:Calibri;<br \/>\n\tmso-ascii-theme-font:minor-latin;<br \/>\n\tmso-fareast-font-family:Calibri;<br \/>\n\tmso-fareast-theme-font:minor-latin;<br \/>\n\tmso-hansi-font-family:Calibri;<br \/>\n\tmso-hansi-theme-font:minor-latin;<br \/>\n\tmso-bidi-font-family:&#8220;Times New Roman&#8220;;<br \/>\n\tmso-bidi-theme-font:minor-bidi;<br \/>\n\tmso-ansi-language:DE;<br \/>\n\tmso-fareast-language:EN-US;}.MsoChpDefault<br \/>\n\t{mso-style-type:export-only;<br \/>\n\tmso-default-props:yes;<br \/>\n\tfont-size:11.0pt;<br \/>\n\tmso-ansi-font-size:11.0pt;<br \/>\n\tmso-bidi-font-size:11.0pt;<br \/>\n\tmso-ascii-font-family:Calibri;<br \/>\n\tmso-ascii-theme-font:minor-latin;<br \/>\n\tmso-fareast-font-family:Calibri;<br \/>\n\tmso-fareast-theme-font:minor-latin;<br \/>\n\tmso-hansi-font-family:Calibri;<br \/>\n\tmso-hansi-theme-font:minor-latin;<br \/>\n\tmso-bidi-font-family:&#8220;Times New Roman&#8220;;<br \/>\n\tmso-bidi-theme-font:minor-bidi;<br \/>\n\tmso-font-kerning:0pt;<br \/>\n\tmso-ligatures:none;<br \/>\n\tmso-ansi-language:DE;<br \/>\n\tmso-fareast-language:EN-US;}.MsoPapDefault<br \/>\n\t{mso-style-type:export-only;<br \/>\n\tmargin-bottom:8.0pt;<br \/>\n\tline-height:107%;}div.WordSection1<br \/>\n\t{page:WordSection1;}<\/div>\n\t\t\t\t<\/div>\n\t\t\t\t\t\t\t<div class=\"elementor-accordion-item\">\n\t\t\t\t\t<div id=\"elementor-tab-title-2098\" class=\"elementor-tab-title\" data-tab=\"8\" role=\"button\" aria-controls=\"elementor-tab-content-2098\" aria-expanded=\"false\">\n\t\t\t\t\t\t\t\t\t\t\t\t\t<span class=\"elementor-accordion-icon elementor-accordion-icon-left\" aria-hidden=\"true\">\n\t\t\t\t\t\t\t\t\t\t\t\t\t\t\t<span class=\"elementor-accordion-icon-closed\"><i class=\"fas fa-plus\"><\/i><\/span>\n\t\t\t\t\t\t\t\t<span class=\"elementor-accordion-icon-opened\"><i class=\"fas fa-minus\"><\/i><\/span>\n\t\t\t\t\t\t\t\t\t\t\t\t\t\t<\/span>\n\t\t\t\t\t\t\t\t\t\t\t\t<a class=\"elementor-accordion-title\" tabindex=\"0\">1. \u2013 4. Mai 2023<\/a>\n\t\t\t\t\t<\/div>\n\t\t\t\t\t<div id=\"elementor-tab-content-2098\" class=\"elementor-tab-content elementor-clearfix\" data-tab=\"8\" role=\"region\" aria-labelledby=\"elementor-tab-title-2098\">Teilnahme an der EDUCON\u201923 in Kuwait.@font-face\n\t{font-family:&#8220;Cambria Math&#8220;;\n\tpanose-1:2 4 5 3 5 4 6 3 2 4;\n\tmso-font-charset:0;\n\tmso-generic-font-family:roman;\n\tmso-font-pitch:variable;\n\tmso-font-signature:-536870145 1107305727 0 0 415 0;}@font-face\n\t{font-family:Calibri;\n\tpanose-1:2 15 5 2 2 2 4 3 2 4;\n\tmso-font-charset:0;\n\tmso-generic-font-family:swiss;\n\tmso-font-pitch:variable;\n\tmso-font-signature:-469750017 -1073732485 9 0 511 0;}p.MsoNormal, li.MsoNormal, div.MsoNormal\n\t{mso-style-unhide:no;\n\tmso-style-qformat:yes;\n\tmso-style-parent:&#8220;&#8220;;\n\tmargin-top:0cm;\n\tmargin-right:0cm;\n\tmargin-bottom:8.0pt;\n\tmargin-left:0cm;\n\tline-height:107%;\n\tmso-pagination:widow-orphan;\n\tfont-size:11.0pt;\n\tfont-family:&#8220;Calibri&#8220;,sans-serif;\n\tmso-ascii-font-family:Calibri;\n\tmso-ascii-theme-font:minor-latin;\n\tmso-fareast-font-family:Calibri;\n\tmso-fareast-theme-font:minor-latin;\n\tmso-hansi-font-family:Calibri;\n\tmso-hansi-theme-font:minor-latin;\n\tmso-bidi-font-family:&#8220;Times New Roman&#8220;;\n\tmso-bidi-theme-font:minor-bidi;\n\tmso-ansi-language:DE;\n\tmso-fareast-language:EN-US;}.MsoChpDefault\n\t{mso-style-type:export-only;\n\tmso-default-props:yes;\n\tfont-size:11.0pt;\n\tmso-ansi-font-size:11.0pt;\n\tmso-bidi-font-size:11.0pt;\n\tmso-ascii-font-family:Calibri;\n\tmso-ascii-theme-font:minor-latin;\n\tmso-fareast-font-family:Calibri;\n\tmso-fareast-theme-font:minor-latin;\n\tmso-hansi-font-family:Calibri;\n\tmso-hansi-theme-font:minor-latin;\n\tmso-bidi-font-family:&#8220;Times New Roman&#8220;;\n\tmso-bidi-theme-font:minor-bidi;\n\tmso-font-kerning:0pt;\n\tmso-ligatures:none;\n\tmso-ansi-language:DE;\n\tmso-fareast-language:EN-US;}.MsoPapDefault\n\t{mso-style-type:export-only;\n\tmargin-bottom:8.0pt;\n\tline-height:107%;}div.WordSection1\n\t{page:WordSection1;}<\/div>\n\t\t\t\t<\/div>\n\t\t\t\t\t\t\t<div class=\"elementor-accordion-item\">\n\t\t\t\t\t<div id=\"elementor-tab-title-2099\" class=\"elementor-tab-title\" data-tab=\"9\" role=\"button\" aria-controls=\"elementor-tab-content-2099\" aria-expanded=\"false\">\n\t\t\t\t\t\t\t\t\t\t\t\t\t<span class=\"elementor-accordion-icon elementor-accordion-icon-left\" aria-hidden=\"true\">\n\t\t\t\t\t\t\t\t\t\t\t\t\t\t\t<span class=\"elementor-accordion-icon-closed\"><i class=\"fas fa-plus\"><\/i><\/span>\n\t\t\t\t\t\t\t\t<span class=\"elementor-accordion-icon-opened\"><i class=\"fas fa-minus\"><\/i><\/span>\n\t\t\t\t\t\t\t\t\t\t\t\t\t\t<\/span>\n\t\t\t\t\t\t\t\t\t\t\t\t<a class=\"elementor-accordion-title\" tabindex=\"0\">27. September 2022<\/a>\n\t\t\t\t\t<\/div>\n\t\t\t\t\t<div id=\"elementor-tab-content-2099\" class=\"elementor-tab-content elementor-clearfix\" data-tab=\"9\" role=\"region\" aria-labelledby=\"elementor-tab-title-2099\"><p>Organisation eines Workshops auf der ICL 2022 in Wien zum Thema \u201eOnline Laboratories for School Education in Austria\u201c.<\/p>\n@font-face<br \/>\n\t{font-family:&#8220;Cambria Math&#8220;;<br \/>\n\tpanose-1:2 4 5 3 5 4 6 3 2 4;<br \/>\n\tmso-font-charset:0;<br \/>\n\tmso-generic-font-family:roman;<br \/>\n\tmso-font-pitch:variable;<br \/>\n\tmso-font-signature:-536870145 1107305727 0 0 415 0;}@font-face<br \/>\n\t{font-family:Calibri;<br \/>\n\tpanose-1:2 15 5 2 2 2 4 3 2 4;<br \/>\n\tmso-font-charset:0;<br \/>\n\tmso-generic-font-family:swiss;<br \/>\n\tmso-font-pitch:variable;<br \/>\n\tmso-font-signature:-469750017 -1073732485 9 0 511 0;}p.MsoNormal, li.MsoNormal, div.MsoNormal<br \/>\n\t{mso-style-unhide:no;<br \/>\n\tmso-style-qformat:yes;<br \/>\n\tmso-style-parent:&#8220;&#8220;;<br \/>\n\tmargin-top:0cm;<br \/>\n\tmargin-right:0cm;<br \/>\n\tmargin-bottom:8.0pt;<br \/>\n\tmargin-left:0cm;<br \/>\n\tline-height:107%;<br \/>\n\tmso-pagination:widow-orphan;<br \/>\n\tfont-size:11.0pt;<br \/>\n\tfont-family:&#8220;Calibri&#8220;,sans-serif;<br \/>\n\tmso-ascii-font-family:Calibri;<br \/>\n\tmso-ascii-theme-font:minor-latin;<br \/>\n\tmso-fareast-font-family:Calibri;<br \/>\n\tmso-fareast-theme-font:minor-latin;<br \/>\n\tmso-hansi-font-family:Calibri;<br \/>\n\tmso-hansi-theme-font:minor-latin;<br \/>\n\tmso-bidi-font-family:&#8220;Times New Roman&#8220;;<br \/>\n\tmso-bidi-theme-font:minor-bidi;<br \/>\n\tmso-ansi-language:DE;<br \/>\n\tmso-fareast-language:EN-US;}.MsoChpDefault<br \/>\n\t{mso-style-type:export-only;<br \/>\n\tmso-default-props:yes;<br \/>\n\tfont-size:11.0pt;<br \/>\n\tmso-ansi-font-size:11.0pt;<br \/>\n\tmso-bidi-font-size:11.0pt;<br \/>\n\tmso-ascii-font-family:Calibri;<br \/>\n\tmso-ascii-theme-font:minor-latin;<br \/>\n\tmso-fareast-font-family:Calibri;<br \/>\n\tmso-fareast-theme-font:minor-latin;<br \/>\n\tmso-hansi-font-family:Calibri;<br \/>\n\tmso-hansi-theme-font:minor-latin;<br \/>\n\tmso-bidi-font-family:&#8220;Times New Roman&#8220;;<br \/>\n\tmso-bidi-theme-font:minor-bidi;<br \/>\n\tmso-font-kerning:0pt;<br \/>\n\tmso-ligatures:none;<br \/>\n\tmso-ansi-language:DE;<br \/>\n\tmso-fareast-language:EN-US;}.MsoPapDefault<br \/>\n\t{mso-style-type:export-only;<br \/>\n\tmargin-bottom:8.0pt;<br \/>\n\tline-height:107%;}div.WordSection1<br \/>\n\t{page:WordSection1;}\n<p><\/p><\/div>\n\t\t\t\t<\/div>\n\t\t\t\t\t\t\t<div class=\"elementor-accordion-item\">\n\t\t\t\t\t<div id=\"elementor-tab-title-20910\" class=\"elementor-tab-title\" data-tab=\"10\" role=\"button\" aria-controls=\"elementor-tab-content-20910\" aria-expanded=\"false\">\n\t\t\t\t\t\t\t\t\t\t\t\t\t<span class=\"elementor-accordion-icon elementor-accordion-icon-left\" aria-hidden=\"true\">\n\t\t\t\t\t\t\t\t\t\t\t\t\t\t\t<span class=\"elementor-accordion-icon-closed\"><i class=\"fas fa-plus\"><\/i><\/span>\n\t\t\t\t\t\t\t\t<span class=\"elementor-accordion-icon-opened\"><i class=\"fas fa-minus\"><\/i><\/span>\n\t\t\t\t\t\t\t\t\t\t\t\t\t\t<\/span>\n\t\t\t\t\t\t\t\t\t\t\t\t<a class=\"elementor-accordion-title\" tabindex=\"0\">20. - 23. April 2021<\/a>\n\t\t\t\t\t<\/div>\n\t\t\t\t\t<div id=\"elementor-tab-content-20910\" class=\"elementor-tab-content elementor-clearfix\" data-tab=\"10\" role=\"region\" aria-labelledby=\"elementor-tab-title-20910\"><p>\n\n\n\n\n\n\n\n\n\n\n\nOrganisation der EDUCON\u201921 in Wien (auf Grund der COVID-Situation Online).@font-face\n\t{font-family:&#8220;Cambria Math&#8220;;\n\tpanose-1:2 4 5 3 5 4 6 3 2 4;\n\tmso-font-charset:0;\n\tmso-generic-font-family:roman;\n\tmso-font-pitch:variable;\n\tmso-font-signature:-536870145 1107305727 0 0 415 0;}@font-face\n\t{font-family:Calibri;\n\tpanose-1:2 15 5 2 2 2 4 3 2 4;\n\tmso-font-charset:0;\n\tmso-generic-font-family:swiss;\n\tmso-font-pitch:variable;\n\tmso-font-signature:-469750017 -1073732485 9 0 511 0;}p.MsoNormal, li.MsoNormal, div.MsoNormal\n\t{mso-style-unhide:no;\n\tmso-style-qformat:yes;\n\tmso-style-parent:&#8220;&#8220;;\n\tmargin-top:0cm;\n\tmargin-right:0cm;\n\tmargin-bottom:8.0pt;\n\tmargin-left:0cm;\n\tline-height:107%;\n\tmso-pagination:widow-orphan;\n\tfont-size:11.0pt;\n\tfont-family:&#8220;Calibri&#8220;,sans-serif;\n\tmso-ascii-font-family:Calibri;\n\tmso-ascii-theme-font:minor-latin;\n\tmso-fareast-font-family:Calibri;\n\tmso-fareast-theme-font:minor-latin;\n\tmso-hansi-font-family:Calibri;\n\tmso-hansi-theme-font:minor-latin;\n\tmso-bidi-font-family:&#8220;Times New Roman&#8220;;\n\tmso-bidi-theme-font:minor-bidi;\n\tmso-ansi-language:DE;\n\tmso-fareast-language:EN-US;}.MsoChpDefault\n\t{mso-style-type:export-only;\n\tmso-default-props:yes;\n\tfont-size:11.0pt;\n\tmso-ansi-font-size:11.0pt;\n\tmso-bidi-font-size:11.0pt;\n\tmso-ascii-font-family:Calibri;\n\tmso-ascii-theme-font:minor-latin;\n\tmso-fareast-font-family:Calibri;\n\tmso-fareast-theme-font:minor-latin;\n\tmso-hansi-font-family:Calibri;\n\tmso-hansi-theme-font:minor-latin;\n\tmso-bidi-font-family:&#8220;Times New Roman&#8220;;\n\tmso-bidi-theme-font:minor-bidi;\n\tmso-font-kerning:0pt;\n\tmso-ligatures:none;\n\tmso-ansi-language:DE;\n\tmso-fareast-language:EN-US;}.MsoPapDefault\n\t{mso-style-type:export-only;\n\tmargin-bottom:8.0pt;\n\tline-height:107%;}div.WordSection1\n\t{page:WordSection1;}<\/p><\/div>\n\t\t\t\t<\/div>\n\t\t\t\t\t\t\t<div class=\"elementor-accordion-item\">\n\t\t\t\t\t<div id=\"elementor-tab-title-20911\" class=\"elementor-tab-title\" data-tab=\"11\" role=\"button\" aria-controls=\"elementor-tab-content-20911\" aria-expanded=\"false\">\n\t\t\t\t\t\t\t\t\t\t\t\t\t<span class=\"elementor-accordion-icon elementor-accordion-icon-left\" aria-hidden=\"true\">\n\t\t\t\t\t\t\t\t\t\t\t\t\t\t\t<span class=\"elementor-accordion-icon-closed\"><i class=\"fas fa-plus\"><\/i><\/span>\n\t\t\t\t\t\t\t\t<span class=\"elementor-accordion-icon-opened\"><i class=\"fas fa-minus\"><\/i><\/span>\n\t\t\t\t\t\t\t\t\t\t\t\t\t\t<\/span>\n\t\t\t\t\t\t\t\t\t\t\t\t<a class=\"elementor-accordion-title\" tabindex=\"0\">15.9.2018 \u2013 14.2.2019<\/a>\n\t\t\t\t\t<\/div>\n\t\t\t\t\t<div id=\"elementor-tab-content-20911\" class=\"elementor-tab-content elementor-clearfix\" data-tab=\"11\" role=\"region\" aria-labelledby=\"elementor-tab-title-20911\"><p>Masterstudent Serhii Alokhin von der National Technical University Kharkiv verbringt ein Semester im Rahmen des Erasmus+ \u2013 Projekts ICMUKRAINE an der FH K\u00e4rnten.<\/p><\/div>\n\t\t\t\t<\/div>\n\t\t\t\t\t\t\t<div class=\"elementor-accordion-item\">\n\t\t\t\t\t<div id=\"elementor-tab-title-20912\" class=\"elementor-tab-title\" data-tab=\"12\" role=\"button\" aria-controls=\"elementor-tab-content-20912\" aria-expanded=\"false\">\n\t\t\t\t\t\t\t\t\t\t\t\t\t<span class=\"elementor-accordion-icon elementor-accordion-icon-left\" aria-hidden=\"true\">\n\t\t\t\t\t\t\t\t\t\t\t\t\t\t\t<span class=\"elementor-accordion-icon-closed\"><i class=\"fas fa-plus\"><\/i><\/span>\n\t\t\t\t\t\t\t\t<span class=\"elementor-accordion-icon-opened\"><i class=\"fas fa-minus\"><\/i><\/span>\n\t\t\t\t\t\t\t\t\t\t\t\t\t\t<\/span>\n\t\t\t\t\t\t\t\t\t\t\t\t<a class=\"elementor-accordion-title\" tabindex=\"0\">25. \u2013 28.9.2018<\/a>\n\t\t\t\t\t<\/div>\n\t\t\t\t\t<div id=\"elementor-tab-content-20912\" class=\"elementor-tab-content elementor-clearfix\" data-tab=\"12\" role=\"region\" aria-labelledby=\"elementor-tab-title-20912\"><p>Teilnahme an Konferenz ICL (Interactive Collaborative Learning) in Kos (3 Papers).<\/p><\/div>\n\t\t\t\t<\/div>\n\t\t\t\t\t\t\t<div class=\"elementor-accordion-item\">\n\t\t\t\t\t<div id=\"elementor-tab-title-20913\" class=\"elementor-tab-title\" data-tab=\"13\" role=\"button\" aria-controls=\"elementor-tab-content-20913\" aria-expanded=\"false\">\n\t\t\t\t\t\t\t\t\t\t\t\t\t<span class=\"elementor-accordion-icon elementor-accordion-icon-left\" aria-hidden=\"true\">\n\t\t\t\t\t\t\t\t\t\t\t\t\t\t\t<span class=\"elementor-accordion-icon-closed\"><i class=\"fas fa-plus\"><\/i><\/span>\n\t\t\t\t\t\t\t\t<span class=\"elementor-accordion-icon-opened\"><i class=\"fas fa-minus\"><\/i><\/span>\n\t\t\t\t\t\t\t\t\t\t\t\t\t\t<\/span>\n\t\t\t\t\t\t\t\t\t\t\t\t<a class=\"elementor-accordion-title\" tabindex=\"0\">August 2018<\/a>\n\t\t\t\t\t<\/div>\n\t\t\t\t\t<div id=\"elementor-tab-content-20913\" class=\"elementor-tab-content elementor-clearfix\" data-tab=\"13\" role=\"region\" aria-labelledby=\"elementor-tab-title-20913\"><p>Genehmigung Projekt dComFra und 4 weiterer ICM-Projekte mit Albanien, Armenien, Bosnien und der Ukraine.<\/p><\/div>\n\t\t\t\t<\/div>\n\t\t\t\t\t\t\t<div class=\"elementor-accordion-item\">\n\t\t\t\t\t<div id=\"elementor-tab-title-20914\" class=\"elementor-tab-title\" data-tab=\"14\" role=\"button\" aria-controls=\"elementor-tab-content-20914\" aria-expanded=\"false\">\n\t\t\t\t\t\t\t\t\t\t\t\t\t<span class=\"elementor-accordion-icon elementor-accordion-icon-left\" aria-hidden=\"true\">\n\t\t\t\t\t\t\t\t\t\t\t\t\t\t\t<span class=\"elementor-accordion-icon-closed\"><i class=\"fas fa-plus\"><\/i><\/span>\n\t\t\t\t\t\t\t\t<span class=\"elementor-accordion-icon-opened\"><i class=\"fas fa-minus\"><\/i><\/span>\n\t\t\t\t\t\t\t\t\t\t\t\t\t\t<\/span>\n\t\t\t\t\t\t\t\t\t\t\t\t<a class=\"elementor-accordion-title\" tabindex=\"0\">Sommersemester 2018<\/a>\n\t\t\t\t\t<\/div>\n\t\t\t\t\t<div id=\"elementor-tab-content-20914\" class=\"elementor-tab-content elementor-clearfix\" data-tab=\"14\" role=\"region\" aria-labelledby=\"elementor-tab-title-20914\"><p>Abschluss von 4 Masterarbeiten und 5 Bachelorarbeiten zu den Themen der Forschungsgruppe, beispielsweise Machine Learning und Parallel Computing.<\/p><\/div>\n\t\t\t\t<\/div>\n\t\t\t\t\t\t\t<div class=\"elementor-accordion-item\">\n\t\t\t\t\t<div id=\"elementor-tab-title-20915\" class=\"elementor-tab-title\" data-tab=\"15\" role=\"button\" aria-controls=\"elementor-tab-content-20915\" aria-expanded=\"false\">\n\t\t\t\t\t\t\t\t\t\t\t\t\t<span class=\"elementor-accordion-icon elementor-accordion-icon-left\" aria-hidden=\"true\">\n\t\t\t\t\t\t\t\t\t\t\t\t\t\t\t<span class=\"elementor-accordion-icon-closed\"><i class=\"fas fa-plus\"><\/i><\/span>\n\t\t\t\t\t\t\t\t<span class=\"elementor-accordion-icon-opened\"><i class=\"fas fa-minus\"><\/i><\/span>\n\t\t\t\t\t\t\t\t\t\t\t\t\t\t<\/span>\n\t\t\t\t\t\t\t\t\t\t\t\t<a class=\"elementor-accordion-title\" tabindex=\"0\">13. \u2013\u00a015.6.2018<\/a>\n\t\t\t\t\t<\/div>\n\t\t\t\t\t<div id=\"elementor-tab-content-20915\" class=\"elementor-tab-content elementor-clearfix\" data-tab=\"15\" role=\"region\" aria-labelledby=\"elementor-tab-title-20915\"><p>Teilnahme an Konferenz ICELW (E-Learning in the Workplace) in New York (1 Paper).<\/p><\/div>\n\t\t\t\t<\/div>\n\t\t\t\t\t\t\t<div class=\"elementor-accordion-item\">\n\t\t\t\t\t<div id=\"elementor-tab-title-20916\" class=\"elementor-tab-title\" data-tab=\"16\" role=\"button\" aria-controls=\"elementor-tab-content-20916\" aria-expanded=\"false\">\n\t\t\t\t\t\t\t\t\t\t\t\t\t<span class=\"elementor-accordion-icon elementor-accordion-icon-left\" aria-hidden=\"true\">\n\t\t\t\t\t\t\t\t\t\t\t\t\t\t\t<span class=\"elementor-accordion-icon-closed\"><i class=\"fas fa-plus\"><\/i><\/span>\n\t\t\t\t\t\t\t\t<span class=\"elementor-accordion-icon-opened\"><i class=\"fas fa-minus\"><\/i><\/span>\n\t\t\t\t\t\t\t\t\t\t\t\t\t\t<\/span>\n\t\t\t\t\t\t\t\t\t\t\t\t<a class=\"elementor-accordion-title\" tabindex=\"0\">21. \u2013 25.5.2018<\/a>\n\t\t\t\t\t<\/div>\n\t\t\t\t\t<div id=\"elementor-tab-content-20916\" class=\"elementor-tab-content elementor-clearfix\" data-tab=\"16\" role=\"region\" aria-labelledby=\"elementor-tab-title-20916\"><p>Teilnahme an Konferenz MIPRO in Opatija (1 Paper).<\/p><\/div>\n\t\t\t\t<\/div>\n\t\t\t\t\t\t\t<div class=\"elementor-accordion-item\">\n\t\t\t\t\t<div id=\"elementor-tab-title-20917\" class=\"elementor-tab-title\" data-tab=\"17\" role=\"button\" aria-controls=\"elementor-tab-content-20917\" aria-expanded=\"false\">\n\t\t\t\t\t\t\t\t\t\t\t\t\t<span class=\"elementor-accordion-icon elementor-accordion-icon-left\" aria-hidden=\"true\">\n\t\t\t\t\t\t\t\t\t\t\t\t\t\t\t<span class=\"elementor-accordion-icon-closed\"><i class=\"fas fa-plus\"><\/i><\/span>\n\t\t\t\t\t\t\t\t<span class=\"elementor-accordion-icon-opened\"><i class=\"fas fa-minus\"><\/i><\/span>\n\t\t\t\t\t\t\t\t\t\t\t\t\t\t<\/span>\n\t\t\t\t\t\t\t\t\t\t\t\t<a class=\"elementor-accordion-title\" tabindex=\"0\">17. \u2013\u00a020.4.2018<\/a>\n\t\t\t\t\t<\/div>\n\t\t\t\t\t<div id=\"elementor-tab-content-20917\" class=\"elementor-tab-content elementor-clearfix\" data-tab=\"17\" role=\"region\" aria-labelledby=\"elementor-tab-title-20917\"><p>Teilnahme an Konferenz EDUCON (IEEE Global Engineering Conference) in Santa Cruz de Tenerife (2 Papers).<\/p><\/div>\n\t\t\t\t<\/div>\n\t\t\t\t\t\t\t<div class=\"elementor-accordion-item\">\n\t\t\t\t\t<div id=\"elementor-tab-title-20918\" class=\"elementor-tab-title\" data-tab=\"18\" role=\"button\" aria-controls=\"elementor-tab-content-20918\" aria-expanded=\"false\">\n\t\t\t\t\t\t\t\t\t\t\t\t\t<span class=\"elementor-accordion-icon elementor-accordion-icon-left\" aria-hidden=\"true\">\n\t\t\t\t\t\t\t\t\t\t\t\t\t\t\t<span class=\"elementor-accordion-icon-closed\"><i class=\"fas fa-plus\"><\/i><\/span>\n\t\t\t\t\t\t\t\t<span class=\"elementor-accordion-icon-opened\"><i class=\"fas fa-minus\"><\/i><\/span>\n\t\t\t\t\t\t\t\t\t\t\t\t\t\t<\/span>\n\t\t\t\t\t\t\t\t\t\t\t\t<a class=\"elementor-accordion-title\" tabindex=\"0\">21. \u2013\u00a023.3.2018<\/a>\n\t\t\t\t\t<\/div>\n\t\t\t\t\t<div id=\"elementor-tab-content-20918\" class=\"elementor-tab-content elementor-clearfix\" data-tab=\"18\" role=\"region\" aria-labelledby=\"elementor-tab-title-20918\"><p>Teilnahme an Konferenz REV (Remote Engineering and Virtual Instrumentation) in D\u00fcsseldorf (4 Papers).<\/p><\/div>\n\t\t\t\t<\/div>\n\t\t\t\t\t\t\t<div class=\"elementor-accordion-item\">\n\t\t\t\t\t<div id=\"elementor-tab-title-20919\" class=\"elementor-tab-title\" data-tab=\"19\" role=\"button\" aria-controls=\"elementor-tab-content-20919\" aria-expanded=\"false\">\n\t\t\t\t\t\t\t\t\t\t\t\t\t<span class=\"elementor-accordion-icon elementor-accordion-icon-left\" aria-hidden=\"true\">\n\t\t\t\t\t\t\t\t\t\t\t\t\t\t\t<span class=\"elementor-accordion-icon-closed\"><i class=\"fas fa-plus\"><\/i><\/span>\n\t\t\t\t\t\t\t\t<span class=\"elementor-accordion-icon-opened\"><i class=\"fas fa-minus\"><\/i><\/span>\n\t\t\t\t\t\t\t\t\t\t\t\t\t\t<\/span>\n\t\t\t\t\t\t\t\t\t\t\t\t<a class=\"elementor-accordion-title\" tabindex=\"0\">15.1. \u2013 14.6.2018<\/a>\n\t\t\t\t\t<\/div>\n\t\t\t\t\t<div id=\"elementor-tab-content-20919\" class=\"elementor-tab-content elementor-clearfix\" data-tab=\"19\" role=\"region\" aria-labelledby=\"elementor-tab-title-20919\"><p>Masterstudent Valentyn Zaleskij von der National Technical University Kharkiv verbringt ein Semester im Rahmen des Erasmus+ \u2013 Projekts ICMUKRAINE an der FH K\u00e4rnten.<\/p><\/div>\n\t\t\t\t<\/div>\n\t\t\t\t\t\t\t<div class=\"elementor-accordion-item\">\n\t\t\t\t\t<div id=\"elementor-tab-title-20920\" class=\"elementor-tab-title\" data-tab=\"20\" role=\"button\" aria-controls=\"elementor-tab-content-20920\" aria-expanded=\"false\">\n\t\t\t\t\t\t\t\t\t\t\t\t\t<span class=\"elementor-accordion-icon elementor-accordion-icon-left\" aria-hidden=\"true\">\n\t\t\t\t\t\t\t\t\t\t\t\t\t\t\t<span class=\"elementor-accordion-icon-closed\"><i class=\"fas fa-plus\"><\/i><\/span>\n\t\t\t\t\t\t\t\t<span class=\"elementor-accordion-icon-opened\"><i class=\"fas fa-minus\"><\/i><\/span>\n\t\t\t\t\t\t\t\t\t\t\t\t\t\t<\/span>\n\t\t\t\t\t\t\t\t\t\t\t\t<a class=\"elementor-accordion-title\" tabindex=\"0\">28.11. \u2013 2.12.2017<\/a>\n\t\t\t\t\t<\/div>\n\t\t\t\t\t<div id=\"elementor-tab-content-20920\" class=\"elementor-tab-content elementor-clearfix\" data-tab=\"20\" role=\"region\" aria-labelledby=\"elementor-tab-title-20920\"><p>Thomas Klinger h\u00e4lt Lehrveranstaltungen an der Partnerhochschule National Technical University Kharkiv im Rahmen des Erasmus+ \u2013 Projekts ICMUKRAINE.<\/p><\/div>\n\t\t\t\t<\/div>\n\t\t\t\t\t\t\t\t<\/div>\n\t\t\t\t\t\t<\/div>\n\t\t\t\t<\/div>\n\t\t\t\t\t<\/div>\n\t\t<\/div>\n\t\t\t\t\t<\/div>\n\t\t<\/section>\n\t\t\t\t<div class=\"elementor-element elementor-element-d3830d5 elementor-widget elementor-widget-spacer\" data-id=\"d3830d5\" data-element_type=\"widget\" data-e-type=\"widget\" data-widget_type=\"spacer.default\">\n\t\t\t\t<div class=\"elementor-widget-container\">\n\t\t\t\t\t\t\t<div class=\"elementor-spacer\">\n\t\t\t<div class=\"elementor-spacer-inner\"><\/div>\n\t\t<\/div>\n\t\t\t\t\t\t<\/div>\n\t\t\t\t<\/div>\n\t\t\t\t\t<\/div>\n\t\t<\/div>\n\t\t\t\t\t<\/div>\n\t\t<\/section>\n\t\t\t\t<section class=\"elementor-section elementor-top-section elementor-element elementor-element-542d990 elementor-section-boxed elementor-section-height-default elementor-section-height-default\" data-id=\"542d990\" data-element_type=\"section\" data-e-type=\"section\" data-settings=\"{&quot;background_background&quot;:&quot;classic&quot;}\">\n\t\t\t\t\t\t<div class=\"elementor-container elementor-column-gap-default\">\n\t\t\t\t\t<div class=\"elementor-column elementor-col-100 elementor-top-column elementor-element elementor-element-c7b09ea\" data-id=\"c7b09ea\" data-element_type=\"column\" data-e-type=\"column\">\n\t\t\t<div class=\"elementor-widget-wrap elementor-element-populated\">\n\t\t\t\t\t\t<div class=\"elementor-element elementor-element-a5527b0 elementor-widget elementor-widget-spacer\" data-id=\"a5527b0\" data-element_type=\"widget\" data-e-type=\"widget\" data-widget_type=\"spacer.default\">\n\t\t\t\t<div class=\"elementor-widget-container\">\n\t\t\t\t\t\t\t<div class=\"elementor-spacer\">\n\t\t\t<div class=\"elementor-spacer-inner\"><\/div>\n\t\t<\/div>\n\t\t\t\t\t\t<\/div>\n\t\t\t\t<\/div>\n\t\t\t\t<div class=\"elementor-element elementor-element-d58c763 elementor-widget elementor-widget-heading\" data-id=\"d58c763\" data-element_type=\"widget\" data-e-type=\"widget\" id=\"projekte\" data-widget_type=\"heading.default\">\n\t\t\t\t<div class=\"elementor-widget-container\">\n\t\t\t\t\t<h2 class=\"elementor-heading-title elementor-size-default\">Projekte<\/h2>\t\t\t\t<\/div>\n\t\t\t\t<\/div>\n\t\t\t\t<div class=\"elementor-element elementor-element-069698d elementor-widget-divider--view-line elementor-widget elementor-widget-divider\" data-id=\"069698d\" data-element_type=\"widget\" data-e-type=\"widget\" data-widget_type=\"divider.default\">\n\t\t\t\t<div class=\"elementor-widget-container\">\n\t\t\t\t\t\t\t<div class=\"elementor-divider\">\n\t\t\t<span class=\"elementor-divider-separator\">\n\t\t\t\t\t\t<\/span>\n\t\t<\/div>\n\t\t\t\t\t\t<\/div>\n\t\t\t\t<\/div>\n\t\t\t\t<div class=\"elementor-element elementor-element-16d4be9 elementor-widget elementor-widget-heading\" data-id=\"16d4be9\" data-element_type=\"widget\" data-e-type=\"widget\" data-widget_type=\"heading.default\">\n\t\t\t\t<div class=\"elementor-widget-container\">\n\t\t\t\t\t<h3 class=\"elementor-heading-title elementor-size-default\">Laufende Projekte<\/h3>\t\t\t\t<\/div>\n\t\t\t\t<\/div>\n\t\t\t\t<div class=\"elementor-element elementor-element-55e7f95 elementor-widget elementor-widget-accordion\" data-id=\"55e7f95\" data-element_type=\"widget\" data-e-type=\"widget\" data-widget_type=\"accordion.default\">\n\t\t\t\t<div class=\"elementor-widget-container\">\n\t\t\t\t\t\t\t<div class=\"elementor-accordion\">\n\t\t\t\t\t\t\t<div class=\"elementor-accordion-item\">\n\t\t\t\t\t<div id=\"elementor-tab-title-9001\" class=\"elementor-tab-title\" data-tab=\"1\" role=\"button\" aria-controls=\"elementor-tab-content-9001\" aria-expanded=\"false\">\n\t\t\t\t\t\t\t\t\t\t\t\t\t<span class=\"elementor-accordion-icon elementor-accordion-icon-left\" aria-hidden=\"true\">\n\t\t\t\t\t\t\t\t\t\t\t\t\t\t\t<span class=\"elementor-accordion-icon-closed\"><i class=\"fas fa-plus\"><\/i><\/span>\n\t\t\t\t\t\t\t\t<span class=\"elementor-accordion-icon-opened\"><i class=\"fas fa-minus\"><\/i><\/span>\n\t\t\t\t\t\t\t\t\t\t\t\t\t\t<\/span>\n\t\t\t\t\t\t\t\t\t\t\t\t<a class=\"elementor-accordion-title\" tabindex=\"0\">EDU-CIRC<\/a>\n\t\t\t\t\t<\/div>\n\t\t\t\t\t<div id=\"elementor-tab-content-9001\" class=\"elementor-tab-content elementor-clearfix\" data-tab=\"1\" role=\"region\" aria-labelledby=\"elementor-tab-title-9001\"><p><img loading=\"lazy\" decoding=\"async\" class=\"size-medium wp-image-372 alignright lazyload\" src=\"data:image\/gif;base64,R0lGODlhAQABAAAAACH5BAEKAAEALAAAAAABAAEAAAICTAEAOw==\" alt=\"\" width=\"300\" height=\"64\" data-src=\"https:\/\/forschung.fh-kaernten.at\/mylab\/files\/2024\/02\/Logo_EDU-CIRC_orizz-SX-300x64.png\"><\/p><p>EDU-CIRC ist eine Sensibilisierungs-\/Schulungsma\u00dfnahme, um das langfristige Potenzial der Kreislaufwirtschaft und Dekarbonisierung in Produktionsunternehmen zu forcieren. Ziel ist es Jugendliche aus Berufs- und Oberschulen, Hochschulg\u00e4nger, Lehrkr\u00e4fte als auch Fachkr\u00e4fte aus Industrie und Handwerk in Grundprinzipien, Methoden, Instrumenten und Best Practice Anwendungen zu qualifizieren und somit grenz- als auch generations\u00fcbergreifend die aktuell vorhandene Bildungsl\u00fccke zu schlie\u00dfen und damit den Wandel in Richtung einer zirkul\u00e4ren und CO2-neutralen Produktion zu beschleunigen. Die im Projekt entwickelten Lehrunterlagen, Lehrmethoden und Aus-\/Weiterbildungsma\u00dfnahmen weisen dabei eine hohe Praxisrelevanz auf, da sie auf 3 f\u00fcr den Alpenraum bedeutenden Wertsch\u00f6pfungsketten basieren: (1) Holzverarbeitung, (2) Bauwesen und (3) Automotive. Nach einer anf\u00e4nglichen Analyse und Kartierung der Beschaffung, Verwendung und Wieder-\/Weiterverwendung von Materialien aus den Unternehmen werden zielgruppenspezifische Lehrunterlagen erstellt und auf dem EDU-CIRC Portal offen zur Verf\u00fcgung gestellt. Die Entwicklung und Umsetzung von Aus- und Weiterbildungsangeboten, Circular-Factory Tours sowie grenz\u00fcbergreifende Circularity-Hackathons runden die Initiative ab.<\/p><p><strong>PROJEKTDAUER:<\/strong> 01.12.2023 \u2013 31.01.2026<br \/><strong>PROJEKTBUDGET:<\/strong> 930.120,24 \u20ac<br \/><strong>EFRE MITTEL <\/strong>744.096,18 \u20ac<\/p><\/div>\n\t\t\t\t<\/div>\n\t\t\t\t\t\t\t<div class=\"elementor-accordion-item\">\n\t\t\t\t\t<div id=\"elementor-tab-title-9002\" class=\"elementor-tab-title\" data-tab=\"2\" role=\"button\" aria-controls=\"elementor-tab-content-9002\" aria-expanded=\"false\">\n\t\t\t\t\t\t\t\t\t\t\t\t\t<span class=\"elementor-accordion-icon elementor-accordion-icon-left\" aria-hidden=\"true\">\n\t\t\t\t\t\t\t\t\t\t\t\t\t\t\t<span class=\"elementor-accordion-icon-closed\"><i class=\"fas fa-plus\"><\/i><\/span>\n\t\t\t\t\t\t\t\t<span class=\"elementor-accordion-icon-opened\"><i class=\"fas fa-minus\"><\/i><\/span>\n\t\t\t\t\t\t\t\t\t\t\t\t\t\t<\/span>\n\t\t\t\t\t\t\t\t\t\t\t\t<a class=\"elementor-accordion-title\" tabindex=\"0\">H2GreenFUTURE<\/a>\n\t\t\t\t\t<\/div>\n\t\t\t\t\t<div id=\"elementor-tab-content-9002\" class=\"elementor-tab-content elementor-clearfix\" data-tab=\"2\" role=\"region\" aria-labelledby=\"elementor-tab-title-9002\"><p><strong><img loading=\"lazy\" decoding=\"async\" class=\"size-medium wp-image-323 alignright lazyload\" src=\"data:image\/gif;base64,R0lGODlhAQABAAAAACH5BAEKAAEALAAAAAABAAEAAAICTAEAOw==\" alt=\"\" width=\"300\" height=\"155\" data-src=\"https:\/\/forschung.fh-kaernten.at\/mylab\/files\/2024\/02\/interreg_greenfuture-300x155.png\">Projekttittel<\/strong>: Bew\u00e4ltigung der Herausforderungen bei der Entwicklung von Wasserstofftechnologien f\u00fcr den \u00dcbergang zu einer kohlenstoffneutralen Gesellschaft in Slowenien und \u00d6sterreich<\/p><p><strong>PROJEKTDAUER:<\/strong> 01.12.2023 &#8211; 30.11.2026<br \/><strong>PROJEKTBUDGET:<\/strong> 1.341.271,09\u20ac<br \/><strong>EFRE MITTEL <\/strong>1.073.016,87 EUR<br \/><strong>KURZE PROJEKTBESCHREIBUNG:<\/strong><\/p><p>H2GreenFUTURE ist ein Projekt, das sich mit den Herausforderungen befasst, die mit der Entwicklung von Wasserstofftechnologien f\u00fcr den \u00dcbergang zu einer kohlenstoffneutralen Gesellschaft in Slowenien und \u00d6sterreich verbunden sind. Das Projekt tr\u00e4gt den zunehmenden Auswirkungen des Klimawandels Rechnung und betont die Notwendigkeit, die Treibhausgasemissionen zu reduzieren und sich an kohlenstoffarme Technologien wie Wasserstoff anzupassen.<\/p><p>Zu den wichtigsten Aspekten des Projekts geh\u00f6ren die Entwicklung von Pilotinfrastrukturen f\u00fcr Wasserstofftechnologien, die F\u00f6rderung der Kompetenzentwicklung in Unternehmen und bei Studenten sowie der Aufbau eines umfassenden Innovations\u00f6kosystems mit einem stabilen Rechtsrahmen. Der Quadruple-Helix-Ansatz, der Regierung, Industrie, Wissenschaft und Zivilgesellschaft einbezieht, steht im Mittelpunkt der Projektstrategie.<\/p><p>Die Projektaktivit\u00e4ten konzentrieren sich auf drei S\u00e4ulen: Forschung und Innovation, Wissen und Kompetenzen sowie die Einf\u00fchrung von Testmechanismen zur Anpassung der Gesetzgebung an disruptive Innovationen. Es umfasst ein grenz\u00fcberschreitendes H2-Demo-Pilotprojekt zur Ermittlung von Hindernissen im grenz\u00fcberschreitenden Bereich, eine regulatorische Sandbox zur Schaffung eines Rechtsrahmens sowie Initiativen zur Sensibilisierung und zum Wissenstransfer.<\/p><p>H2GreenFUTURE steht im Einklang mit der Roadmap f\u00fcr Wasserstofftechnologien in der Interreg-Region Slowenien und \u00d6sterreich und baut auf den Grundlagen des H2GreenTECH-Projekts (Interreg SI-AT) auf. Kontinuierliche grenz\u00fcberschreitende Zusammenarbeit, innovative Ans\u00e4tze wie Pilotdemonstrationen und regulatorische Sandk\u00e4sten sowie eine Mischung aus digitalen und traditionellen Bildungsmethoden unterstreichen das Engagement des Projekts, die Entwicklung der Wasserstofftechnologie in der Region zu f\u00f6rdern.<strong>\u00a0<\/strong><\/p><p><strong>Die wichtigsten Ergebnisse des H2GreenFUTURE-Projekts sind:<\/strong><\/p><ol><li>Grenz\u00fcberschreitendes H2-Demo-Pilotprojekt und Roadmap zur technologischen grenz\u00fcberschreitenden H2 Zusammenarbeit<\/li><li>H2 Regulatory Sandbox Simulation und H2GreenFUTURE Policy Brief<\/li><li>Pilotimplementierung des H2GreenFUTURE Trainings<\/li><\/ol><p><strong>PROJEKT-KONSORTIUM:<\/strong><\/p><ul><li>NIC &#8211; National institute of Chemistry, Lead partner<\/li><li>\u0160GZ &#8211; \u0160tajerska gospodarska zbornica \/ Styria Chamber of Commerce and Industry<\/li><li>FB &#8211; Forschung Burgenland GmbH<\/li><li>TU Graz &#8211; Technische Universit\u00e4t Graz<\/li><li>CUAS &#8211; Fachhochschule K\u00e4rnten GmbH<\/li><li>RDAZ &#8211; Zasavje Regional Development Agency<\/li><\/ul><p>Das Projekt H2GreenFUTURE wird im Rahmen des Interreg-Programms Slowenien-\u00d6sterreich vom Europ\u00e4ischen Fond f\u00fcr regionale Entwicklung gef\u00f6rdert.<\/p><\/div>\n\t\t\t\t<\/div>\n\t\t\t\t\t\t\t<div class=\"elementor-accordion-item\">\n\t\t\t\t\t<div id=\"elementor-tab-title-9003\" class=\"elementor-tab-title\" data-tab=\"3\" role=\"button\" aria-controls=\"elementor-tab-content-9003\" aria-expanded=\"false\">\n\t\t\t\t\t\t\t\t\t\t\t\t\t<span class=\"elementor-accordion-icon elementor-accordion-icon-left\" aria-hidden=\"true\">\n\t\t\t\t\t\t\t\t\t\t\t\t\t\t\t<span class=\"elementor-accordion-icon-closed\"><i class=\"fas fa-plus\"><\/i><\/span>\n\t\t\t\t\t\t\t\t<span class=\"elementor-accordion-icon-opened\"><i class=\"fas fa-minus\"><\/i><\/span>\n\t\t\t\t\t\t\t\t\t\t\t\t\t\t<\/span>\n\t\t\t\t\t\t\t\t\t\t\t\t<a class=\"elementor-accordion-title\" tabindex=\"0\">EtD-FaM<\/a>\n\t\t\t\t\t<\/div>\n\t\t\t\t\t<div id=\"elementor-tab-content-9003\" class=\"elementor-tab-content elementor-clearfix\" data-tab=\"3\" role=\"region\" aria-labelledby=\"elementor-tab-title-9003\"><p>The EtD-FaM-Project is dedicated to develop five makerspaces at remote universities in Ethiopia and one at the University of Djibouti focusing on female lecturers and students to enable them to improve their practical (hands-on) skills and contribute to the economic development of their environments as well as to Ethiopia\u2019s\/Djibouti&#8217;s commitments to the objectives of CESA, COMESA and SDGs. The EtD-FaM-Project goal is to provide lecturers and students a company-like environment to acquire practical skills as requested by potential employers. The EtD-FaM-Project representatives with their background are setting the frame for the makerspaces towards civil engineering\/construction, agriculture, manufacturing, veterinary medicine and business. All makerspaces will become an integral part in the respective study programmes and should encourage students to start working hands-on either for prototyping of tools\/instruments needed for their work in the field or for products that will be further elaborated in incubation centers or in collaboration with industries. The EtD-FaM-Project is structured to collect best practices from European Partners\u2019 makerspaces. The initial needs analysis has defined 10 topics important to be considered in the EtD-FaM-Project. Best practices from Europe on these topics will lead the design of the Ethiopian\/Djibouti makerspaces. Based on the different focus of the makerspaces lists of tools and instruments are mapped. In a triple-approach the makerspaces will be equipped: (1) unused equipment from universities, (2) donations from companies, NGOs and individuals, (3) procurement of needed equipment. The EtD-FaM makerspaces will be established at the premises of the respective EtD-FaM-Partner (in-kind contribution). A Training-of-Trainer (ToT) session will educate certified trainers in the design, establishment and managing of makerspaces. The Association of Women in Business (AWiB) as Partner in the Project will provide specific leadership training. In general, certificates will be issued as digital badges. Special focus will be brought on the peer review and coaching sessions, where the women will support each other in optimizing the makerspace at their premises. It is the intention of the Project to set up the Horn Makerspace Institute (HMI) as an umbrella organization for EtD-FaM makerspaces. The HMI will offer consultancy and advisory services for universities in the Horn of Africa region and further to the COMESA member countries. Annual competitions of makerspace users will bring attention and visibility to the HMI, the users of the EtD-FaM makerspaces and should encourage female makerspace users to excel in their practical skills. The EtD-FaM-Project will enhance the quality of higher education in the field of vocational training, teaching and applying entrepreneurial skills; improve the competences, skills, and employability of students; and contribute to the internationalization efforts of Ethiopian\/Djibouti universities. The makerspace becomes an integrated part in the education of the students at EtD-FaM-Project-Partner- Universities. The certified trainers will be available to multiply the makerspace efforts in different disciplines, regions and countries. Overall, the EtD-FaM-Project will have a direct reach-out to 1800 female lecturers\/students\/citizen-scientists. The outreach in numbers through conference participations and publication of produced documents during the EtD-FaM-Project implementation on the Ethiopian open-source repository (NADRE) will be indefinite around the globe.<\/p><p><a href=\"https:\/\/etd-fam.arsiun.edu.et\/\" target=\"_blank\" rel=\"noopener\">https:\/\/etd-fam.arsiun.edu.et\/<\/a><\/p><\/div>\n\t\t\t\t<\/div>\n\t\t\t\t\t\t\t<div class=\"elementor-accordion-item\">\n\t\t\t\t\t<div id=\"elementor-tab-title-9004\" class=\"elementor-tab-title\" data-tab=\"4\" role=\"button\" aria-controls=\"elementor-tab-content-9004\" aria-expanded=\"false\">\n\t\t\t\t\t\t\t\t\t\t\t\t\t<span class=\"elementor-accordion-icon elementor-accordion-icon-left\" aria-hidden=\"true\">\n\t\t\t\t\t\t\t\t\t\t\t\t\t\t\t<span class=\"elementor-accordion-icon-closed\"><i class=\"fas fa-plus\"><\/i><\/span>\n\t\t\t\t\t\t\t\t<span class=\"elementor-accordion-icon-opened\"><i class=\"fas fa-minus\"><\/i><\/span>\n\t\t\t\t\t\t\t\t\t\t\t\t\t\t<\/span>\n\t\t\t\t\t\t\t\t\t\t\t\t<a class=\"elementor-accordion-title\" tabindex=\"0\">ETATEI<\/a>\n\t\t\t\t\t<\/div>\n\t\t\t\t\t<div id=\"elementor-tab-content-9004\" class=\"elementor-tab-content elementor-clearfix\" data-tab=\"4\" role=\"region\" aria-labelledby=\"elementor-tab-title-9004\"><p>The ETATEI-Project is dedicated to develop a Bachelor study program (210 ECTS) in automation engineering in five variations, in order to support Ethiopian government&#8217;s effort in the industrialization process as described in the &#8222;Home Grown Reform Agenda&#8220; and to contribute to Ethiopia\/Djibouti&#8217;s commitments to the objectives of CESA, COMESA and SDGs. The ETATEI-Project goal is to establish automation education hubs in the regions of selected universities. Labs will focus on the variations in the automation engineering study program (agriculture, manufacturing, renewable energy, mining etc). A well-balanced education between theory, hands-on trainings and practical company experience guarantees that graduates meet the criteria of &#8222;academically trained professionals\u201d as expected by potential employers. Debre Birhan University will host the ETATEI Training &amp; Job Center as an umbrella organization that links industries to the ETATEI-Project Partners so that necessary adjustments in the study program can be communicated directly and accommodated accordingly. Additionally, it will coordinate trainings for industries in the five ETATEI labs (20 training places), certify trainers, teaching &amp; training material and collaborate with university partners on periodic updates of curricula and respective courses. The cloud-based e-learning platform and the online glossary ensure sustainability. The ETATEI-Project will enhance the quality of higher education in the field of training, teaching, assessment mechanisms, quality assurance, knowledge base, digital and entrepreneurial capacities; improve the competences, skills, and employability of students; and contribute to the internationalization efforts of Ethiopian\/Djibouti universities. The study program with its variations will be accredited by the national accreditation authorities. The certified courses for the LLLprocess together with the study program will reach 1,200+ students\/trainees annually.<\/p><\/div>\n\t\t\t\t<\/div>\n\t\t\t\t\t\t\t<div class=\"elementor-accordion-item\">\n\t\t\t\t\t<div id=\"elementor-tab-title-9005\" class=\"elementor-tab-title\" data-tab=\"5\" role=\"button\" aria-controls=\"elementor-tab-content-9005\" aria-expanded=\"false\">\n\t\t\t\t\t\t\t\t\t\t\t\t\t<span class=\"elementor-accordion-icon elementor-accordion-icon-left\" aria-hidden=\"true\">\n\t\t\t\t\t\t\t\t\t\t\t\t\t\t\t<span class=\"elementor-accordion-icon-closed\"><i class=\"fas fa-plus\"><\/i><\/span>\n\t\t\t\t\t\t\t\t<span class=\"elementor-accordion-icon-opened\"><i class=\"fas fa-minus\"><\/i><\/span>\n\t\t\t\t\t\t\t\t\t\t\t\t\t\t<\/span>\n\t\t\t\t\t\t\t\t\t\t\t\t<a class=\"elementor-accordion-title\" tabindex=\"0\">TransAC<\/a>\n\t\t\t\t\t<\/div>\n\t\t\t\t\t<div id=\"elementor-tab-content-9005\" class=\"elementor-tab-content elementor-clearfix\" data-tab=\"5\" role=\"region\" aria-labelledby=\"elementor-tab-title-9005\"><p><strong>TransAC \u2013 Establishing a Danube training academy as measure against brain drain from rural and crisis regions<\/strong><\/p><p><strong><img loading=\"lazy\" decoding=\"async\" class=\"wp-image-584 size-medium alignright lazyload\" src=\"data:image\/gif;base64,R0lGODlhAQABAAAAACH5BAEKAAEALAAAAAABAAEAAAICTAEAOw==\" alt=\"\" width=\"214\" height=\"300\" data-src=\"https:\/\/forschung.fh-kaernten.at\/mylab\/files\/2025\/09\/TransAC-Projektbild-Logo-HP-214x300.jpg\"><\/strong><\/p><p>This project aims to counteract brain drain in rural and crisis-affected areas of the Danube region by establishing a transnational training academy focused on additive manufacturing (AM). The project targets young people and vulnerable groups \u2013 such as the unemployed, women, older adults, and workers from carbon-intensive sectors \u2013 by offering inclusive and future-oriented training opportunities.<\/p><p>Through pilot centres, remote labs, and FabLabs, TransAC delivers hands-on and digital learning formats co-developed by education, industry, and policy partners. By building regional capacity in AM, the project fosters economic resilience and strengthens access to quality lifelong learning. Read more on the project website.<\/p><p>This project is supported by the Interreg Danube Region Programme co-funded by the European Union (DRP0301105)<\/p><\/div>\n\t\t\t\t<\/div>\n\t\t\t\t\t\t\t<div class=\"elementor-accordion-item\">\n\t\t\t\t\t<div id=\"elementor-tab-title-9006\" class=\"elementor-tab-title\" data-tab=\"6\" role=\"button\" aria-controls=\"elementor-tab-content-9006\" aria-expanded=\"false\">\n\t\t\t\t\t\t\t\t\t\t\t\t\t<span class=\"elementor-accordion-icon elementor-accordion-icon-left\" aria-hidden=\"true\">\n\t\t\t\t\t\t\t\t\t\t\t\t\t\t\t<span class=\"elementor-accordion-icon-closed\"><i class=\"fas fa-plus\"><\/i><\/span>\n\t\t\t\t\t\t\t\t<span class=\"elementor-accordion-icon-opened\"><i class=\"fas fa-minus\"><\/i><\/span>\n\t\t\t\t\t\t\t\t\t\t\t\t\t\t<\/span>\n\t\t\t\t\t\t\t\t\t\t\t\t<a class=\"elementor-accordion-title\" tabindex=\"0\">NEXT \u2013 Digital Transformations for Supporting Next-Generation Labour<\/a>\n\t\t\t\t\t<\/div>\n\t\t\t\t\t<div id=\"elementor-tab-content-9006\" class=\"elementor-tab-content elementor-clearfix\" data-tab=\"6\" role=\"region\" aria-labelledby=\"elementor-tab-title-9006\"><p>NEXT is the Erasmus+ KA2 CBHE project started on November 1, 2023; it finishes on October 31, 2026.<\/p><p>The project is being carried out by the consortium:<\/p><ul><li>Slovak University of Technology in Bratislava (<a href=\"https:\/\/www.stuba.sk\/\">STUBA<\/a>) \u2013 coordinator<\/li><li>Czech Technical University in Prague (<a href=\"https:\/\/www.cvut.cz\/\">CVUT<\/a>) \u2013 consortium member<\/li><li>Carinthia University of Applied Science (<a href=\"http:\/\/www.fh-kaernten.at\">CUAS<\/a>) \u2013 consortium member<\/li><li>Dublin City University (DCU) \u2013 consortium member\u00a0<\/li><li>Igor Sikorsky Kyiv Polytechnic Institute (ISKPI) \u2013 consortium member<\/li><li>Odesa Polytechnic National University (OPNU) \u2013 consortium member<\/li><li>Ivan Franko National University of Lviv (IFNUL) \u2013 consortium member<\/li><li>Cherkasy State Technological University (ChSTU) \u2013 consortium member<\/li><li>Accenture (ACT) \u2013 associated partner<\/li><li>Atos IT Solutions and Services in Slovakia (<a href=\"https:\/\/atos.net\/en\/\" target=\"_blank\" rel=\"noopener\">ATS<\/a>) \u2013 associated partner<\/li><\/ul><p>The objective of the NEXT project is to narrow the existing gap between the rapid pace of digital transformation, and the training of specialists from different fields, especially those that are not related to IT. The issue is that at present the aforementioned specialists are not sufficiently skilled to efficiently work with digital technologies and tools, and to understand possible pitfalls in their use, including mental health issues and legal matters.<\/p><ul><li>The specific objectives of the NEXT project include the following.<\/li><li>Educating students of different specialities on the digital technology, soft skills, legal aspects, and mental health maintenance to help them in getting ready for changing requirements of the modern job market towards next-generation \u2018digital\u2019 jobs.<\/li><li>Training academic staff to support learners with qualified coaches who can assist them in their studies for digital transformations.<\/li><li>Developing innovative learning resources in line with the newest trends in digital technologies.<\/li><li>Enhancing students\u2019 teamwork as well as improving their digital skills through carrying out student projects contest.<\/li><li>Establishing advanced multimedia laboratories in Ukrainian universities, which will support students by providing them an opportunity of gaining practical experience in using the newest hardware and technologies.<\/li><\/ul><p>The project\u2019s work plan includes five work packages:<\/p><ul><li>WP1 Project management<\/li><li>WP2 Analysis of \u2018digital\u2019 labour market requirements and \u2018digital\u2019 employee\u2019s needs<\/li><li>WP3 Capacity building for learner-centred informal \u2018digital\u2019 education<\/li><li>WP4 Learning resources testing and validation<\/li><li>WP5 Launching of learner-centred informal \u2018digital\u2019 education<\/li><li>WP6 Building of the NEXT-Network<\/li><li>WP7 Dissemination and exploitation More information is available at the NEXT project website (<a href=\"https:\/\/nextstudy.eu\" target=\"_blank\" rel=\"noopener\">https:\/\/nextstudy.eu<\/a>)<\/li><\/ul><p>Contact information: <a href=\"mailto:next.project@stuba.sk\">next.project@stuba.sk<\/a>, <a href=\"mailto:sulema.olga@lll.kpi.ua\">sulema.olga@lll.kpi.ua<\/a><\/p><\/div>\n\t\t\t\t<\/div>\n\t\t\t\t\t\t\t<div class=\"elementor-accordion-item\">\n\t\t\t\t\t<div id=\"elementor-tab-title-9007\" class=\"elementor-tab-title\" data-tab=\"7\" role=\"button\" aria-controls=\"elementor-tab-content-9007\" aria-expanded=\"false\">\n\t\t\t\t\t\t\t\t\t\t\t\t\t<span class=\"elementor-accordion-icon elementor-accordion-icon-left\" aria-hidden=\"true\">\n\t\t\t\t\t\t\t\t\t\t\t\t\t\t\t<span class=\"elementor-accordion-icon-closed\"><i class=\"fas fa-plus\"><\/i><\/span>\n\t\t\t\t\t\t\t\t<span class=\"elementor-accordion-icon-opened\"><i class=\"fas fa-minus\"><\/i><\/span>\n\t\t\t\t\t\t\t\t\t\t\t\t\t\t<\/span>\n\t\t\t\t\t\t\t\t\t\t\t\t<a class=\"elementor-accordion-title\" tabindex=\"0\">ONLAB_EDU<\/a>\n\t\t\t\t\t<\/div>\n\t\t\t\t\t<div id=\"elementor-tab-content-9007\" class=\"elementor-tab-content elementor-clearfix\" data-tab=\"7\" role=\"region\" aria-labelledby=\"elementor-tab-title-9007\"><p>Ziel des Projekts ist die Entwicklung und Untersuchung von Online-Laboren f\u00fcr die naturwissenschaftliche Aus- und Weiterbildung an \u00d6sterreichs Schulen. Online-Labore werden \u00fcber das Internet ferngesteuert, sind ortsunabh\u00e4ngig sowie rund um die Uhr erreichbar und bieten einen niederschwelligen Zugang zu \u00dcbungen und Experimenten. In Zeiten steigenden Bedarfs an Distance Learning-Angeboten kann auf diese Weise ein Praxisbezug zur Theorie hergestellt und der Unterricht bereichert werden. Durch die wissenschaftlich-didaktische Begleitung der P\u00e4dagogischen Hochschule Steiermark wird sichergestellt, dass die Lernumgebungen der Online-Labore didaktisch fundiert und strukturiert an die Lernendenperspektiven der Zielgruppen angepasst werden.<\/p><p><a href=\"https:\/\/onlabedu.net\/\" target=\"_blank\" rel=\"noopener\">https:\/\/onlabedu.net\/<\/a><\/p><\/div>\n\t\t\t\t<\/div>\n\t\t\t\t\t\t\t<div class=\"elementor-accordion-item\">\n\t\t\t\t\t<div id=\"elementor-tab-title-9008\" class=\"elementor-tab-title\" data-tab=\"8\" role=\"button\" aria-controls=\"elementor-tab-content-9008\" aria-expanded=\"false\">\n\t\t\t\t\t\t\t\t\t\t\t\t\t<span class=\"elementor-accordion-icon elementor-accordion-icon-left\" aria-hidden=\"true\">\n\t\t\t\t\t\t\t\t\t\t\t\t\t\t\t<span class=\"elementor-accordion-icon-closed\"><i class=\"fas fa-plus\"><\/i><\/span>\n\t\t\t\t\t\t\t\t<span class=\"elementor-accordion-icon-opened\"><i class=\"fas fa-minus\"><\/i><\/span>\n\t\t\t\t\t\t\t\t\t\t\t\t\t\t<\/span>\n\t\t\t\t\t\t\t\t\t\t\t\t<a class=\"elementor-accordion-title\" tabindex=\"0\">GREENCHIPS<\/a>\n\t\t\t\t\t<\/div>\n\t\t\t\t\t<div id=\"elementor-tab-content-9008\" class=\"elementor-tab-content elementor-clearfix\" data-tab=\"8\" role=\"region\" aria-labelledby=\"elementor-tab-title-9008\"><p>The EU Chips Act aims to increase Europe&#8217;s global production share of semiconductors to 20% by 2030, leading to a need for a skilled workforce to support this growth. Additionally, the EU&#8217;s Green Deal initiative focuses on a transition to sustainable and energy efficient technologies, further emphasizing the need for expertise in sustainable chip development and green applications. There is an EU wide shortage of skilled workers in microelectronics. Addressing this shortage will be crucial in meeting the goals of both the EU Chips Act and the Green Deal. Furthermore, the next generation of students is largely interested in contributing to a sustainable environment. Providing them with the opportunity to gain deeper expertise in this field will align their skills with the industry&#8217;s future needs. The proposed project &#8222;GreenChips-EDU&#8220; supports the aforementioned goals by addressing the needs and challenges of a green and digital transition in the microelectronics industry. The consortium, made up of 15 key players from 7 EU countries, aims to build an attractive education ecosystem in green microelectronics by integrating the knowledge triangle of excellent education, industries needs and research challenges. The consortium includes 6 Unite! partners working on a harmonized curriculum focusing on energy efficiency and the development of sustainable integrated circuits. The project addresses all objectives from the call by offering a wide range of degree programs including mutual recognition as well as self-standing modules, implementing staff and student mobility, digital learning formats and upgrading infrastructure. About 600 students are planned to receive degrees or certificates in green electronics. In addition, summer schools, sustainability hackathons, learn-repair caf\u00e9s as well as expert lectures by the partner companies and research institutions are organized to attract and train students to counteract the skills shortage in microelectronics in the EU.<\/p><\/div>\n\t\t\t\t<\/div>\n\t\t\t\t\t\t\t\t<\/div>\n\t\t\t\t\t\t<\/div>\n\t\t\t\t<\/div>\n\t\t\t\t<div class=\"elementor-element elementor-element-358e2d7 elementor-widget elementor-widget-heading\" data-id=\"358e2d7\" data-element_type=\"widget\" data-e-type=\"widget\" data-widget_type=\"heading.default\">\n\t\t\t\t<div class=\"elementor-widget-container\">\n\t\t\t\t\t<h3 class=\"elementor-heading-title elementor-size-default\">Abgeschlossene Projekte<\/h3>\t\t\t\t<\/div>\n\t\t\t\t<\/div>\n\t\t\t\t<div class=\"elementor-element elementor-element-d173bac elementor-widget elementor-widget-accordion\" data-id=\"d173bac\" data-element_type=\"widget\" data-e-type=\"widget\" data-widget_type=\"accordion.default\">\n\t\t\t\t<div class=\"elementor-widget-container\">\n\t\t\t\t\t\t\t<div class=\"elementor-accordion\">\n\t\t\t\t\t\t\t<div class=\"elementor-accordion-item\">\n\t\t\t\t\t<div id=\"elementor-tab-title-2191\" class=\"elementor-tab-title\" data-tab=\"1\" role=\"button\" aria-controls=\"elementor-tab-content-2191\" aria-expanded=\"false\">\n\t\t\t\t\t\t\t\t\t\t\t\t\t<span class=\"elementor-accordion-icon elementor-accordion-icon-left\" aria-hidden=\"true\">\n\t\t\t\t\t\t\t\t\t\t\t\t\t\t\t<span class=\"elementor-accordion-icon-closed\"><i class=\"fas fa-plus\"><\/i><\/span>\n\t\t\t\t\t\t\t\t<span class=\"elementor-accordion-icon-opened\"><i class=\"fas fa-minus\"><\/i><\/span>\n\t\t\t\t\t\t\t\t\t\t\t\t\t\t<\/span>\n\t\t\t\t\t\t\t\t\t\t\t\t<a class=\"elementor-accordion-title\" tabindex=\"0\">GRISU\u00a0\u2013 Gruppenkommandanten-Ausbildung der Feuerwehr mit innovativen Settings der Lehr- und Lernmethodik<\/a>\n\t\t\t\t\t<\/div>\n\t\t\t\t\t<div id=\"elementor-tab-content-2191\" class=\"elementor-tab-content elementor-clearfix\" data-tab=\"1\" role=\"region\" aria-labelledby=\"elementor-tab-title-2191\"><p><strong>Laufzeit:<\/strong>\u00a02019<br \/><strong>F\u00f6rderprogramm:<\/strong>\u00a0Erstellung digitaler Lehr- und Lernmittel mit Citizen Science Methoden (OeAD)<br \/><strong>Kurzbeschreibung:<\/strong>\u00a0Im Zuge dieses Projekts soll am Beispiel des Gruppenkommandantenlehrgangs der \u00f6sterreichischen Feuerwehren eine interaktive Lehr- und Lernumgebung auf- und eingesetzt werden, die die Inhalte des Lehrgangs mittels Videos und interaktiven Inhalten aufbereitet. Als Plattform ist ein zu errichten-der Moodle-Server vorgesehen; die Fachhochschule K\u00e4rnten wird neben der Unterst\u00fctzung bei der Erstellung der digitalen Inhalte auch Know-how zur Wartung der Plattform transferieren.<br \/>Das in diesem Projektumfang zu erwartende Endprodukt ist die Etablierung einer Inverted-classroom-Methodik und -Umgebung f\u00fcr den Gruppenkommandantenlehrgang der Feuerwehr. Die \u00fcber den Projektrahmen hinausreichende Perspektive sieht die Aufnahme dieser Methodik in das didaktische Rahmenprogramm der Feuerwehrschule und somit den Transfer dieser Methode auf andere Ausbildungsmodule vor.<\/p><\/div>\n\t\t\t\t<\/div>\n\t\t\t\t\t\t\t<div class=\"elementor-accordion-item\">\n\t\t\t\t\t<div id=\"elementor-tab-title-2192\" class=\"elementor-tab-title\" data-tab=\"2\" role=\"button\" aria-controls=\"elementor-tab-content-2192\" aria-expanded=\"false\">\n\t\t\t\t\t\t\t\t\t\t\t\t\t<span class=\"elementor-accordion-icon elementor-accordion-icon-left\" aria-hidden=\"true\">\n\t\t\t\t\t\t\t\t\t\t\t\t\t\t\t<span class=\"elementor-accordion-icon-closed\"><i class=\"fas fa-plus\"><\/i><\/span>\n\t\t\t\t\t\t\t\t<span class=\"elementor-accordion-icon-opened\"><i class=\"fas fa-minus\"><\/i><\/span>\n\t\t\t\t\t\t\t\t\t\t\t\t\t\t<\/span>\n\t\t\t\t\t\t\t\t\t\t\t\t<a class=\"elementor-accordion-title\" tabindex=\"0\">PILAR \u2013 Platform Integration of Laboratories based on the Architecture of visiR<\/a>\n\t\t\t\t\t<\/div>\n\t\t\t\t\t<div id=\"elementor-tab-content-2192\" class=\"elementor-tab-content elementor-clearfix\" data-tab=\"2\" role=\"region\" aria-labelledby=\"elementor-tab-title-2192\"><p><strong>Laufzeit:<\/strong>\u00a02016-2019<br \/><strong>F\u00f6rderprogramm:<\/strong>\u00a0Erasmus+: KA2 CIEGP, Strategic Partnerships<br \/><strong>Kurzbeschreibung:<\/strong>\u00a0Das Ziel des PILAR-Projekts ist, alle VISIR-Systeme miteinander zu verbinden, um ein vernetztes Labor zu schaffen, auf das alle Teilnehmer zugreifen k\u00f6nnen und das die vorhandenen Systeme in ihren M\u00f6glichkeiten und Kapazit\u00e4ten erweitert. Dadurch wird der Anwendungsbereich erweitert: Jede Universit\u00e4t kann Schaltkreise auf ihrem eigenen VISIR installieren und andere Schaltkreise anderer Universit\u00e4ten verwenden, und umgekehrt.<\/p><\/div>\n\t\t\t\t<\/div>\n\t\t\t\t\t\t\t<div class=\"elementor-accordion-item\">\n\t\t\t\t\t<div id=\"elementor-tab-title-2193\" class=\"elementor-tab-title\" data-tab=\"3\" role=\"button\" aria-controls=\"elementor-tab-content-2193\" aria-expanded=\"false\">\n\t\t\t\t\t\t\t\t\t\t\t\t\t<span class=\"elementor-accordion-icon elementor-accordion-icon-left\" aria-hidden=\"true\">\n\t\t\t\t\t\t\t\t\t\t\t\t\t\t\t<span class=\"elementor-accordion-icon-closed\"><i class=\"fas fa-plus\"><\/i><\/span>\n\t\t\t\t\t\t\t\t<span class=\"elementor-accordion-icon-opened\"><i class=\"fas fa-minus\"><\/i><\/span>\n\t\t\t\t\t\t\t\t\t\t\t\t\t\t<\/span>\n\t\t\t\t\t\t\t\t\t\t\t\t<a class=\"elementor-accordion-title\" tabindex=\"0\">VISIR+\u00a0\u2013\u00a0Educational Modules for Electric and Electronic Circuits Theory and Practice following an Enquiry-based Teaching and Learning Methodology supported by VISIR<\/a>\n\t\t\t\t\t<\/div>\n\t\t\t\t\t<div id=\"elementor-tab-content-2193\" class=\"elementor-tab-content elementor-clearfix\" data-tab=\"3\" role=\"region\" aria-labelledby=\"elementor-tab-title-2193\"><p><strong>Laufzeit:<\/strong>\u00a02016-2018<br \/><strong>F\u00f6rderprogramm:<\/strong>\u00a0Erasmus+: KA2 CIEGP, Capacity Building in Higher Education<br \/><strong>Kurzbeschreibung (Englisch):<\/strong>\u00a0This project targets the broad area of Electrical and Electronics Engineering, and, within it, the subject of circuit theory and practice. It aims to define, develop and evaluate a set of educational modules comprising hands-on, virtual, and remote experiments, the later supported by a remote lab named Virtual Instruments Systems In Reality (VISIR). The nature of each experiment (hands-on, virtual, real-remote) has an impact on the students\u2019 perception of circuits\u2019 behaviour, being therefore mandatory to understand how these different learning objects can be arranged together in order to scaffold their understanding and increase their laboratory-based skills. This is the concern of the underpinning teaching and learning methodology, favouring in particular the students\u2019 autonomy for discovering how circuits work, through an enquiry-based approach. VISIR+ brings together the power of the best remote lab for experiments with electrical and electronics circuits and the long history of collaboration among the consortium partners from Argentina, Austria, Brazil, Portugal Spain, and Sweden.<\/p><\/div>\n\t\t\t\t<\/div>\n\t\t\t\t\t\t\t<div class=\"elementor-accordion-item\">\n\t\t\t\t\t<div id=\"elementor-tab-title-2194\" class=\"elementor-tab-title\" data-tab=\"4\" role=\"button\" aria-controls=\"elementor-tab-content-2194\" aria-expanded=\"false\">\n\t\t\t\t\t\t\t\t\t\t\t\t\t<span class=\"elementor-accordion-icon elementor-accordion-icon-left\" aria-hidden=\"true\">\n\t\t\t\t\t\t\t\t\t\t\t\t\t\t\t<span class=\"elementor-accordion-icon-closed\"><i class=\"fas fa-plus\"><\/i><\/span>\n\t\t\t\t\t\t\t\t<span class=\"elementor-accordion-icon-opened\"><i class=\"fas fa-minus\"><\/i><\/span>\n\t\t\t\t\t\t\t\t\t\t\t\t\t\t<\/span>\n\t\t\t\t\t\t\t\t\t\t\t\t<a class=\"elementor-accordion-title\" tabindex=\"0\">Go-Lab \u2013 Global Online Science Labs for Inquiry Learning in Schools<\/a>\n\t\t\t\t\t<\/div>\n\t\t\t\t\t<div id=\"elementor-tab-content-2194\" class=\"elementor-tab-content elementor-clearfix\" data-tab=\"4\" role=\"region\" aria-labelledby=\"elementor-tab-title-2194\"><p><strong>Laufzeit:<\/strong>\u00a02012-2016<br \/><strong>F\u00f6rderprogramm:<\/strong>\u00a0<span id=\"ctl00_ctl39_g_cd749cea_a570_4199_89f8_b5a95dfce7e0_lblFoerderprogramm\">European Union\u2019s 7th Framework Programme<br \/><strong>Kurzbeschreibung (Englisch):<\/strong>\u00a0The Go-Lab project opened up online science laboratories (remote and virtual labs) for the large-scale use in school education. The overall aim of the project was to encourage young people between the ages of 10 to 18 to engage in science topics, acquire scientific inquiry skills, and experience scientific thinking and processes by undertaking active guided experimentation. To achieve this aim, Go-Lab created a portal, enabling science teachers to find online labs and inquiry learning applications appropriate for their class. Teachers could also combine these labs and apps in Inquiry Learning Spaces (ILSs) supporting particular lesson scenarios, and share the ILSs with their students. Using the ILSs, the students performed personalized scientific experiments with online labs in a structured learning environment.<\/span><\/p><\/div>\n\t\t\t\t<\/div>\n\t\t\t\t\t\t\t<div class=\"elementor-accordion-item\">\n\t\t\t\t\t<div id=\"elementor-tab-title-2195\" class=\"elementor-tab-title\" data-tab=\"5\" role=\"button\" aria-controls=\"elementor-tab-content-2195\" aria-expanded=\"false\">\n\t\t\t\t\t\t\t\t\t\t\t\t\t<span class=\"elementor-accordion-icon elementor-accordion-icon-left\" aria-hidden=\"true\">\n\t\t\t\t\t\t\t\t\t\t\t\t\t\t\t<span class=\"elementor-accordion-icon-closed\"><i class=\"fas fa-plus\"><\/i><\/span>\n\t\t\t\t\t\t\t\t<span class=\"elementor-accordion-icon-opened\"><i class=\"fas fa-minus\"><\/i><\/span>\n\t\t\t\t\t\t\t\t\t\t\t\t\t\t<\/span>\n\t\t\t\t\t\t\t\t\t\t\t\t<a class=\"elementor-accordion-title\" tabindex=\"0\">OnlineLabs4All \u2013 Adaptive Interfaces f\u00fcr eine globale iLab Cloud<\/a>\n\t\t\t\t\t<\/div>\n\t\t\t\t\t<div id=\"elementor-tab-content-2195\" class=\"elementor-tab-content elementor-clearfix\" data-tab=\"5\" role=\"region\" aria-labelledby=\"elementor-tab-title-2195\"><p><strong>Laufzeit:<\/strong>\u00a02014-2016<br \/><strong>F\u00f6rderprogramm:<\/strong>\u00a0<span id=\"ctl00_ctl39_g_cd749cea_a570_4199_89f8_b5a95dfce7e0_lblFoerderprogramm\">Sparkling Science (5. Ausschreibung)<br \/><strong>Kurzbeschreibung:<\/strong>\u00a0Online Labore erlauben selbstbestimmtes lernen und sind rund um die Uhr verf\u00fcgbar. Sch\u00fcler m\u00fcssen nicht mehr in einem Labor anwesend sein um Experimente durchzuf\u00fchren und theoretische Konzepte zu \u00fcberpr\u00fcfen. Online Labore erm\u00f6glichen au\u00dferdem eine neuartige Umgebung f\u00fcr kollaboratives Zusammenarbeiten und bieten die Gelegenheit Erfahrungen mit anderen Institutionen auzutauschen. Das\u00a0<em>OnlineLabs4All<\/em>\u00a0\u2013 Projekt bezweckt eine reibungslose Integration von neu-entwickelten Laboren und Experimenten in ein globales Netzwerk von Laboren zu erm\u00f6glichen und des Weiteren deren Verwendung im Klassenraum zu evaluieren. Innerhalb des Projektes werden die teilnehmenden Sch\u00fclerInnen direkt in den Entwicklungs- und Forschungsprozess, durch die Kooperation mit f\u00fchrenden internationalen Institutionen wie dem MIT und der iLab Alliance, eingebunden. Dadurch tragen die Sch\u00fclerInnen aktiv zur Entwicklung einer globalen Online Cloud bei. Sch\u00fclerInnen werden, unter der Leitung ihrer LehrerInnen, die M\u00f6glichkeit haben, ihre Erfahrungen auszutauschen und Feedback von internationalen Partnerschulen zu bekommen.<\/span><\/p><\/div>\n\t\t\t\t<\/div>\n\t\t\t\t\t\t\t<div class=\"elementor-accordion-item\">\n\t\t\t\t\t<div id=\"elementor-tab-title-2196\" class=\"elementor-tab-title\" data-tab=\"6\" role=\"button\" aria-controls=\"elementor-tab-content-2196\" aria-expanded=\"false\">\n\t\t\t\t\t\t\t\t\t\t\t\t\t<span class=\"elementor-accordion-icon elementor-accordion-icon-left\" aria-hidden=\"true\">\n\t\t\t\t\t\t\t\t\t\t\t\t\t\t\t<span class=\"elementor-accordion-icon-closed\"><i class=\"fas fa-plus\"><\/i><\/span>\n\t\t\t\t\t\t\t\t<span class=\"elementor-accordion-icon-opened\"><i class=\"fas fa-minus\"><\/i><\/span>\n\t\t\t\t\t\t\t\t\t\t\t\t\t\t<\/span>\n\t\t\t\t\t\t\t\t\t\t\t\t<a class=\"elementor-accordion-title\" tabindex=\"0\">iCoop \u2013 Industrial Cooperation and Creative Engineering Education based on Remote Engineering and Virtual Instrumentation<\/a>\n\t\t\t\t\t<\/div>\n\t\t\t\t\t<div id=\"elementor-tab-content-2196\" class=\"elementor-tab-content elementor-clearfix\" data-tab=\"6\" role=\"region\" aria-labelledby=\"elementor-tab-title-2196\"><p><strong>Laufzeit:<\/strong>\u00a02012-2016<br \/><strong>F\u00f6rderprogramm:<\/strong>\u00a0<span id=\"ctl00_ctl39_g_cd749cea_a570_4199_89f8_b5a95dfce7e0_lblFoerderprogramm\">EU Tempus IV Programme<br \/><strong>Kurzbeschreibung (Englisch):<\/strong>\u00a0Empower university-enterprises partnerships in Armenia, Georgia, and Ukraine by modernizing engineering education based on remote engineering and virtual instrumentation enhanced with transversal knowledge and competences at universities; and offering contemporary methods of the vocational education and training for adults in enterprises.<\/span><\/p><\/div>\n\t\t\t\t<\/div>\n\t\t\t\t\t\t\t<div class=\"elementor-accordion-item\">\n\t\t\t\t\t<div id=\"elementor-tab-title-2197\" class=\"elementor-tab-title\" data-tab=\"7\" role=\"button\" aria-controls=\"elementor-tab-content-2197\" aria-expanded=\"false\">\n\t\t\t\t\t\t\t\t\t\t\t\t\t<span class=\"elementor-accordion-icon elementor-accordion-icon-left\" aria-hidden=\"true\">\n\t\t\t\t\t\t\t\t\t\t\t\t\t\t\t<span class=\"elementor-accordion-icon-closed\"><i class=\"fas fa-plus\"><\/i><\/span>\n\t\t\t\t\t\t\t\t<span class=\"elementor-accordion-icon-opened\"><i class=\"fas fa-minus\"><\/i><\/span>\n\t\t\t\t\t\t\t\t\t\t\t\t\t\t<\/span>\n\t\t\t\t\t\t\t\t\t\t\t\t<a class=\"elementor-accordion-title\" tabindex=\"0\">ePragmatic \u2013 E-Learning and Practical Training of Mechatronics and Alternative Technologies in Industrial Community<\/a>\n\t\t\t\t\t<\/div>\n\t\t\t\t\t<div id=\"elementor-tab-content-2197\" class=\"elementor-tab-content elementor-clearfix\" data-tab=\"7\" role=\"region\" aria-labelledby=\"elementor-tab-title-2197\"><p><strong>Laufzeit:<\/strong>\u00a02010-2012<br \/><strong>F\u00f6rderprogramm:<\/strong>\u00a0<span id=\"ctl00_ctl39_g_cd749cea_a570_4199_89f8_b5a95dfce7e0_lblFoerderprogramm\">Leonardo da Vinci Thematic networks<br \/><strong>Kurzbeschreibung (Englisch):<\/strong>\u00a0E-PRAGMATIC network connects educational institutions, chambers of commerce and small business, enterprises and the associations of enterprises from seven European countries. The main network\u2019s aim is to modernize mechatronics and engineering vocational training of the employed professionals, apprentices and trainees, by enhancing of the existing or establishing new in-company training approaches in the industry.<\/span><\/p><\/div>\n\t\t\t\t<\/div>\n\t\t\t\t\t\t\t<div class=\"elementor-accordion-item\">\n\t\t\t\t\t<div id=\"elementor-tab-title-2198\" class=\"elementor-tab-title\" data-tab=\"8\" role=\"button\" aria-controls=\"elementor-tab-content-2198\" aria-expanded=\"false\">\n\t\t\t\t\t\t\t\t\t\t\t\t\t<span class=\"elementor-accordion-icon elementor-accordion-icon-left\" aria-hidden=\"true\">\n\t\t\t\t\t\t\t\t\t\t\t\t\t\t\t<span class=\"elementor-accordion-icon-closed\"><i class=\"fas fa-plus\"><\/i><\/span>\n\t\t\t\t\t\t\t\t<span class=\"elementor-accordion-icon-opened\"><i class=\"fas fa-minus\"><\/i><\/span>\n\t\t\t\t\t\t\t\t\t\t\t\t\t\t<\/span>\n\t\t\t\t\t\t\t\t\t\t\t\t<a class=\"elementor-accordion-title\" tabindex=\"0\">OLAREX \u2013 Open Learning Approach with Remote Experiments<\/a>\n\t\t\t\t\t<\/div>\n\t\t\t\t\t<div id=\"elementor-tab-content-2198\" class=\"elementor-tab-content elementor-clearfix\" data-tab=\"8\" role=\"region\" aria-labelledby=\"elementor-tab-title-2198\"><p><strong>Laufzeit:<\/strong>\u00a02011-2013<br \/><strong>F\u00f6rderprogramm:<\/strong>\u00a0<span id=\"ctl00_ctl39_g_cd749cea_a570_4199_89f8_b5a95dfce7e0_lblFoerderprogramm\">LLP: Information-communication-technologies, KA3<br \/><strong>Kurzbeschreibung (Englisch):<\/strong>\u00a0The consortium seeks to innovatively implement ICTbased learning materials, remote experiments, and e-didactic methods into formal and non-formal lifelong learning settings. It enhanced and modernized science, technology, engineering and mathematics (STEM) curricula, foster Student creativity and motivation, and develop professional skills and insights about the impact of evolving technologies. The organized training courses for teachers, future authors of learning materials and modules, and Museum employees will build the e-didactic competences in the STEM by providing remote lab work explanations, offering practically-oriented approaches for strengthening educational programs and technical practices.<\/span><\/p><\/div>\n\t\t\t\t<\/div>\n\t\t\t\t\t\t\t<div class=\"elementor-accordion-item\">\n\t\t\t\t\t<div id=\"elementor-tab-title-2199\" class=\"elementor-tab-title\" data-tab=\"9\" role=\"button\" aria-controls=\"elementor-tab-content-2199\" aria-expanded=\"false\">\n\t\t\t\t\t\t\t\t\t\t\t\t\t<span class=\"elementor-accordion-icon elementor-accordion-icon-left\" aria-hidden=\"true\">\n\t\t\t\t\t\t\t\t\t\t\t\t\t\t\t<span class=\"elementor-accordion-icon-closed\"><i class=\"fas fa-plus\"><\/i><\/span>\n\t\t\t\t\t\t\t\t<span class=\"elementor-accordion-icon-opened\"><i class=\"fas fa-minus\"><\/i><\/span>\n\t\t\t\t\t\t\t\t\t\t\t\t\t\t<\/span>\n\t\t\t\t\t\t\t\t\t\t\t\t<a class=\"elementor-accordion-title\" tabindex=\"0\">ASAM \u2013 Anwendungsspezifische AM-Technologie: Interregnetzwerk f\u00fcr Bildung und schnelles Prototyping<\/a>\n\t\t\t\t\t<\/div>\n\t\t\t\t\t<div id=\"elementor-tab-content-2199\" class=\"elementor-tab-content elementor-clearfix\" data-tab=\"9\" role=\"region\" aria-labelledby=\"elementor-tab-title-2199\"><p><strong>Laufzeit:<\/strong> 01.2020 &#8211; 12.2022<br \/><strong>F\u00f6rderprogramm: <\/strong>Interreg SI-AT<br \/><strong>Kurzbeschreibung:<\/strong><\/p><p>Die beiden Hochtechnologiestandorte Region Ljubljana und Technologiepark Villach streben beide eine Sichtbarkeit auf \u00fcberregionaler und europ\u00e4ischer Ebene an. Aufgrund der geografischen N\u00e4he w\u00e4re eine Kooperation beider Regionen von gro\u00dfem Vorteil um die Anzahl an Akteuren zu erh\u00f6hen (Erreichen der kritischen Masse). Im Bereich AM (Additive Manufacturing) Technologie liegt eine Chance.<\/p><p>Das \u00fcbergeordnete Projektziel ist die St\u00e4rkung von grenz\u00fcbergreifendem Wettbewerb, Forschung und Innovation durch die Einrichtung einer gemeinsamen AM Technologieplattform.<\/p><p>Die Forschungsgruppe OuPL beteiligt sich an dem Projekt mit der Entwicklung von virtuellen Laboren f\u00fcr das Projektkonsortium.<\/p><p><a href=\"http:\/\/www.asam.si\/de\/\">http:\/\/www.asam.si\/de\/<\/a><\/p><p><img loading=\"lazy\" decoding=\"async\" class=\"alignleft wp-image-231 size-medium lazyload\" src=\"data:image\/gif;base64,R0lGODlhAQABAAAAACH5BAEKAAEALAAAAAABAAEAAAICTAEAOw==\" alt=\"\" width=\"300\" height=\"92\" data-src=\"https:\/\/forschung.fh-kaernten.at\/mylab\/files\/2021\/01\/interreg-png-300x92.png\"><\/p><\/div>\n\t\t\t\t<\/div>\n\t\t\t\t\t\t\t<div class=\"elementor-accordion-item\">\n\t\t\t\t\t<div id=\"elementor-tab-title-21910\" class=\"elementor-tab-title\" data-tab=\"10\" role=\"button\" aria-controls=\"elementor-tab-content-21910\" aria-expanded=\"false\">\n\t\t\t\t\t\t\t\t\t\t\t\t\t<span class=\"elementor-accordion-icon elementor-accordion-icon-left\" aria-hidden=\"true\">\n\t\t\t\t\t\t\t\t\t\t\t\t\t\t\t<span class=\"elementor-accordion-icon-closed\"><i class=\"fas fa-plus\"><\/i><\/span>\n\t\t\t\t\t\t\t\t<span class=\"elementor-accordion-icon-opened\"><i class=\"fas fa-minus\"><\/i><\/span>\n\t\t\t\t\t\t\t\t\t\t\t\t\t\t<\/span>\n\t\t\t\t\t\t\t\t\t\t\t\t<a class=\"elementor-accordion-title\" tabindex=\"0\"> ETAT \u2013 Education &amp; Training for Automation 4.0 in Thailand<\/a>\n\t\t\t\t\t<\/div>\n\t\t\t\t\t<div id=\"elementor-tab-content-21910\" class=\"elementor-tab-content elementor-clearfix\" data-tab=\"10\" role=\"region\" aria-labelledby=\"elementor-tab-title-21910\"><div id=\"elementor-tab-content-1403\" class=\"elementor-tab-content elementor-clearfix elementor-active\" role=\"region\" data-tab=\"3\" aria-labelledby=\"elementor-tab-title-1403\"><p><strong>Laufzeit:<\/strong> 15.11.2019 \u2013 14.11.2022<br \/><strong>F\u00f6rderprogramm:<\/strong> Erasmus+ KA2, Capacity Building in Higher Education<br \/><strong>Kurzbeschreibung:<\/strong><\/p><p>An essential basis for the implementation of the EEC project is the availability of highly qualified professionals who can develop, operate and maintain the relevant production, manufacturing and logistics technologies. The ETAT project aims to create exemplary Education &amp; Training Centers in the field of engineering education at selected EEC universities that are able to support as education hubs in the region industry-related education and training for engineers and young specialists. The following objectives are to be achieved with it: Modernization of higher education in Thailand based on the experience of EU countries; Increase the employment rate of university graduates and implement the concept of LLL with the help of training in Automation 4.0; Development of partnerships with enterprises; Improve the quality and relevance of higher education in Thailand in Automation 4.0; Establishment of 6 certified ETAT Training Centers at Thai universities, which will be equipped with 24 special training places (4 ETAT Smart Labs per university); Establishment of a platform for distance learning &amp; cooperation for providing e-learning and for exchange of didactical documents and information. ETAT Training Centers will be provided with teaching materials and certificated courses for different target groups (students, employees, post-graduates) as well as with the Thai trainers trained by EU partners.<\/p><p>FH K\u00e4rnten is coordinator of this project.<\/p><p><img loading=\"lazy\" decoding=\"async\" class=\"alignleft wp-image-227 size-medium lazyload-loaded lazyload\" src=\"data:image\/gif;base64,R0lGODlhAQABAAAAACH5BAEKAAEALAAAAAABAAEAAAICTAEAOw==\" alt=\"\" width=\"300\" height=\"116\" data-src=\"https:\/\/forschung.fh-kaernten.at\/mylab\/files\/2021\/01\/ETAT-Logo-300x116.jpg\"> <img loading=\"lazy\" decoding=\"async\" class=\"alignleft wp-image-229 size-medium lazyload-loaded lazyload\" src=\"data:image\/gif;base64,R0lGODlhAQABAAAAACH5BAEKAAEALAAAAAABAAEAAAICTAEAOw==\" alt=\"\" width=\"300\" height=\"86\" data-src=\"https:\/\/forschung.fh-kaernten.at\/mylab\/files\/2021\/01\/EU_Co-funded-300x86.jpg\"><\/p><\/div><\/div>\n\t\t\t\t<\/div>\n\t\t\t\t\t\t\t<div class=\"elementor-accordion-item\">\n\t\t\t\t\t<div id=\"elementor-tab-title-21911\" class=\"elementor-tab-title\" data-tab=\"11\" role=\"button\" aria-controls=\"elementor-tab-content-21911\" aria-expanded=\"false\">\n\t\t\t\t\t\t\t\t\t\t\t\t\t<span class=\"elementor-accordion-icon elementor-accordion-icon-left\" aria-hidden=\"true\">\n\t\t\t\t\t\t\t\t\t\t\t\t\t\t\t<span class=\"elementor-accordion-icon-closed\"><i class=\"fas fa-plus\"><\/i><\/span>\n\t\t\t\t\t\t\t\t<span class=\"elementor-accordion-icon-opened\"><i class=\"fas fa-minus\"><\/i><\/span>\n\t\t\t\t\t\t\t\t\t\t\t\t\t\t<\/span>\n\t\t\t\t\t\t\t\t\t\t\t\t<a class=\"elementor-accordion-title\" tabindex=\"0\"> FlipLab \u2013 Flipped Laboratory - Labordidaktik und Laborinfrastruktur f\u00fcr berufsbegleitend Studierende<\/a>\n\t\t\t\t\t<\/div>\n\t\t\t\t\t<div id=\"elementor-tab-content-21911\" class=\"elementor-tab-content elementor-clearfix\" data-tab=\"11\" role=\"region\" aria-labelledby=\"elementor-tab-title-21911\"><div id=\"elementor-tab-content-1404\" class=\"elementor-tab-content elementor-clearfix elementor-active\" role=\"region\" data-tab=\"4\" aria-labelledby=\"elementor-tab-title-1404\"><p><strong>Laufzeit:<\/strong> 01.01.2020 \u2013 30.09.2021<br \/><strong>F\u00f6rderprogramm:<\/strong> FH Intern STB\/GF<br \/><strong>Kurzbeschreibung:<\/strong><\/p><p>Im FlipLab-Projekt arbeiten Studierende mit Lehrenden an der Konzeption und Realisierung neuer Remote-Lab-Konzepte.<\/p><p>Bei dem FLIPLAB-Projekt wird daran gearbeitet, die beiden Methoden \u2013 Remote Lab und flipped classroom \u2013 zu kombinieren. So wie beim flipped classroom die theoretischen Grundlagen zu Hause erarbeitet werden, kann das beim flipped lab mit den praktischen Grundlagen geschehen. Diese praktischen Grundlagen k\u00f6nnen dann in Pr\u00e4senzlabor\u00fcbungen vertieft werden.<\/p><\/div><\/div>\n\t\t\t\t<\/div>\n\t\t\t\t\t\t\t<div class=\"elementor-accordion-item\">\n\t\t\t\t\t<div id=\"elementor-tab-title-21912\" class=\"elementor-tab-title\" data-tab=\"12\" role=\"button\" aria-controls=\"elementor-tab-content-21912\" aria-expanded=\"false\">\n\t\t\t\t\t\t\t\t\t\t\t\t\t<span class=\"elementor-accordion-icon elementor-accordion-icon-left\" aria-hidden=\"true\">\n\t\t\t\t\t\t\t\t\t\t\t\t\t\t\t<span class=\"elementor-accordion-icon-closed\"><i class=\"fas fa-plus\"><\/i><\/span>\n\t\t\t\t\t\t\t\t<span class=\"elementor-accordion-icon-opened\"><i class=\"fas fa-minus\"><\/i><\/span>\n\t\t\t\t\t\t\t\t\t\t\t\t\t\t<\/span>\n\t\t\t\t\t\t\t\t\t\t\t\t<a class=\"elementor-accordion-title\" tabindex=\"0\"> Inno-EBS \u2013 Interdisziplin\u00e4rer Wissenstransfer in Electronic Based Systems (EBS) zur St\u00e4rkung der Akteure der Wertsch\u00f6pfungskette <\/a>\n\t\t\t\t\t<\/div>\n\t\t\t\t\t<div id=\"elementor-tab-content-21912\" class=\"elementor-tab-content elementor-clearfix\" data-tab=\"12\" role=\"region\" aria-labelledby=\"elementor-tab-title-21912\"><p><strong>Laufzeit:<\/strong> 01.02.2020-31.07.2023<br \/><strong>F\u00f6rderprogramm:<\/strong> FFG \u2013 Basisprogramm<br \/><strong>Kurzbeschreibung:<\/strong> Electronic Based Systems (EBS) sind Komponenten, Ger\u00e4te und Systeme mit Mikro-und Nanoelektronik sowie die dazugeh\u00f6rige eingebettete Software. Sie sind eine Schl\u00fcsseltechnologie (KET-key enabling technology) und bilden die Basis f\u00fcr eine Vielzahl an digitalisierten Produkten und Prozessen, wie autonome Fahrzeuge, personalisierte Medizin, Internet of Things oder intelligente Maschinen. Das Qualifizierungsprogramm Inno-EBS wird dazu komplement\u00e4r aufgesetzt, indem zum Teil vorhandene Netzwerke der steirischen, K\u00e4rntner und des ober\u00f6sterreichischen Partners genutzt werden und ein attraktives Konsortium aus 5 wissenschaftlichen und 15 Unternehmenspartnern entlang der Wertsch\u00f6pfungskette EBS zusammengestellt wurde. Inno-EBS schlie\u00dft eine L\u00fccke im Angebot am Markt und konzentriert sich auf die Vermittlung von State-of-the-Art Querschnittkompetenzen in Hardware, embedded Software und Systemen. Das Programm adressiert Zielgruppen aus diesen Bereichen aber auch Generalisten im Innovationsmanagement. Im Rahmen von vier zielgruppenspezifischen Tracks wird auf die brennendsten Themen der Unternehmen in EBS eingegangen. Es werden 67 TeilnehmerInnen mit aktuellen didaktischen Methoden, wie \u201eblended learning\u201c Formaten zu zertifizierten EBS SpezialistInnen ausgebildet.<\/p><\/div>\n\t\t\t\t<\/div>\n\t\t\t\t\t\t\t<div class=\"elementor-accordion-item\">\n\t\t\t\t\t<div id=\"elementor-tab-title-21913\" class=\"elementor-tab-title\" data-tab=\"13\" role=\"button\" aria-controls=\"elementor-tab-content-21913\" aria-expanded=\"false\">\n\t\t\t\t\t\t\t\t\t\t\t\t\t<span class=\"elementor-accordion-icon elementor-accordion-icon-left\" aria-hidden=\"true\">\n\t\t\t\t\t\t\t\t\t\t\t\t\t\t\t<span class=\"elementor-accordion-icon-closed\"><i class=\"fas fa-plus\"><\/i><\/span>\n\t\t\t\t\t\t\t\t<span class=\"elementor-accordion-icon-opened\"><i class=\"fas fa-minus\"><\/i><\/span>\n\t\t\t\t\t\t\t\t\t\t\t\t\t\t<\/span>\n\t\t\t\t\t\t\t\t\t\t\t\t<a class=\"elementor-accordion-title\" tabindex=\"0\"> DCOMFRA \u2013 Digital competence framework for Ukrainian teachers and other citizens <\/a>\n\t\t\t\t\t<\/div>\n\t\t\t\t\t<div id=\"elementor-tab-content-21913\" class=\"elementor-tab-content elementor-clearfix\" data-tab=\"13\" role=\"region\" aria-labelledby=\"elementor-tab-title-21913\"><div id=\"elementor-tab-content-1406\" class=\"elementor-tab-content elementor-clearfix elementor-active\" role=\"region\" data-tab=\"6\" aria-labelledby=\"elementor-tab-title-1406\"><p><strong>Laufzeit:<\/strong>\u00a02019-2022<br \/><strong>F\u00f6rderprogramm:<\/strong>\u00a0<span id=\"ctl00_ctl39_g_cd749cea_a570_4199_89f8_b5a95dfce7e0_lblFoerderprogramm\">Erasmus+: KA2 CIEGP, Capacity Building in Higher Education<\/span><br \/><strong>Kurzbeschreibung:\u00a0<\/strong>Dieses Projekt basiert auf der Analyse der Leitlinien f\u00fcr die digitale Kompetenz, die die Europ\u00e4ische Kommission in ihren strategischen Dokumenten und Programmen (Digitale Agenda f\u00fcr Europa (DAE), das DigComp-Framework, die Digital Skills and Jobs Coalition) definiert hat. So definiert das Projekt die folgenden Hauptaufgaben: Entwicklung und F\u00f6rderung der Entwicklung der digitalen Kompetenz in der Ukraine durch Anpassung des Systems der digitalen Kompetenz an Lehrer und B\u00fcrger unter Ber\u00fccksichtigung der in Europa vorherrschenden Tendenzen; Reform des Systems der Lehrerausbildung in der Ukraine unter Ber\u00fccksichtigung der Erfahrungen mit \u201eBest Practices\u201c in der digitalen Kompetenz, Anpassung der Erfahrungen mit der ukrainischen digitalen Kompetenz an die ukrainische Gesellschaft; Schaffung der National Digital Coalition of Ukraine, um die zielgerichtete Verbreitung der Ergebnisse des Projekts zu erreichen.<br \/><a href=\"https:\/\/forschung.fh-kaernten.at\/oupl\/projekt-dcomfra\/\">Weitere Informationen &gt;&gt;<\/a><\/p><\/div><\/div>\n\t\t\t\t<\/div>\n\t\t\t\t\t\t\t\t<\/div>\n\t\t\t\t\t\t<\/div>\n\t\t\t\t<\/div>\n\t\t\t\t<div class=\"elementor-element elementor-element-8140a90 elementor-widget elementor-widget-spacer\" data-id=\"8140a90\" data-element_type=\"widget\" data-e-type=\"widget\" data-widget_type=\"spacer.default\">\n\t\t\t\t<div class=\"elementor-widget-container\">\n\t\t\t\t\t\t\t<div class=\"elementor-spacer\">\n\t\t\t<div class=\"elementor-spacer-inner\"><\/div>\n\t\t<\/div>\n\t\t\t\t\t\t<\/div>\n\t\t\t\t<\/div>\n\t\t\t\t\t<\/div>\n\t\t<\/div>\n\t\t\t\t\t<\/div>\n\t\t<\/section>\n\t\t\t\t<section class=\"elementor-section elementor-top-section elementor-element elementor-element-a6026c8 elementor-section-boxed elementor-section-height-default elementor-section-height-default\" data-id=\"a6026c8\" data-element_type=\"section\" data-e-type=\"section\">\n\t\t\t\t\t\t<div class=\"elementor-container elementor-column-gap-default\">\n\t\t\t\t\t<div class=\"elementor-column elementor-col-100 elementor-top-column elementor-element elementor-element-1753bb4\" data-id=\"1753bb4\" data-element_type=\"column\" data-e-type=\"column\">\n\t\t\t<div class=\"elementor-widget-wrap elementor-element-populated\">\n\t\t\t\t\t\t<div class=\"elementor-element elementor-element-c57f92e elementor-widget elementor-widget-spacer\" data-id=\"c57f92e\" data-element_type=\"widget\" data-e-type=\"widget\" data-widget_type=\"spacer.default\">\n\t\t\t\t<div class=\"elementor-widget-container\">\n\t\t\t\t\t\t\t<div class=\"elementor-spacer\">\n\t\t\t<div class=\"elementor-spacer-inner\"><\/div>\n\t\t<\/div>\n\t\t\t\t\t\t<\/div>\n\t\t\t\t<\/div>\n\t\t\t\t<div class=\"elementor-element elementor-element-98c7581 elementor-widget elementor-widget-heading\" data-id=\"98c7581\" data-element_type=\"widget\" data-e-type=\"widget\" id=\"publikationen\" data-widget_type=\"heading.default\">\n\t\t\t\t<div class=\"elementor-widget-container\">\n\t\t\t\t\t<h2 class=\"elementor-heading-title elementor-size-default\">Publikationen<\/h2>\t\t\t\t<\/div>\n\t\t\t\t<\/div>\n\t\t\t\t<div class=\"elementor-element elementor-element-8706275 elementor-widget-divider--view-line elementor-widget elementor-widget-divider\" data-id=\"8706275\" data-element_type=\"widget\" data-e-type=\"widget\" data-widget_type=\"divider.default\">\n\t\t\t\t<div class=\"elementor-widget-container\">\n\t\t\t\t\t\t\t<div class=\"elementor-divider\">\n\t\t\t<span class=\"elementor-divider-separator\">\n\t\t\t\t\t\t<\/span>\n\t\t<\/div>\n\t\t\t\t\t\t<\/div>\n\t\t\t\t<\/div>\n\t\t\t\t<div class=\"elementor-element elementor-element-94d323f elementor-widget elementor-widget-text-editor\" data-id=\"94d323f\" data-element_type=\"widget\" data-e-type=\"widget\" data-widget_type=\"text-editor.default\">\n\t\t\t\t<div class=\"elementor-widget-container\">\n\t\t\t\t\t\t\t\t\t<p style=\"text-align: center\"><span style=\"font-size: 14pt\"><strong>Bitte besuchen Sie Research Gate und\/oder die ORCID-Links f\u00fcr Ver\u00f6ffentlichungen<\/strong><\/span><\/p>\t\t\t\t\t\t\t\t<\/div>\n\t\t\t\t<\/div>\n\t\t\t\t<section class=\"elementor-section elementor-inner-section elementor-element elementor-element-a42fdb9 elementor-section-boxed elementor-section-height-default elementor-section-height-default\" data-id=\"a42fdb9\" data-element_type=\"section\" data-e-type=\"section\">\n\t\t\t\t\t\t<div class=\"elementor-container elementor-column-gap-default\">\n\t\t\t\t\t<div class=\"elementor-column elementor-col-50 elementor-inner-column elementor-element elementor-element-36ab9e0\" data-id=\"36ab9e0\" data-element_type=\"column\" data-e-type=\"column\">\n\t\t\t<div class=\"elementor-widget-wrap elementor-element-populated\">\n\t\t\t\t\t\t<div class=\"elementor-element elementor-element-8c1490c elementor-widget elementor-widget-image\" data-id=\"8c1490c\" data-element_type=\"widget\" data-e-type=\"widget\" data-widget_type=\"image.default\">\n\t\t\t\t<div class=\"elementor-widget-container\">\n\t\t\t\t\t\t\t\t\t\t\t\t\t\t\t<img loading=\"lazy\" decoding=\"async\" width=\"1024\" height=\"683\" src=\"data:image\/gif;base64,R0lGODlhAQABAAAAACH5BAEKAAEALAAAAAABAAEAAAICTAEAOw==\" class=\"attachment-large size-large wp-image-157 lazyload\" alt=\"\" sizes=\"(max-width: 1024px) 100vw, 1024px\" data-src=\"https:\/\/forschung.fh-kaernten.at\/mylab\/files\/2020\/06\/sharon-mccutcheon-eMP4sYPJ9x0-unsplash-1024x683.jpg\" data-srcset=\"https:\/\/forschung.fh-kaernten.at\/mylab\/files\/2020\/06\/sharon-mccutcheon-eMP4sYPJ9x0-unsplash-1024x683.jpg 1024w, https:\/\/forschung.fh-kaernten.at\/mylab\/files\/2020\/06\/sharon-mccutcheon-eMP4sYPJ9x0-unsplash-300x200.jpg 300w, https:\/\/forschung.fh-kaernten.at\/mylab\/files\/2020\/06\/sharon-mccutcheon-eMP4sYPJ9x0-unsplash-768x512.jpg 768w, https:\/\/forschung.fh-kaernten.at\/mylab\/files\/2020\/06\/sharon-mccutcheon-eMP4sYPJ9x0-unsplash-1536x1024.jpg 1536w, https:\/\/forschung.fh-kaernten.at\/mylab\/files\/2020\/06\/sharon-mccutcheon-eMP4sYPJ9x0-unsplash-2048x1365.jpg 2048w, https:\/\/forschung.fh-kaernten.at\/mylab\/files\/2020\/06\/sharon-mccutcheon-eMP4sYPJ9x0-unsplash-830x553.jpg 830w, https:\/\/forschung.fh-kaernten.at\/mylab\/files\/2020\/06\/sharon-mccutcheon-eMP4sYPJ9x0-unsplash-230x153.jpg 230w, https:\/\/forschung.fh-kaernten.at\/mylab\/files\/2020\/06\/sharon-mccutcheon-eMP4sYPJ9x0-unsplash-350x233.jpg 350w, https:\/\/forschung.fh-kaernten.at\/mylab\/files\/2020\/06\/sharon-mccutcheon-eMP4sYPJ9x0-unsplash-480x320.jpg 480w\">\t\t\t\t\t\t\t\t\t\t\t\t\t\t\t<\/div>\n\t\t\t\t<\/div>\n\t\t\t\t\t<\/div>\n\t\t<\/div>\n\t\t\t\t<div class=\"elementor-column elementor-col-50 elementor-inner-column elementor-element elementor-element-de4e029\" data-id=\"de4e029\" data-element_type=\"column\" data-e-type=\"column\">\n\t\t\t<div class=\"elementor-widget-wrap elementor-element-populated\">\n\t\t\t\t\t\t<div class=\"elementor-element elementor-element-20584f7 elementor-widget elementor-widget-accordion\" data-id=\"20584f7\" data-element_type=\"widget\" data-e-type=\"widget\" data-widget_type=\"accordion.default\">\n\t\t\t\t<div class=\"elementor-widget-container\">\n\t\t\t\t\t\t\t<div class=\"elementor-accordion\">\n\t\t\t\t\t\t\t<div class=\"elementor-accordion-item\">\n\t\t\t\t\t<div id=\"elementor-tab-title-3391\" class=\"elementor-tab-title\" data-tab=\"1\" role=\"button\" aria-controls=\"elementor-tab-content-3391\" aria-expanded=\"false\">\n\t\t\t\t\t\t\t\t\t\t\t\t\t<span class=\"elementor-accordion-icon elementor-accordion-icon-left\" aria-hidden=\"true\">\n\t\t\t\t\t\t\t\t\t\t\t\t\t\t\t<span class=\"elementor-accordion-icon-closed\"><i class=\"fas fa-plus\"><\/i><\/span>\n\t\t\t\t\t\t\t\t<span class=\"elementor-accordion-icon-opened\"><i class=\"fas fa-minus\"><\/i><\/span>\n\t\t\t\t\t\t\t\t\t\t\t\t\t\t<\/span>\n\t\t\t\t\t\t\t\t\t\t\t\t<a class=\"elementor-accordion-title\" tabindex=\"0\">Gruppe:<\/a>\n\t\t\t\t\t<\/div>\n\t\t\t\t\t<div id=\"elementor-tab-content-3391\" class=\"elementor-tab-content elementor-clearfix\" data-tab=\"1\" role=\"region\" aria-labelledby=\"elementor-tab-title-3391\"><p><a href=\"https:\/\/www.researchgate.net\/lab\/Research-Group-myLAB-Thomas-Klinger\" target=\"_blank\" rel=\"noopener\">https:\/\/www.researchgate.net\/lab\/Research-Group-myLAB-Thomas-Klinger<\/a><\/p><\/div>\n\t\t\t\t<\/div>\n\t\t\t\t\t\t\t<div class=\"elementor-accordion-item\">\n\t\t\t\t\t<div id=\"elementor-tab-title-3392\" class=\"elementor-tab-title\" data-tab=\"2\" role=\"button\" aria-controls=\"elementor-tab-content-3392\" aria-expanded=\"false\">\n\t\t\t\t\t\t\t\t\t\t\t\t\t<span class=\"elementor-accordion-icon elementor-accordion-icon-left\" aria-hidden=\"true\">\n\t\t\t\t\t\t\t\t\t\t\t\t\t\t\t<span class=\"elementor-accordion-icon-closed\"><i class=\"fas fa-plus\"><\/i><\/span>\n\t\t\t\t\t\t\t\t<span class=\"elementor-accordion-icon-opened\"><i class=\"fas fa-minus\"><\/i><\/span>\n\t\t\t\t\t\t\t\t\t\t\t\t\t\t<\/span>\n\t\t\t\t\t\t\t\t\t\t\t\t<a class=\"elementor-accordion-title\" tabindex=\"0\">Hannes Oberlercher<\/a>\n\t\t\t\t\t<\/div>\n\t\t\t\t\t<div id=\"elementor-tab-content-3392\" class=\"elementor-tab-content elementor-clearfix\" data-tab=\"2\" role=\"region\" aria-labelledby=\"elementor-tab-title-3392\"><p><a href=\"https:\/\/orcid.org\/0000-0002-3244-3282\" target=\"_blank\" rel=\"noopener\">https:\/\/orcid.org\/0000-0002-3244-3282<\/a><\/p><p><a href=\"https:\/\/www.researchgate.net\/profile\/Hannes-Oberlercher\" target=\"_blank\" rel=\"noopener\">https:\/\/www.researchgate.net\/profile\/Hannes-Oberlercher<\/a><\/p><\/div>\n\t\t\t\t<\/div>\n\t\t\t\t\t\t\t<div class=\"elementor-accordion-item\">\n\t\t\t\t\t<div id=\"elementor-tab-title-3393\" class=\"elementor-tab-title\" data-tab=\"3\" role=\"button\" aria-controls=\"elementor-tab-content-3393\" aria-expanded=\"false\">\n\t\t\t\t\t\t\t\t\t\t\t\t\t<span class=\"elementor-accordion-icon elementor-accordion-icon-left\" aria-hidden=\"true\">\n\t\t\t\t\t\t\t\t\t\t\t\t\t\t\t<span class=\"elementor-accordion-icon-closed\"><i class=\"fas fa-plus\"><\/i><\/span>\n\t\t\t\t\t\t\t\t<span class=\"elementor-accordion-icon-opened\"><i class=\"fas fa-minus\"><\/i><\/span>\n\t\t\t\t\t\t\t\t\t\t\t\t\t\t<\/span>\n\t\t\t\t\t\t\t\t\t\t\t\t<a class=\"elementor-accordion-title\" tabindex=\"0\">Christian Madritsch<\/a>\n\t\t\t\t\t<\/div>\n\t\t\t\t\t<div id=\"elementor-tab-content-3393\" class=\"elementor-tab-content elementor-clearfix\" data-tab=\"3\" role=\"region\" aria-labelledby=\"elementor-tab-title-3393\"><p><a href=\"https:\/\/www.researchgate.net\/profile\/Christian-Madritsch-2\" target=\"_blank\" rel=\"noopener\">https:\/\/www.researchgate.net\/profile\/Christian-Madritsch-2<\/a><\/p><\/div>\n\t\t\t\t<\/div>\n\t\t\t\t\t\t\t<div class=\"elementor-accordion-item\">\n\t\t\t\t\t<div id=\"elementor-tab-title-3394\" class=\"elementor-tab-title\" data-tab=\"4\" role=\"button\" aria-controls=\"elementor-tab-content-3394\" aria-expanded=\"false\">\n\t\t\t\t\t\t\t\t\t\t\t\t\t<span class=\"elementor-accordion-icon elementor-accordion-icon-left\" aria-hidden=\"true\">\n\t\t\t\t\t\t\t\t\t\t\t\t\t\t\t<span class=\"elementor-accordion-icon-closed\"><i class=\"fas fa-plus\"><\/i><\/span>\n\t\t\t\t\t\t\t\t<span class=\"elementor-accordion-icon-opened\"><i class=\"fas fa-minus\"><\/i><\/span>\n\t\t\t\t\t\t\t\t\t\t\t\t\t\t<\/span>\n\t\t\t\t\t\t\t\t\t\t\t\t<a class=\"elementor-accordion-title\" tabindex=\"0\">Christian Kreiter<\/a>\n\t\t\t\t\t<\/div>\n\t\t\t\t\t<div id=\"elementor-tab-content-3394\" class=\"elementor-tab-content elementor-clearfix\" data-tab=\"4\" role=\"region\" aria-labelledby=\"elementor-tab-title-3394\"><p><a href=\"https:\/\/orcid.org\/0000-0003-3795-5137\" target=\"_blank\" rel=\"noopener\">https:\/\/orcid.org\/0000-0003-3795-5137 <\/a><\/p><p><a href=\"https:\/\/www.researchgate.net\/profile\/Christian-Kreiter-2\" target=\"_blank\" rel=\"noopener\">https:\/\/www.researchgate.net\/profile\/Christian-Kreiter-2<\/a><\/p><\/div>\n\t\t\t\t<\/div>\n\t\t\t\t\t\t\t<div class=\"elementor-accordion-item\">\n\t\t\t\t\t<div id=\"elementor-tab-title-3395\" class=\"elementor-tab-title\" data-tab=\"5\" role=\"button\" aria-controls=\"elementor-tab-content-3395\" aria-expanded=\"false\">\n\t\t\t\t\t\t\t\t\t\t\t\t\t<span class=\"elementor-accordion-icon elementor-accordion-icon-left\" aria-hidden=\"true\">\n\t\t\t\t\t\t\t\t\t\t\t\t\t\t\t<span class=\"elementor-accordion-icon-closed\"><i class=\"fas fa-plus\"><\/i><\/span>\n\t\t\t\t\t\t\t\t<span class=\"elementor-accordion-icon-opened\"><i class=\"fas fa-minus\"><\/i><\/span>\n\t\t\t\t\t\t\t\t\t\t\t\t\t\t<\/span>\n\t\t\t\t\t\t\t\t\t\t\t\t<a class=\"elementor-accordion-title\" tabindex=\"0\">Thomas Klinger<\/a>\n\t\t\t\t\t<\/div>\n\t\t\t\t\t<div id=\"elementor-tab-content-3395\" class=\"elementor-tab-content elementor-clearfix\" data-tab=\"5\" role=\"region\" aria-labelledby=\"elementor-tab-title-3395\"><p><a href=\"https:\/\/orcid.org\/0000-0002-9133-553X\" target=\"_blank\" rel=\"noopener\">https:\/\/orcid.org\/0000-0002-9133-553X<\/a><\/p><p><a href=\"https:\/\/www.researchgate.net\/profile\/Thomas-Klinger-2\" target=\"_blank\" rel=\"noopener\">https:\/\/www.researchgate.net\/profile\/Thomas-Klinger-2<\/a><\/p><\/div>\n\t\t\t\t<\/div>\n\t\t\t\t\t\t\t<div class=\"elementor-accordion-item\">\n\t\t\t\t\t<div id=\"elementor-tab-title-3396\" class=\"elementor-tab-title\" data-tab=\"6\" role=\"button\" aria-controls=\"elementor-tab-content-3396\" aria-expanded=\"false\">\n\t\t\t\t\t\t\t\t\t\t\t\t\t<span class=\"elementor-accordion-icon elementor-accordion-icon-left\" aria-hidden=\"true\">\n\t\t\t\t\t\t\t\t\t\t\t\t\t\t\t<span class=\"elementor-accordion-icon-closed\"><i class=\"fas fa-plus\"><\/i><\/span>\n\t\t\t\t\t\t\t\t<span class=\"elementor-accordion-icon-opened\"><i class=\"fas fa-minus\"><\/i><\/span>\n\t\t\t\t\t\t\t\t\t\t\t\t\t\t<\/span>\n\t\t\t\t\t\t\t\t\t\t\t\t<a class=\"elementor-accordion-title\" tabindex=\"0\">Wolfgang Werth<\/a>\n\t\t\t\t\t<\/div>\n\t\t\t\t\t<div id=\"elementor-tab-content-3396\" class=\"elementor-tab-content elementor-clearfix\" data-tab=\"6\" role=\"region\" aria-labelledby=\"elementor-tab-title-3396\"><\/div>\n\t\t\t\t<\/div>\n\t\t\t\t\t\t\t<div class=\"elementor-accordion-item\">\n\t\t\t\t\t<div id=\"elementor-tab-title-3397\" class=\"elementor-tab-title\" data-tab=\"7\" role=\"button\" aria-controls=\"elementor-tab-content-3397\" aria-expanded=\"false\">\n\t\t\t\t\t\t\t\t\t\t\t\t\t<span class=\"elementor-accordion-icon elementor-accordion-icon-left\" aria-hidden=\"true\">\n\t\t\t\t\t\t\t\t\t\t\t\t\t\t\t<span class=\"elementor-accordion-icon-closed\"><i class=\"fas fa-plus\"><\/i><\/span>\n\t\t\t\t\t\t\t\t<span class=\"elementor-accordion-icon-opened\"><i class=\"fas fa-minus\"><\/i><\/span>\n\t\t\t\t\t\t\t\t\t\t\t\t\t\t<\/span>\n\t\t\t\t\t\t\t\t\t\t\t\t<a class=\"elementor-accordion-title\" tabindex=\"0\">Alexander Berndt<\/a>\n\t\t\t\t\t<\/div>\n\t\t\t\t\t<div id=\"elementor-tab-content-3397\" class=\"elementor-tab-content elementor-clearfix\" data-tab=\"7\" role=\"region\" aria-labelledby=\"elementor-tab-title-3397\"><p><a href=\"https:\/\/orcid.org\/0000-0001-5912-345X\" target=\"_blank\" rel=\"noopener\">https:\/\/orcid.org\/0000-0001-5912-345X<\/a><\/p><p><a href=\"https:\/\/www.researchgate.net\/profile\/Alexander-Berndt\" target=\"_blank\" rel=\"noopener\">https:\/\/www.researchgate.net\/profil<\/a><a href=\"https:\/\/www.researchgate.net\/profile\/Alexander-Berndt\">e\/Alexander-Berndt<\/a><\/p><\/div>\n\t\t\t\t<\/div>\n\t\t\t\t\t\t\t<div class=\"elementor-accordion-item\">\n\t\t\t\t\t<div id=\"elementor-tab-title-3398\" class=\"elementor-tab-title\" data-tab=\"8\" role=\"button\" aria-controls=\"elementor-tab-content-3398\" aria-expanded=\"false\">\n\t\t\t\t\t\t\t\t\t\t\t\t\t<span class=\"elementor-accordion-icon elementor-accordion-icon-left\" aria-hidden=\"true\">\n\t\t\t\t\t\t\t\t\t\t\t\t\t\t\t<span class=\"elementor-accordion-icon-closed\"><i class=\"fas fa-plus\"><\/i><\/span>\n\t\t\t\t\t\t\t\t<span class=\"elementor-accordion-icon-opened\"><i class=\"fas fa-minus\"><\/i><\/span>\n\t\t\t\t\t\t\t\t\t\t\t\t\t\t<\/span>\n\t\t\t\t\t\t\t\t\t\t\t\t<a class=\"elementor-accordion-title\" tabindex=\"0\">Andreas Pester<\/a>\n\t\t\t\t\t<\/div>\n\t\t\t\t\t<div id=\"elementor-tab-content-3398\" class=\"elementor-tab-content elementor-clearfix\" data-tab=\"8\" role=\"region\" aria-labelledby=\"elementor-tab-title-3398\"><p><a href=\"https:\/\/orcid.org\/0000-0001-7278-7349\" target=\"_blank\" rel=\"noopener\">https:\/\/orcid.org\/0000-0001-7278-7349<\/a><\/p><p><a href=\"https:\/\/www.researchgate.net\/profile\/Andreas_Pester2\" target=\"_blank\" rel=\"noopener\">https:\/\/www.researchgate.net\/profile\/Andreas_Pester2<\/a><\/p><\/div>\n\t\t\t\t<\/div>\n\t\t\t\t\t\t\t\t<\/div>\n\t\t\t\t\t\t<\/div>\n\t\t\t\t<\/div>\n\t\t\t\t\t<\/div>\n\t\t<\/div>\n\t\t\t\t\t<\/div>\n\t\t<\/section>\n\t\t\t\t\t<\/div>\n\t\t<\/div>\n\t\t\t\t\t<\/div>\n\t\t<\/section>\n\t\t\t\t<\/div>\n\t\t","protected":false},"excerpt":{"rendered":"<p>\u00dcber uns Die Forschungsgruppe myLAB setzt sich zum Ziel, Forschung und Entwicklung auf dem Gebiet der praktischen Engineering-Ausbildung mit Hilfe von Labor-Equipment [&hellip;]<\/p>\n","protected":false},"author":48,"featured_media":0,"parent":0,"menu_order":0,"comment_status":"closed","ping_status":"closed","template":"elementor_header_footer","meta":{"_crdt_document":"","inline_featured_image":false,"footnotes":""},"class_list":["post-143","page","type-page","status-publish","hentry"],"_links":{"self":[{"href":"https:\/\/forschung.fh-kaernten.at\/mylab\/wp-json\/wp\/v2\/pages\/143","targetHints":{"allow":["GET"]}}],"collection":[{"href":"https:\/\/forschung.fh-kaernten.at\/mylab\/wp-json\/wp\/v2\/pages"}],"about":[{"href":"https:\/\/forschung.fh-kaernten.at\/mylab\/wp-json\/wp\/v2\/types\/page"}],"author":[{"embeddable":true,"href":"https:\/\/forschung.fh-kaernten.at\/mylab\/wp-json\/wp\/v2\/users\/48"}],"replies":[{"embeddable":true,"href":"https:\/\/forschung.fh-kaernten.at\/mylab\/wp-json\/wp\/v2\/comments?post=143"}],"version-history":[{"count":4,"href":"https:\/\/forschung.fh-kaernten.at\/mylab\/wp-json\/wp\/v2\/pages\/143\/revisions"}],"predecessor-version":[{"id":608,"href":"https:\/\/forschung.fh-kaernten.at\/mylab\/wp-json\/wp\/v2\/pages\/143\/revisions\/608"}],"wp:attachment":[{"href":"https:\/\/forschung.fh-kaernten.at\/mylab\/wp-json\/wp\/v2\/media?parent=143"}],"curies":[{"name":"wp","href":"https:\/\/api.w.org\/{rel}","templated":true}]}}