{"id":15,"date":"2022-03-17T14:25:31","date_gmt":"2022-03-17T13:25:31","guid":{"rendered":"https:\/\/forschung.fh-kaernten.at\/perezoso\/?page_id=15"},"modified":"2024-03-21T18:35:12","modified_gmt":"2024-03-21T17:35:12","slug":"perezoso","status":"publish","type":"page","link":"https:\/\/forschung.fh-kaernten.at\/perezoso\/","title":{"rendered":"PEREZOSO"},"content":{"rendered":"\t\t<div data-elementor-type=\"wp-page\" data-elementor-id=\"15\" class=\"elementor elementor-15\" data-elementor-post-type=\"page\">\n\t\t\t\t\t\t<section class=\"elementor-section elementor-top-section elementor-element elementor-element-6b630c5 elementor-section-boxed elementor-section-height-default elementor-section-height-default\" data-id=\"6b630c5\" data-element_type=\"section\" data-e-type=\"section\">\n\t\t\t\t\t\t<div class=\"elementor-container elementor-column-gap-default\">\n\t\t\t\t\t<div class=\"elementor-column elementor-col-100 elementor-top-column elementor-element elementor-element-8e49f61\" data-id=\"8e49f61\" data-element_type=\"column\" data-e-type=\"column\">\n\t\t\t<div class=\"elementor-widget-wrap elementor-element-populated\">\n\t\t\t\t\t\t<div class=\"elementor-element elementor-element-f4217af elementor-widget elementor-widget-spacer\" data-id=\"f4217af\" data-element_type=\"widget\" data-e-type=\"widget\" data-widget_type=\"spacer.default\">\n\t\t\t\t<div class=\"elementor-widget-container\">\n\t\t\t\t\t\t\t<div class=\"elementor-spacer\">\n\t\t\t<div class=\"elementor-spacer-inner\"><\/div>\n\t\t<\/div>\n\t\t\t\t\t\t<\/div>\n\t\t\t\t<\/div>\n\t\t\t\t<div class=\"elementor-element elementor-element-f7539f3 elementor-widget elementor-widget-heading\" data-id=\"f7539f3\" data-element_type=\"widget\" data-e-type=\"widget\" id=\"ueber\" data-widget_type=\"heading.default\">\n\t\t\t\t<div class=\"elementor-widget-container\">\n\t\t\t\t\t<h2 class=\"elementor-heading-title elementor-size-default\">\u00dcber<\/h2>\t\t\t\t<\/div>\n\t\t\t\t<\/div>\n\t\t\t\t\t<\/div>\n\t\t<\/div>\n\t\t\t\t\t<\/div>\n\t\t<\/section>\n\t\t\t\t<section class=\"elementor-section elementor-top-section elementor-element elementor-element-fff17c8 elementor-section-boxed elementor-section-height-default elementor-section-height-default\" data-id=\"fff17c8\" data-element_type=\"section\" data-e-type=\"section\">\n\t\t\t\t\t\t<div class=\"elementor-container elementor-column-gap-default\">\n\t\t\t\t\t<div class=\"elementor-column elementor-col-100 elementor-top-column elementor-element elementor-element-ef21a89\" data-id=\"ef21a89\" data-element_type=\"column\" data-e-type=\"column\">\n\t\t\t<div class=\"elementor-widget-wrap elementor-element-populated\">\n\t\t\t\t\t\t<div class=\"elementor-element elementor-element-acbc8cf elementor-widget elementor-widget-text-editor\" data-id=\"acbc8cf\" data-element_type=\"widget\" data-e-type=\"widget\" data-widget_type=\"text-editor.default\">\n\t\t\t\t<div class=\"elementor-widget-container\">\n\t\t\t\t\t\t\t\t\t<p>Der Fokus der angewandten Forschung und Entwicklung der Forschungsgruppe PEREZOSO ist die Erarbeitung und Entwicklung eines zukunftsweisenden interprofessionellen Behandlungsansatzes f\u00fcr Patient*innen mit Arthrose.<\/p><p>Durch die in der Forschungsgruppe vereinten Expertisen der Studieng\u00e4nge\u00a0 Ergotherapie, Physiotherapie und Radiologietechnologie seitens der FH-K\u00e4rnten und der breit gestreuten Kooperationen aus den Bereichen Medizin und Di\u00e4tologie soll ein innovativer und umfassender Behandlungsansatz f\u00fcr Arthrosepatient*innen unter Ber\u00fccksichtigung des gesellschaftlichen Nutzens und gesundheits\u00f6konomischer Aspekte entwickelt werden.<\/p>\t\t\t\t\t\t\t\t<\/div>\n\t\t\t\t<\/div>\n\t\t\t\t\t<\/div>\n\t\t<\/div>\n\t\t\t\t\t<\/div>\n\t\t<\/section>\n\t\t\t\t<section class=\"elementor-section elementor-top-section elementor-element elementor-element-9e19240 elementor-section-boxed elementor-section-height-default elementor-section-height-default\" data-id=\"9e19240\" data-element_type=\"section\" data-e-type=\"section\">\n\t\t\t\t\t\t<div class=\"elementor-container elementor-column-gap-default\">\n\t\t\t\t\t<div class=\"elementor-column elementor-col-100 elementor-top-column elementor-element elementor-element-1ba4bb7\" data-id=\"1ba4bb7\" data-element_type=\"column\" data-e-type=\"column\">\n\t\t\t<div class=\"elementor-widget-wrap elementor-element-populated\">\n\t\t\t\t\t\t<div class=\"elementor-element elementor-element-804d8e3 elementor-widget elementor-widget-spacer\" data-id=\"804d8e3\" data-element_type=\"widget\" data-e-type=\"widget\" data-widget_type=\"spacer.default\">\n\t\t\t\t<div class=\"elementor-widget-container\">\n\t\t\t\t\t\t\t<div class=\"elementor-spacer\">\n\t\t\t<div class=\"elementor-spacer-inner\"><\/div>\n\t\t<\/div>\n\t\t\t\t\t\t<\/div>\n\t\t\t\t<\/div>\n\t\t\t\t\t<\/div>\n\t\t<\/div>\n\t\t\t\t\t<\/div>\n\t\t<\/section>\n\t\t\t\t<section class=\"elementor-section elementor-top-section elementor-element elementor-element-4792f0b elementor-section-boxed elementor-section-height-default elementor-section-height-default\" data-id=\"4792f0b\" data-element_type=\"section\" data-e-type=\"section\" data-settings=\"{&quot;background_background&quot;:&quot;classic&quot;}\">\n\t\t\t\t\t\t<div class=\"elementor-container elementor-column-gap-default\">\n\t\t\t\t\t<div class=\"elementor-column elementor-col-100 elementor-top-column elementor-element elementor-element-f84c565\" data-id=\"f84c565\" data-element_type=\"column\" data-e-type=\"column\">\n\t\t\t<div class=\"elementor-widget-wrap elementor-element-populated\">\n\t\t\t\t\t\t<div class=\"elementor-element elementor-element-c3fe677 elementor-widget elementor-widget-spacer\" data-id=\"c3fe677\" data-element_type=\"widget\" data-e-type=\"widget\" id=\"schwerpunkt\" data-widget_type=\"spacer.default\">\n\t\t\t\t<div class=\"elementor-widget-container\">\n\t\t\t\t\t\t\t<div class=\"elementor-spacer\">\n\t\t\t<div class=\"elementor-spacer-inner\"><\/div>\n\t\t<\/div>\n\t\t\t\t\t\t<\/div>\n\t\t\t\t<\/div>\n\t\t\t\t<div class=\"elementor-element elementor-element-55bf209 elementor-widget elementor-widget-heading\" data-id=\"55bf209\" data-element_type=\"widget\" data-e-type=\"widget\" data-widget_type=\"heading.default\">\n\t\t\t\t<div class=\"elementor-widget-container\">\n\t\t\t\t\t<h2 class=\"elementor-heading-title elementor-size-default\">Schwerpunkt<\/h2>\t\t\t\t<\/div>\n\t\t\t\t<\/div>\n\t\t\t\t<div class=\"elementor-element elementor-element-66b719c elementor-widget elementor-widget-text-editor\" data-id=\"66b719c\" data-element_type=\"widget\" data-e-type=\"widget\" data-widget_type=\"text-editor.default\">\n\t\t\t\t<div class=\"elementor-widget-container\">\n\t\t\t\t\t\t\t\t\t<p style=\"text-align: center\">Interprofessioneller Behandlungsansatz f\u00fcr Patient*innen mit Arthrose.<\/p><p style=\"text-align: center\">Schwerpunkte: Rhizarthrose (Daumen), Gonarthrose (Knie), Coxarthrose (H\u00fcfte) Therapie und Bildgebung<\/p>\t\t\t\t\t\t\t\t<\/div>\n\t\t\t\t<\/div>\n\t\t\t\t<div class=\"elementor-element elementor-element-ed3c794 elementor-widget elementor-widget-spacer\" data-id=\"ed3c794\" data-element_type=\"widget\" data-e-type=\"widget\" data-widget_type=\"spacer.default\">\n\t\t\t\t<div class=\"elementor-widget-container\">\n\t\t\t\t\t\t\t<div class=\"elementor-spacer\">\n\t\t\t<div class=\"elementor-spacer-inner\"><\/div>\n\t\t<\/div>\n\t\t\t\t\t\t<\/div>\n\t\t\t\t<\/div>\n\t\t\t\t\t<\/div>\n\t\t<\/div>\n\t\t\t\t\t<\/div>\n\t\t<\/section>\n\t\t\t\t<section class=\"elementor-section elementor-top-section elementor-element elementor-element-b86b875 elementor-section-boxed elementor-section-height-default elementor-section-height-default\" data-id=\"b86b875\" data-element_type=\"section\" data-e-type=\"section\">\n\t\t\t\t\t\t<div class=\"elementor-container elementor-column-gap-default\">\n\t\t\t\t\t<div class=\"elementor-column elementor-col-100 elementor-top-column elementor-element elementor-element-61135da\" data-id=\"61135da\" data-element_type=\"column\" data-e-type=\"column\">\n\t\t\t<div class=\"elementor-widget-wrap elementor-element-populated\">\n\t\t\t\t\t\t<div class=\"elementor-element elementor-element-f6212b4 elementor-widget elementor-widget-spacer\" data-id=\"f6212b4\" data-element_type=\"widget\" data-e-type=\"widget\" data-widget_type=\"spacer.default\">\n\t\t\t\t<div class=\"elementor-widget-container\">\n\t\t\t\t\t\t\t<div class=\"elementor-spacer\">\n\t\t\t<div class=\"elementor-spacer-inner\"><\/div>\n\t\t<\/div>\n\t\t\t\t\t\t<\/div>\n\t\t\t\t<\/div>\n\t\t\t\t<div class=\"elementor-element elementor-element-81a3e0a elementor-widget elementor-widget-heading\" data-id=\"81a3e0a\" data-element_type=\"widget\" data-e-type=\"widget\" id=\"publikationen\" data-widget_type=\"heading.default\">\n\t\t\t\t<div class=\"elementor-widget-container\">\n\t\t\t\t\t<h2 class=\"elementor-heading-title elementor-size-default\">Aktuelle Publikationen<\/h2>\t\t\t\t<\/div>\n\t\t\t\t<\/div>\n\t\t\t\t<section class=\"elementor-section elementor-inner-section elementor-element elementor-element-f1aa171 elementor-section-boxed elementor-section-height-default elementor-section-height-default\" data-id=\"f1aa171\" data-element_type=\"section\" data-e-type=\"section\">\n\t\t\t\t\t\t<div class=\"elementor-container elementor-column-gap-default\">\n\t\t\t\t\t<div class=\"elementor-column elementor-col-50 elementor-inner-column elementor-element elementor-element-70dd55d\" data-id=\"70dd55d\" data-element_type=\"column\" data-e-type=\"column\">\n\t\t\t<div class=\"elementor-widget-wrap elementor-element-populated\">\n\t\t\t\t\t\t<div class=\"elementor-element elementor-element-0e833df elementor-widget elementor-widget-image\" data-id=\"0e833df\" data-element_type=\"widget\" data-e-type=\"widget\" data-widget_type=\"image.default\">\n\t\t\t\t<div class=\"elementor-widget-container\">\n\t\t\t\t\t\t\t\t\t\t\t\t\t\t\t<img fetchpriority=\"high\" decoding=\"async\" width=\"1000\" height=\"667\" src=\"data:image\/gif;base64,R0lGODlhAQABAAAAACH5BAEKAAEALAAAAAABAAEAAAICTAEAOw==\" class=\"attachment-large size-large wp-image-277 lazyload\" alt=\"\" sizes=\"(max-width: 1000px) 100vw, 1000px\" data-src=\"https:\/\/forschung.fh-kaernten.at\/perezoso\/files\/2024\/03\/AdobeStock_308975840_Preview.jpeg\" data-srcset=\"https:\/\/forschung.fh-kaernten.at\/perezoso\/files\/2024\/03\/AdobeStock_308975840_Preview.jpeg 1000w, https:\/\/forschung.fh-kaernten.at\/perezoso\/files\/2024\/03\/AdobeStock_308975840_Preview-300x200.jpeg 300w, https:\/\/forschung.fh-kaernten.at\/perezoso\/files\/2024\/03\/AdobeStock_308975840_Preview-768x512.jpeg 768w, https:\/\/forschung.fh-kaernten.at\/perezoso\/files\/2024\/03\/AdobeStock_308975840_Preview-230x153.jpeg 230w, https:\/\/forschung.fh-kaernten.at\/perezoso\/files\/2024\/03\/AdobeStock_308975840_Preview-350x233.jpeg 350w, https:\/\/forschung.fh-kaernten.at\/perezoso\/files\/2024\/03\/AdobeStock_308975840_Preview-480x320.jpeg 480w\">\t\t\t\t\t\t\t\t\t\t\t\t\t\t\t<\/div>\n\t\t\t\t<\/div>\n\t\t\t\t<div class=\"elementor-element elementor-element-b5f2bc5 elementor-widget elementor-widget-spacer\" data-id=\"b5f2bc5\" data-element_type=\"widget\" data-e-type=\"widget\" data-widget_type=\"spacer.default\">\n\t\t\t\t<div class=\"elementor-widget-container\">\n\t\t\t\t\t\t\t<div class=\"elementor-spacer\">\n\t\t\t<div class=\"elementor-spacer-inner\"><\/div>\n\t\t<\/div>\n\t\t\t\t\t\t<\/div>\n\t\t\t\t<\/div>\n\t\t\t\t\t<\/div>\n\t\t<\/div>\n\t\t\t\t<div class=\"elementor-column elementor-col-50 elementor-inner-column elementor-element elementor-element-ae6f356\" data-id=\"ae6f356\" data-element_type=\"column\" data-e-type=\"column\">\n\t\t\t<div class=\"elementor-widget-wrap elementor-element-populated\">\n\t\t\t\t\t\t<div class=\"elementor-element elementor-element-496a34a elementor-widget elementor-widget-text-editor\" data-id=\"496a34a\" data-element_type=\"widget\" data-e-type=\"widget\" data-widget_type=\"text-editor.default\">\n\t\t\t\t<div class=\"elementor-widget-container\">\n\t\t\t\t\t\t\t\t\t<p class=\"x_MsoNormal\"><a href=\"https:\/\/maplespub.com\/article\/cognitive-behavioral-interventions-in-occupational-therapy-for-chronic-upper-limb-pain-a-qualitative-study\" target=\"_blank\" rel=\"noopener noreferrer\" data-auth=\"NotApplicable\" data-linkindex=\"0\" data-ogsc=\"\"><span lang=\"EN-US\">Cognitive-behavioral Interventions in Occupational Therapy for Chronic Upper Limb Pain &#8211; A Qualitative Study (maplespub.com)<\/span><\/a><\/p><p class=\"x_MsoNormal\"><span lang=\"EN-US\">\u00a0&#8212;&#8211;<\/span><\/p><p class=\"x_MsoNormal\"><a href=\"https:\/\/maplespub.com\/article\/how-do-trained-and-prospective-physiotherapists-and-radiologic-technologists-face-knee-joint-effusion-profession-specifically-and-interdisciplinary-a-cross-sectional-study\" target=\"_blank\" rel=\"noopener noreferrer\" data-auth=\"NotApplicable\" data-linkindex=\"1\" data-ogsc=\"\"><span lang=\"EN-US\">How do Trained and Prospective Physiotherapists and Radiologic Technologists Face Knee Joint Effusion Profession-Specifically and Interdisciplinary?-A Cross-Sectional Study (maplespub.com)<\/span><\/a><\/p><p class=\"x_MsoNormal\"><span lang=\"EN-US\">\u00a0&#8212;-<\/span><\/p><p class=\"x_MsoNormal\"><a href=\"https:\/\/maplespub.com\/article\/how-do-lay-people-identify-knee-swelling-and-what-would-they-do-about-it-survey-results-in-the-context-of-an-event-on-the-topic-of-knee-osteoarthritis\" target=\"_blank\" rel=\"noopener noreferrer\" data-auth=\"NotApplicable\" data-linkindex=\"2\" data-ogsc=\"\"><span lang=\"EN-US\">How Do Lay People Identify Knee Swelling and What Would They Do About It: Survey Results in the Context of an Event on the Topic of Knee Osteoarthritis (maplespub.com)<\/span><\/a><\/p><p class=\"x_MsoNormal\"><span lang=\"EN-US\">\u00a0<\/span><\/p>\t\t\t\t\t\t\t\t<\/div>\n\t\t\t\t<\/div>\n\t\t\t\t\t<\/div>\n\t\t<\/div>\n\t\t\t\t\t<\/div>\n\t\t<\/section>\n\t\t\t\t\t<\/div>\n\t\t<\/div>\n\t\t\t\t\t<\/div>\n\t\t<\/section>\n\t\t\t\t<section class=\"elementor-section elementor-top-section elementor-element elementor-element-e11630d elementor-section-boxed elementor-section-height-default elementor-section-height-default\" data-id=\"e11630d\" data-element_type=\"section\" data-e-type=\"section\" data-settings=\"{&quot;background_background&quot;:&quot;classic&quot;}\">\n\t\t\t\t\t\t<div class=\"elementor-container elementor-column-gap-default\">\n\t\t\t\t\t<div class=\"elementor-column elementor-col-100 elementor-top-column elementor-element elementor-element-8cc6df8\" data-id=\"8cc6df8\" data-element_type=\"column\" data-e-type=\"column\">\n\t\t\t<div class=\"elementor-widget-wrap elementor-element-populated\">\n\t\t\t\t\t\t<div class=\"elementor-element elementor-element-4196910 elementor-widget elementor-widget-spacer\" data-id=\"4196910\" data-element_type=\"widget\" data-e-type=\"widget\" id=\"aktuelles\" data-widget_type=\"spacer.default\">\n\t\t\t\t<div class=\"elementor-widget-container\">\n\t\t\t\t\t\t\t<div class=\"elementor-spacer\">\n\t\t\t<div class=\"elementor-spacer-inner\"><\/div>\n\t\t<\/div>\n\t\t\t\t\t\t<\/div>\n\t\t\t\t<\/div>\n\t\t\t\t<div class=\"elementor-element elementor-element-31a735f elementor-widget elementor-widget-heading\" data-id=\"31a735f\" data-element_type=\"widget\" data-e-type=\"widget\" data-widget_type=\"heading.default\">\n\t\t\t\t<div class=\"elementor-widget-container\">\n\t\t\t\t\t<h2 class=\"elementor-heading-title elementor-size-default\">Aktuelles<\/h2>\t\t\t\t<\/div>\n\t\t\t\t<\/div>\n\t\t\t\t<div class=\"elementor-element elementor-element-ba44d6e elementor-widget elementor-widget-athemes-posts\" data-id=\"ba44d6e\" data-element_type=\"widget\" data-e-type=\"widget\" data-widget_type=\"athemes-posts.default\">\n\t\t\t\t<div class=\"elementor-widget-container\">\n\t\t\t\t\t\n\t\t<div class=\"panel-grid-cell\">\t\t\t<div class=\"latest-news-wrapper carousel owl-carousel row style1\">\n\t\t\t\t\t\t\t<div class=\"blog-post col-md-12\">\n\t\t\t\t\t\t\t\t\t<div class=\"entry-thumb\">\n\t\t\t\t\t\t<a href=\"https:\/\/forschung.fh-kaernten.at\/perezoso\/gesunde-gemeinde-glanegg\/\" title=\"Gesunde Gemeinde Glanegg\">\n\t\t\t\t\t\t\t<img decoding=\"async\" width=\"903\" height=\"508\" src=\"data:image\/gif;base64,R0lGODlhAQABAAAAACH5BAEKAAEALAAAAAABAAEAAAICTAEAOw==\" class=\"attachment-medium-thumb size-medium-thumb wp-post-image lazyload\" alt=\"\" sizes=\"(max-width: 903px) 100vw, 903px\" data-src=\"https:\/\/forschung.fh-kaernten.at\/perezoso\/files\/2023\/02\/glanegg.jpg\" data-srcset=\"https:\/\/forschung.fh-kaernten.at\/perezoso\/files\/2023\/02\/glanegg.jpg 903w, https:\/\/forschung.fh-kaernten.at\/perezoso\/files\/2023\/02\/glanegg-300x169.jpg 300w, https:\/\/forschung.fh-kaernten.at\/perezoso\/files\/2023\/02\/glanegg-768x432.jpg 768w, https:\/\/forschung.fh-kaernten.at\/perezoso\/files\/2023\/02\/glanegg-230x129.jpg 230w, https:\/\/forschung.fh-kaernten.at\/perezoso\/files\/2023\/02\/glanegg-350x197.jpg 350w, https:\/\/forschung.fh-kaernten.at\/perezoso\/files\/2023\/02\/glanegg-480x270.jpg 480w\">\t\t\t\t\t\t<\/a>\t\t\t\n\t\t\t\t\t<\/div>\t\n\t\t\t\t\t\t\t\t\t\t\n\t\t\t\t\t\t\t\t\t<div class=\"entry-meta delimiter-dot\">\n\t\t\t\t\t\t\t\t\t\t\t\t\t\t\t\t\n\t\t\t\t\t<\/div>\n\t\t\t\t\t\t\t\t<h4 class=\"entry-title\"><a href=\"https:\/\/forschung.fh-kaernten.at\/perezoso\/gesunde-gemeinde-glanegg\/\" rel=\"bookmark\">Gesunde Gemeinde Glanegg<\/a><\/h4>\t\t\t\t\t<div class=\"entry-summary\">\n\t\t\t\t\t<p>Im Mai 2023 hielt das Team der Ergotherapie im Rahmen der Gesunden Gemeinde in Glanegg einen Vortrag zum Thema Arthrose mit dem Schwerpunkt Rhizarthrose.<\/p>\n<\/div>\n\t\t\t\t<\/div>\n\t\t\t\t\t\t\t<div class=\"blog-post col-md-12\">\n\t\t\t\t\t\t\t\t\t<div class=\"entry-thumb\">\n\t\t\t\t\t\t<a href=\"https:\/\/forschung.fh-kaernten.at\/perezoso\/oeght-klausurtagung-2024\/\" title=\"\u00d6GHT Klausurtagung 2024\">\n\t\t\t\t\t\t\t<img decoding=\"async\" width=\"903\" height=\"508\" src=\"data:image\/gif;base64,R0lGODlhAQABAAAAACH5BAEKAAEALAAAAAABAAEAAAICTAEAOw==\" class=\"attachment-medium-thumb size-medium-thumb wp-post-image lazyload\" alt=\"\" sizes=\"(max-width: 903px) 100vw, 903px\" data-src=\"https:\/\/forschung.fh-kaernten.at\/perezoso\/files\/2023\/02\/oeght.jpg\" data-srcset=\"https:\/\/forschung.fh-kaernten.at\/perezoso\/files\/2023\/02\/oeght.jpg 903w, https:\/\/forschung.fh-kaernten.at\/perezoso\/files\/2023\/02\/oeght-300x169.jpg 300w, https:\/\/forschung.fh-kaernten.at\/perezoso\/files\/2023\/02\/oeght-768x432.jpg 768w, https:\/\/forschung.fh-kaernten.at\/perezoso\/files\/2023\/02\/oeght-230x129.jpg 230w, https:\/\/forschung.fh-kaernten.at\/perezoso\/files\/2023\/02\/oeght-350x197.jpg 350w, https:\/\/forschung.fh-kaernten.at\/perezoso\/files\/2023\/02\/oeght-480x270.jpg 480w\">\t\t\t\t\t\t<\/a>\t\t\t\n\t\t\t\t\t<\/div>\t\n\t\t\t\t\t\t\t\t\t\t\n\t\t\t\t\t\t\t\t\t<div class=\"entry-meta delimiter-dot\">\n\t\t\t\t\t\t\t\t\t\t\t\t\t\t\t\t\n\t\t\t\t\t<\/div>\n\t\t\t\t\t\t\t\t<h4 class=\"entry-title\"><a href=\"https:\/\/forschung.fh-kaernten.at\/perezoso\/oeght-klausurtagung-2024\/\" rel=\"bookmark\">\u00d6GHT Klausurtagung 2024<\/a><\/h4>\t\t\t\t\t<div class=\"entry-summary\">\n\t\t\t\t\t<p>Im M\u00e4rz fand die Klausurtagung der \u00d6GH und \u00d6GHT statt, bei der das Hauptthema \u201eDer Daumen\u201c war. Im Rahmen dieser Tagung hielt das Team der Ergotherapie einen Vortrag mit dem Titel \u201eDie Operation l\u00e4uft dem Daumen nicht davon! \u2013 Konservative Therapiem\u00f6glichkeiten bei Rhizarthrose durch Ergotherapie\u201c.<\/p>\n<\/div>\n\t\t\t\t<\/div>\n\t\t\t\t\t\t\t<div class=\"blog-post col-md-12\">\n\t\t\t\t\t\t\t\t\t<div class=\"entry-thumb\">\n\t\t\t\t\t\t<a href=\"https:\/\/forschung.fh-kaernten.at\/perezoso\/forschungsforum-2022\/\" title=\"Forschungsforum 2022\">\n\t\t\t\t\t\t\t<img loading=\"lazy\" decoding=\"async\" width=\"903\" height=\"508\" src=\"data:image\/gif;base64,R0lGODlhAQABAAAAACH5BAEKAAEALAAAAAABAAEAAAICTAEAOw==\" class=\"attachment-medium-thumb size-medium-thumb wp-post-image lazyload\" alt=\"\" sizes=\"(max-width: 903px) 100vw, 903px\" data-src=\"https:\/\/forschung.fh-kaernten.at\/perezoso\/files\/2023\/02\/forschungsforum22.jpg\" data-srcset=\"https:\/\/forschung.fh-kaernten.at\/perezoso\/files\/2023\/02\/forschungsforum22.jpg 903w, https:\/\/forschung.fh-kaernten.at\/perezoso\/files\/2023\/02\/forschungsforum22-300x169.jpg 300w, https:\/\/forschung.fh-kaernten.at\/perezoso\/files\/2023\/02\/forschungsforum22-768x432.jpg 768w, https:\/\/forschung.fh-kaernten.at\/perezoso\/files\/2023\/02\/forschungsforum22-230x129.jpg 230w, https:\/\/forschung.fh-kaernten.at\/perezoso\/files\/2023\/02\/forschungsforum22-350x197.jpg 350w, https:\/\/forschung.fh-kaernten.at\/perezoso\/files\/2023\/02\/forschungsforum22-480x270.jpg 480w\">\t\t\t\t\t\t<\/a>\t\t\t\n\t\t\t\t\t<\/div>\t\n\t\t\t\t\t\t\t\t\t\t\n\t\t\t\t\t\t\t\t\t<div class=\"entry-meta delimiter-dot\">\n\t\t\t\t\t\t\t\t\t\t\t\t\t\t\t\t\n\t\t\t\t\t<\/div>\n\t\t\t\t\t\t\t\t<h4 class=\"entry-title\"><a href=\"https:\/\/forschung.fh-kaernten.at\/perezoso\/forschungsforum-2022\/\" rel=\"bookmark\">Forschungsforum 2022<\/a><\/h4>\t\t\t\t\t<div class=\"entry-summary\">\n\t\t\t\t\t<p>Die Forschungsgruppe PEREZOSO war Teil des Forschungsforums 2022 in Villach.<\/p>\n<\/div>\n\t\t\t\t<\/div>\n\t\t\t\t\t\t\t<div class=\"blog-post col-md-12\">\n\t\t\t\t\t\t\t\t\t<div class=\"entry-thumb\">\n\t\t\t\t\t\t<a href=\"https:\/\/forschung.fh-kaernten.at\/perezoso\/geriatrie-kongress-2022\/\" title=\"Geriatrie Kongress 2022\u00a0\">\n\t\t\t\t\t\t\t<img loading=\"lazy\" decoding=\"async\" width=\"903\" height=\"508\" src=\"data:image\/gif;base64,R0lGODlhAQABAAAAACH5BAEKAAEALAAAAAABAAEAAAICTAEAOw==\" class=\"attachment-medium-thumb size-medium-thumb wp-post-image lazyload\" alt=\"\" sizes=\"(max-width: 903px) 100vw, 903px\" data-src=\"https:\/\/forschung.fh-kaernten.at\/perezoso\/files\/2023\/02\/geriatrie.jpg\" data-srcset=\"https:\/\/forschung.fh-kaernten.at\/perezoso\/files\/2023\/02\/geriatrie.jpg 903w, https:\/\/forschung.fh-kaernten.at\/perezoso\/files\/2023\/02\/geriatrie-300x169.jpg 300w, https:\/\/forschung.fh-kaernten.at\/perezoso\/files\/2023\/02\/geriatrie-768x432.jpg 768w, https:\/\/forschung.fh-kaernten.at\/perezoso\/files\/2023\/02\/geriatrie-230x129.jpg 230w, https:\/\/forschung.fh-kaernten.at\/perezoso\/files\/2023\/02\/geriatrie-350x197.jpg 350w, https:\/\/forschung.fh-kaernten.at\/perezoso\/files\/2023\/02\/geriatrie-480x270.jpg 480w\">\t\t\t\t\t\t<\/a>\t\t\t\n\t\t\t\t\t<\/div>\t\n\t\t\t\t\t\t\t\t\t\t\n\t\t\t\t\t\t\t\t\t<div class=\"entry-meta delimiter-dot\">\n\t\t\t\t\t\t\t\t\t\t\t\t\t\t\t\t\n\t\t\t\t\t<\/div>\n\t\t\t\t\t\t\t\t<h4 class=\"entry-title\"><a href=\"https:\/\/forschung.fh-kaernten.at\/perezoso\/geriatrie-kongress-2022\/\" rel=\"bookmark\">Geriatrie Kongress 2022\u00a0<\/a><\/h4>\t\t\t\t\t<div class=\"entry-summary\">\n\t\t\t\t\t<p>Im April 2022 fand in Salzburg der j\u00e4hrliche Geriatrie Kongress unter dem Motto \u201eR\u00fcckw\u00e4rts schauen \u2013 Vorw\u00e4rts denken\u201c statt. <\/p>\n<\/div>\n\t\t\t\t<\/div>\n\t\t\t\t\t\t\t<div class=\"blog-post col-md-12\">\n\t\t\t\t\t\t\t\t\t<div class=\"entry-thumb\">\n\t\t\t\t\t\t<a href=\"https:\/\/forschung.fh-kaernten.at\/perezoso\/wie-wuerden-personen-kniegelenksschwellungen-erkennen-und-behandeln\/\" title=\"Wie w\u00fcrden Personen Kniegelenksschwellungen erkennen und behandeln?\">\n\t\t\t\t\t\t\t<img loading=\"lazy\" decoding=\"async\" width=\"903\" height=\"508\" src=\"data:image\/gif;base64,R0lGODlhAQABAAAAACH5BAEKAAEALAAAAAABAAEAAAICTAEAOw==\" class=\"attachment-medium-thumb size-medium-thumb wp-post-image lazyload\" alt=\"\" sizes=\"(max-width: 903px) 100vw, 903px\" data-src=\"https:\/\/forschung.fh-kaernten.at\/perezoso\/files\/2023\/02\/knie.jpg\" data-srcset=\"https:\/\/forschung.fh-kaernten.at\/perezoso\/files\/2023\/02\/knie.jpg 903w, https:\/\/forschung.fh-kaernten.at\/perezoso\/files\/2023\/02\/knie-300x169.jpg 300w, https:\/\/forschung.fh-kaernten.at\/perezoso\/files\/2023\/02\/knie-768x432.jpg 768w, https:\/\/forschung.fh-kaernten.at\/perezoso\/files\/2023\/02\/knie-230x129.jpg 230w, https:\/\/forschung.fh-kaernten.at\/perezoso\/files\/2023\/02\/knie-350x197.jpg 350w, https:\/\/forschung.fh-kaernten.at\/perezoso\/files\/2023\/02\/knie-480x270.jpg 480w\">\t\t\t\t\t\t<\/a>\t\t\t\n\t\t\t\t\t<\/div>\t\n\t\t\t\t\t\t\t\t\t\t\n\t\t\t\t\t\t\t\t\t<div class=\"entry-meta delimiter-dot\">\n\t\t\t\t\t\t\t\t\t\t\t\t\t\t\t\t\n\t\t\t\t\t<\/div>\n\t\t\t\t\t\t\t\t<h4 class=\"entry-title\"><a href=\"https:\/\/forschung.fh-kaernten.at\/perezoso\/wie-wuerden-personen-kniegelenksschwellungen-erkennen-und-behandeln\/\" rel=\"bookmark\">Wie w\u00fcrden Personen Kniegelenksschwellungen erkennen und behandeln?<\/a><\/h4>\t\t\t\t\t<div class=\"entry-summary\">\n\t\t\t\t\t<p>Im Zuge der Veranstaltung \u201eGesunde Gelenke \u2013 Gesundes Leben\u201c wurde eine Umfrage zu Meinungen und Einstellungen zum Thema Kniearthrose durchgef\u00fchrt. <\/p>\n<\/div>\n\t\t\t\t<\/div>\n\t\t\t\t\t\t\t<div class=\"blog-post col-md-12\">\n\t\t\t\t\t\t\t\t\t<div class=\"entry-thumb\">\n\t\t\t\t\t\t<a href=\"https:\/\/forschung.fh-kaernten.at\/perezoso\/perezoso-goes-diex\/\" title=\"Perezoso goes Diex\">\n\t\t\t\t\t\t\t<img loading=\"lazy\" decoding=\"async\" width=\"903\" height=\"508\" src=\"data:image\/gif;base64,R0lGODlhAQABAAAAACH5BAEKAAEALAAAAAABAAEAAAICTAEAOw==\" class=\"attachment-medium-thumb size-medium-thumb wp-post-image lazyload\" alt=\"\" sizes=\"(max-width: 903px) 100vw, 903px\" data-src=\"https:\/\/forschung.fh-kaernten.at\/perezoso\/files\/2023\/02\/diex.jpg\" data-srcset=\"https:\/\/forschung.fh-kaernten.at\/perezoso\/files\/2023\/02\/diex.jpg 903w, https:\/\/forschung.fh-kaernten.at\/perezoso\/files\/2023\/02\/diex-300x169.jpg 300w, https:\/\/forschung.fh-kaernten.at\/perezoso\/files\/2023\/02\/diex-768x432.jpg 768w, https:\/\/forschung.fh-kaernten.at\/perezoso\/files\/2023\/02\/diex-230x129.jpg 230w, https:\/\/forschung.fh-kaernten.at\/perezoso\/files\/2023\/02\/diex-350x197.jpg 350w, https:\/\/forschung.fh-kaernten.at\/perezoso\/files\/2023\/02\/diex-480x270.jpg 480w\">\t\t\t\t\t\t<\/a>\t\t\t\n\t\t\t\t\t<\/div>\t\n\t\t\t\t\t\t\t\t\t\t\n\t\t\t\t\t\t\t\t\t<div class=\"entry-meta delimiter-dot\">\n\t\t\t\t\t\t\t\t\t\t\t\t\t\t\t\t\n\t\t\t\t\t<\/div>\n\t\t\t\t\t\t\t\t<h4 class=\"entry-title\"><a href=\"https:\/\/forschung.fh-kaernten.at\/perezoso\/perezoso-goes-diex\/\" rel=\"bookmark\">Perezoso goes Diex<\/a><\/h4>\t\t\t\t\t<div class=\"entry-summary\">\n\t\t\t\t\t<p>Im Rahmen der \u201eGesunde Gemeinde\u201c- Aktivit\u00e4ten waren Michael Suppanz und Uschi Halbreiner (Studiengang Physiotherapie) am 24.06.22 in Diex zu Gast und gestalteten einen Vortrag inklusive Workshop zum Thema \u201eGesunde Gelenke- Gesundes Leben\u201c.<\/p>\n<\/div>\n\t\t\t\t<\/div>\n\t\t\t\t\t\t<\/div>\n\t\t<\/div>\n\n\t\t\t\t\t\t\t\t\t\n\t\t\t\n\t\t\n\t\t\t\t\t\t<\/div>\n\t\t\t\t<\/div>\n\t\t\t\t\t<\/div>\n\t\t<\/div>\n\t\t\t\t\t<\/div>\n\t\t<\/section>\n\t\t\t\t<section class=\"elementor-section elementor-top-section elementor-element elementor-element-9f51cae elementor-section-boxed elementor-section-height-default elementor-section-height-default\" data-id=\"9f51cae\" data-element_type=\"section\" data-e-type=\"section\">\n\t\t\t\t\t\t<div class=\"elementor-container elementor-column-gap-default\">\n\t\t\t\t\t<div class=\"elementor-column elementor-col-100 elementor-top-column elementor-element elementor-element-708bb98\" data-id=\"708bb98\" data-element_type=\"column\" data-e-type=\"column\" id=\"Team\">\n\t\t\t<div class=\"elementor-widget-wrap elementor-element-populated\">\n\t\t\t\t\t\t<div class=\"elementor-element elementor-element-ad5ce9c elementor-widget elementor-widget-spacer\" data-id=\"ad5ce9c\" data-element_type=\"widget\" data-e-type=\"widget\" data-widget_type=\"spacer.default\">\n\t\t\t\t<div class=\"elementor-widget-container\">\n\t\t\t\t\t\t\t<div class=\"elementor-spacer\">\n\t\t\t<div class=\"elementor-spacer-inner\"><\/div>\n\t\t<\/div>\n\t\t\t\t\t\t<\/div>\n\t\t\t\t<\/div>\n\t\t\t\t<div class=\"elementor-element elementor-element-8efdfbd elementor-widget elementor-widget-heading\" data-id=\"8efdfbd\" data-element_type=\"widget\" data-e-type=\"widget\" data-widget_type=\"heading.default\">\n\t\t\t\t<div class=\"elementor-widget-container\">\n\t\t\t\t\t<h2 class=\"elementor-heading-title elementor-size-default\">Team<\/h2>\t\t\t\t<\/div>\n\t\t\t\t<\/div>\n\t\t\t\t\t<\/div>\n\t\t<\/div>\n\t\t\t\t\t<\/div>\n\t\t<\/section>\n\t\t\t\t<section class=\"elementor-section elementor-top-section elementor-element elementor-element-dd2f034 elementor-section-boxed elementor-section-height-default elementor-section-height-default\" data-id=\"dd2f034\" data-element_type=\"section\" data-e-type=\"section\">\n\t\t\t\t\t\t<div class=\"elementor-container elementor-column-gap-default\">\n\t\t\t\t\t<div class=\"elementor-column elementor-col-25 elementor-top-column elementor-element elementor-element-4b35ee2\" data-id=\"4b35ee2\" data-element_type=\"column\" data-e-type=\"column\">\n\t\t\t<div class=\"elementor-widget-wrap elementor-element-populated\">\n\t\t\t\t\t\t<div class=\"elementor-element elementor-element-1796bee elementor-widget elementor-widget-spacer\" data-id=\"1796bee\" data-element_type=\"widget\" data-e-type=\"widget\" data-widget_type=\"spacer.default\">\n\t\t\t\t<div class=\"elementor-widget-container\">\n\t\t\t\t\t\t\t<div class=\"elementor-spacer\">\n\t\t\t<div class=\"elementor-spacer-inner\"><\/div>\n\t\t<\/div>\n\t\t\t\t\t\t<\/div>\n\t\t\t\t<\/div>\n\t\t\t\t<div class=\"elementor-element elementor-element-286fb01 elementor-widget elementor-widget-text-editor\" data-id=\"286fb01\" data-element_type=\"widget\" data-e-type=\"widget\" data-widget_type=\"text-editor.default\">\n\t\t\t\t<div class=\"elementor-widget-container\">\n\t\t\t\t\t\t\t\t\t<figure id=\"attachment_96\" aria-describedby=\"caption-attachment-96\" style=\"width: 300px\" class=\"wp-caption alignnone\"><img loading=\"lazy\" decoding=\"async\" class=\"size-medium wp-image-96 lazyload\" src=\"data:image\/gif;base64,R0lGODlhAQABAAAAACH5BAEKAAEALAAAAAABAAEAAAICTAEAOw==\" alt=\"\" width=\"300\" height=\"300\" data-src=\"https:\/\/forschung.fh-kaernten.at\/perezoso\/files\/2022\/04\/Martin_Schusser-300x300.jpg\"><figcaption id=\"caption-attachment-96\" class=\"wp-caption-text\"><strong><b>FH Prof.<\/b> Dr. Martin Schusser, MSc, MEd<\/strong><br \/>STG Ergotherapie<br \/>m.schusser@fh-kaernten.at<\/figcaption><\/figure>\t\t\t\t\t\t\t\t<\/div>\n\t\t\t\t<\/div>\n\t\t\t\t\t<\/div>\n\t\t<\/div>\n\t\t\t\t<div class=\"elementor-column elementor-col-25 elementor-top-column elementor-element elementor-element-da72f38\" data-id=\"da72f38\" data-element_type=\"column\" data-e-type=\"column\">\n\t\t\t<div class=\"elementor-widget-wrap elementor-element-populated\">\n\t\t\t\t\t\t<div class=\"elementor-element elementor-element-b55de7e elementor-widget elementor-widget-spacer\" data-id=\"b55de7e\" data-element_type=\"widget\" data-e-type=\"widget\" data-widget_type=\"spacer.default\">\n\t\t\t\t<div class=\"elementor-widget-container\">\n\t\t\t\t\t\t\t<div class=\"elementor-spacer\">\n\t\t\t<div class=\"elementor-spacer-inner\"><\/div>\n\t\t<\/div>\n\t\t\t\t\t\t<\/div>\n\t\t\t\t<\/div>\n\t\t\t\t<div class=\"elementor-element elementor-element-d37a4bd elementor-widget elementor-widget-text-editor\" data-id=\"d37a4bd\" data-element_type=\"widget\" data-e-type=\"widget\" data-widget_type=\"text-editor.default\">\n\t\t\t\t<div class=\"elementor-widget-container\">\n\t\t\t\t\t\t\t\t\t<figure id=\"attachment_95\" aria-describedby=\"caption-attachment-95\" style=\"width: 300px\" class=\"wp-caption alignnone\"><img loading=\"lazy\" decoding=\"async\" class=\"size-medium wp-image-95 lazyload\" src=\"data:image\/gif;base64,R0lGODlhAQABAAAAACH5BAEKAAEALAAAAAABAAEAAAICTAEAOw==\" alt=\"\" width=\"300\" height=\"300\" data-src=\"https:\/\/forschung.fh-kaernten.at\/perezoso\/files\/2022\/04\/Lisa_Resei-300x300.jpg\"><figcaption id=\"caption-attachment-95\" class=\"wp-caption-text\"><strong>Lisa Resei, BSc, MSc<\/strong><br \/>STG Ergotherapie<br \/>l.resei@fh-kaernten.at<\/figcaption><\/figure>\t\t\t\t\t\t\t\t<\/div>\n\t\t\t\t<\/div>\n\t\t\t\t\t<\/div>\n\t\t<\/div>\n\t\t\t\t<div class=\"elementor-column elementor-col-25 elementor-top-column elementor-element elementor-element-e1a16af\" data-id=\"e1a16af\" data-element_type=\"column\" data-e-type=\"column\">\n\t\t\t<div class=\"elementor-widget-wrap elementor-element-populated\">\n\t\t\t\t\t\t<div class=\"elementor-element elementor-element-c85bc5f elementor-widget elementor-widget-spacer\" data-id=\"c85bc5f\" data-element_type=\"widget\" data-e-type=\"widget\" data-widget_type=\"spacer.default\">\n\t\t\t\t<div class=\"elementor-widget-container\">\n\t\t\t\t\t\t\t<div class=\"elementor-spacer\">\n\t\t\t<div class=\"elementor-spacer-inner\"><\/div>\n\t\t<\/div>\n\t\t\t\t\t\t<\/div>\n\t\t\t\t<\/div>\n\t\t\t\t<div class=\"elementor-element elementor-element-ec90efe elementor-widget elementor-widget-text-editor\" data-id=\"ec90efe\" data-element_type=\"widget\" data-e-type=\"widget\" data-widget_type=\"text-editor.default\">\n\t\t\t\t<div class=\"elementor-widget-container\">\n\t\t\t\t\t\t\t\t\t<figure id=\"attachment_98\" aria-describedby=\"caption-attachment-98\" style=\"width: 300px\" class=\"wp-caption alignnone\"><img loading=\"lazy\" decoding=\"async\" class=\"size-medium wp-image-98 lazyload\" src=\"data:image\/gif;base64,R0lGODlhAQABAAAAACH5BAEKAAEALAAAAAABAAEAAAICTAEAOw==\" alt=\"\" width=\"300\" height=\"300\" data-src=\"https:\/\/forschung.fh-kaernten.at\/perezoso\/files\/2022\/04\/Sabine_Walgram-300x300.jpg\"><figcaption id=\"caption-attachment-98\" class=\"wp-caption-text\"><strong>Sabine Walgram, BSc<\/strong><br \/>STG Ergotherapie<br \/>s.walgram@fh-kaernten.at<\/figcaption><\/figure>\t\t\t\t\t\t\t\t<\/div>\n\t\t\t\t<\/div>\n\t\t\t\t\t<\/div>\n\t\t<\/div>\n\t\t\t\t<div class=\"elementor-column elementor-col-25 elementor-top-column elementor-element elementor-element-9273c68\" data-id=\"9273c68\" data-element_type=\"column\" data-e-type=\"column\">\n\t\t\t<div class=\"elementor-widget-wrap elementor-element-populated\">\n\t\t\t\t\t\t<div class=\"elementor-element elementor-element-838616b elementor-widget elementor-widget-spacer\" data-id=\"838616b\" data-element_type=\"widget\" data-e-type=\"widget\" data-widget_type=\"spacer.default\">\n\t\t\t\t<div class=\"elementor-widget-container\">\n\t\t\t\t\t\t\t<div class=\"elementor-spacer\">\n\t\t\t<div class=\"elementor-spacer-inner\"><\/div>\n\t\t<\/div>\n\t\t\t\t\t\t<\/div>\n\t\t\t\t<\/div>\n\t\t\t\t<div class=\"elementor-element elementor-element-dc42a87 elementor-widget elementor-widget-text-editor\" data-id=\"dc42a87\" data-element_type=\"widget\" data-e-type=\"widget\" data-widget_type=\"text-editor.default\">\n\t\t\t\t<div class=\"elementor-widget-container\">\n\t\t\t\t\t\t\t\t\t<figure id=\"attachment_97\" aria-describedby=\"caption-attachment-97\" style=\"width: 300px\" class=\"wp-caption alignnone\"><img loading=\"lazy\" decoding=\"async\" class=\"size-medium wp-image-97 lazyload\" src=\"data:image\/gif;base64,R0lGODlhAQABAAAAACH5BAEKAAEALAAAAAABAAEAAAICTAEAOw==\" alt=\"\" width=\"300\" height=\"300\" data-src=\"https:\/\/forschung.fh-kaernten.at\/perezoso\/files\/2022\/04\/Michael_Suppanz-300x300.jpg\"><figcaption id=\"caption-attachment-97\" class=\"wp-caption-text\"><strong><b>FH Prof.<\/b> Dr. Michael Suppanz, MSc, MAS<\/strong><br \/>STG Physiotherapie<br \/>m.suppanz@fh-kaernten.at<\/figcaption><\/figure>\t\t\t\t\t\t\t\t<\/div>\n\t\t\t\t<\/div>\n\t\t\t\t\t<\/div>\n\t\t<\/div>\n\t\t\t\t\t<\/div>\n\t\t<\/section>\n\t\t\t\t<section class=\"elementor-section elementor-top-section elementor-element elementor-element-f917adf elementor-section-boxed elementor-section-height-default elementor-section-height-default\" data-id=\"f917adf\" data-element_type=\"section\" data-e-type=\"section\">\n\t\t\t\t\t\t<div class=\"elementor-container elementor-column-gap-default\">\n\t\t\t\t\t<div class=\"elementor-column elementor-col-25 elementor-top-column elementor-element elementor-element-e3d4d84\" data-id=\"e3d4d84\" data-element_type=\"column\" data-e-type=\"column\">\n\t\t\t<div class=\"elementor-widget-wrap elementor-element-populated\">\n\t\t\t\t\t\t<div class=\"elementor-element elementor-element-4d91559 elementor-widget elementor-widget-text-editor\" data-id=\"4d91559\" data-element_type=\"widget\" data-e-type=\"widget\" data-widget_type=\"text-editor.default\">\n\t\t\t\t<div class=\"elementor-widget-container\">\n\t\t\t\t\t\t\t\t\t<figure id=\"attachment_99\" aria-describedby=\"caption-attachment-99\" style=\"width: 300px\" class=\"wp-caption alignnone\"><img loading=\"lazy\" decoding=\"async\" class=\"size-medium wp-image-99 lazyload\" src=\"data:image\/gif;base64,R0lGODlhAQABAAAAACH5BAEKAAEALAAAAAABAAEAAAICTAEAOw==\" alt=\"\" width=\"300\" height=\"300\" data-src=\"https:\/\/forschung.fh-kaernten.at\/perezoso\/files\/2022\/04\/Uschi_Halbreiner-1-300x300.jpg\"><figcaption id=\"caption-attachment-99\" class=\"wp-caption-text\"><strong>Uschi Halbreiner, BBBSc, MSc<\/strong><br \/>STG Physiotherapie<br \/>u.halbreiner@fh.kaernten.at<\/figcaption><\/figure>\t\t\t\t\t\t\t\t<\/div>\n\t\t\t\t<\/div>\n\t\t\t\t<div class=\"elementor-element elementor-element-7580924 elementor-widget elementor-widget-spacer\" data-id=\"7580924\" data-element_type=\"widget\" data-e-type=\"widget\" data-widget_type=\"spacer.default\">\n\t\t\t\t<div class=\"elementor-widget-container\">\n\t\t\t\t\t\t\t<div class=\"elementor-spacer\">\n\t\t\t<div class=\"elementor-spacer-inner\"><\/div>\n\t\t<\/div>\n\t\t\t\t\t\t<\/div>\n\t\t\t\t<\/div>\n\t\t\t\t\t<\/div>\n\t\t<\/div>\n\t\t\t\t<div class=\"elementor-column elementor-col-25 elementor-top-column elementor-element elementor-element-e8d7210\" data-id=\"e8d7210\" data-element_type=\"column\" data-e-type=\"column\">\n\t\t\t<div class=\"elementor-widget-wrap elementor-element-populated\">\n\t\t\t\t\t\t<div class=\"elementor-element elementor-element-531060b elementor-widget elementor-widget-text-editor\" data-id=\"531060b\" data-element_type=\"widget\" data-e-type=\"widget\" data-widget_type=\"text-editor.default\">\n\t\t\t\t<div class=\"elementor-widget-container\">\n\t\t\t\t\t\t\t\t\t<figure id=\"attachment_70\" aria-describedby=\"caption-attachment-70\" style=\"width: 267px\" class=\"wp-caption alignnone\"><img loading=\"lazy\" decoding=\"async\" class=\"size-full wp-image-70 lazyload\" src=\"data:image\/gif;base64,R0lGODlhAQABAAAAACH5BAEKAAEALAAAAAABAAEAAAICTAEAOw==\" alt=\"\" width=\"267\" height=\"267\" data-src=\"https:\/\/forschung.fh-kaernten.at\/perezoso\/files\/2022\/04\/MicrosoftTeams-image-2.jpg\"><figcaption id=\"caption-attachment-70\" class=\"wp-caption-text\"><strong><b>FH Prof.<\/b> Evelin Haimburger, MSc<\/strong><br \/>STG Radiologietechnologie<br \/>e.haimburger@fh-kaernten.at<\/figcaption><\/figure>\t\t\t\t\t\t\t\t<\/div>\n\t\t\t\t<\/div>\n\t\t\t\t<div class=\"elementor-element elementor-element-291fd40 elementor-widget elementor-widget-spacer\" data-id=\"291fd40\" data-element_type=\"widget\" data-e-type=\"widget\" data-widget_type=\"spacer.default\">\n\t\t\t\t<div class=\"elementor-widget-container\">\n\t\t\t\t\t\t\t<div class=\"elementor-spacer\">\n\t\t\t<div class=\"elementor-spacer-inner\"><\/div>\n\t\t<\/div>\n\t\t\t\t\t\t<\/div>\n\t\t\t\t<\/div>\n\t\t\t\t\t<\/div>\n\t\t<\/div>\n\t\t\t\t<div class=\"elementor-column elementor-col-25 elementor-top-column elementor-element elementor-element-c22b492\" data-id=\"c22b492\" data-element_type=\"column\" data-e-type=\"column\">\n\t\t\t<div class=\"elementor-widget-wrap elementor-element-populated\">\n\t\t\t\t\t\t<div class=\"elementor-element elementor-element-fa2e00e elementor-widget elementor-widget-text-editor\" data-id=\"fa2e00e\" data-element_type=\"widget\" data-e-type=\"widget\" data-widget_type=\"text-editor.default\">\n\t\t\t\t<div class=\"elementor-widget-container\">\n\t\t\t\t\t\t\t\t\t<figure id=\"attachment_100\" aria-describedby=\"caption-attachment-100\" style=\"width: 300px\" class=\"wp-caption alignnone\"><img loading=\"lazy\" decoding=\"async\" class=\"size-medium wp-image-100 lazyload\" src=\"data:image\/gif;base64,R0lGODlhAQABAAAAACH5BAEKAAEALAAAAAABAAEAAAICTAEAOw==\" alt=\"\" width=\"300\" height=\"300\" data-src=\"https:\/\/forschung.fh-kaernten.at\/perezoso\/files\/2022\/04\/Viktoria_Scariano-300x300.jpg\"><figcaption id=\"caption-attachment-100\" class=\"wp-caption-text\"><strong>Scariano Viktoria, BSc<\/strong><br \/>STG Radiologietechnologie<br \/>v.scariano@fh-kaernten.at<\/figcaption><\/figure>\t\t\t\t\t\t\t\t<\/div>\n\t\t\t\t<\/div>\n\t\t\t\t<div class=\"elementor-element elementor-element-f45034a elementor-widget elementor-widget-spacer\" data-id=\"f45034a\" data-element_type=\"widget\" data-e-type=\"widget\" data-widget_type=\"spacer.default\">\n\t\t\t\t<div class=\"elementor-widget-container\">\n\t\t\t\t\t\t\t<div class=\"elementor-spacer\">\n\t\t\t<div class=\"elementor-spacer-inner\"><\/div>\n\t\t<\/div>\n\t\t\t\t\t\t<\/div>\n\t\t\t\t<\/div>\n\t\t\t\t\t<\/div>\n\t\t<\/div>\n\t\t\t\t<div class=\"elementor-column elementor-col-25 elementor-top-column elementor-element elementor-element-81595b1\" data-id=\"81595b1\" data-element_type=\"column\" data-e-type=\"column\">\n\t\t\t<div class=\"elementor-widget-wrap elementor-element-populated\">\n\t\t\t\t\t\t\t<\/div>\n\t\t<\/div>\n\t\t\t\t\t<\/div>\n\t\t<\/section>\n\t\t\t\t<section class=\"elementor-section elementor-top-section elementor-element elementor-element-3a88ed4 elementor-section-boxed elementor-section-height-default elementor-section-height-default\" data-id=\"3a88ed4\" data-element_type=\"section\" data-e-type=\"section\" data-settings=\"{&quot;background_background&quot;:&quot;classic&quot;}\">\n\t\t\t\t\t\t<div class=\"elementor-container elementor-column-gap-default\">\n\t\t\t\t\t<div class=\"elementor-column elementor-col-100 elementor-top-column elementor-element elementor-element-029a8b2\" data-id=\"029a8b2\" data-element_type=\"column\" data-e-type=\"column\">\n\t\t\t<div class=\"elementor-widget-wrap elementor-element-populated\">\n\t\t\t\t\t\t<div class=\"elementor-element elementor-element-fb49e6a elementor-widget elementor-widget-spacer\" data-id=\"fb49e6a\" data-element_type=\"widget\" data-e-type=\"widget\" id=\"kontakt\" data-widget_type=\"spacer.default\">\n\t\t\t\t<div class=\"elementor-widget-container\">\n\t\t\t\t\t\t\t<div class=\"elementor-spacer\">\n\t\t\t<div class=\"elementor-spacer-inner\"><\/div>\n\t\t<\/div>\n\t\t\t\t\t\t<\/div>\n\t\t\t\t<\/div>\n\t\t\t\t<div class=\"elementor-element elementor-element-6863de7 elementor-widget elementor-widget-heading\" data-id=\"6863de7\" data-element_type=\"widget\" data-e-type=\"widget\" data-widget_type=\"heading.default\">\n\t\t\t\t<div class=\"elementor-widget-container\">\n\t\t\t\t\t<h2 class=\"elementor-heading-title elementor-size-default\">Kontakt<\/h2>\t\t\t\t<\/div>\n\t\t\t\t<\/div>\n\t\t\t\t<section class=\"elementor-section elementor-inner-section elementor-element elementor-element-c331e2f elementor-section-boxed elementor-section-height-default elementor-section-height-default\" data-id=\"c331e2f\" data-element_type=\"section\" data-e-type=\"section\">\n\t\t\t\t\t\t<div class=\"elementor-container elementor-column-gap-default\">\n\t\t\t\t\t<div class=\"elementor-column elementor-col-50 elementor-inner-column elementor-element elementor-element-e200317\" data-id=\"e200317\" data-element_type=\"column\" data-e-type=\"column\">\n\t\t\t<div class=\"elementor-widget-wrap elementor-element-populated\">\n\t\t\t\t\t\t<div class=\"elementor-element elementor-element-624ff06 elementor-widget elementor-widget-google_maps\" data-id=\"624ff06\" data-element_type=\"widget\" data-e-type=\"widget\" data-widget_type=\"google_maps.default\">\n\t\t\t\t<div class=\"elementor-widget-container\">\n\t\t\t\t\t\t\t<div class=\"elementor-custom-embed\">\n\t\t\t<iframe loading=\"lazy\" src=\"about:blank\" title=\"Primoschgasse 10, 9020 Klagenfurt\" aria-label=\"Primoschgasse 10, 9020 Klagenfurt\" class=\"lazyload\" data-src=\"https:\/\/maps.google.com\/maps?q=Primoschgasse%2010%2C%209020%20Klagenfurt&#038;t=m&#038;z=13&#038;output=embed&#038;iwloc=near\"><\/iframe>\n\t\t<\/div>\n\t\t\t\t\t\t<\/div>\n\t\t\t\t<\/div>\n\t\t\t\t\t<\/div>\n\t\t<\/div>\n\t\t\t\t<div class=\"elementor-column elementor-col-50 elementor-inner-column elementor-element elementor-element-a22f171\" data-id=\"a22f171\" data-element_type=\"column\" data-e-type=\"column\">\n\t\t\t<div class=\"elementor-widget-wrap elementor-element-populated\">\n\t\t\t\t\t\t<div class=\"elementor-element elementor-element-47aa4b7 elementor-widget elementor-widget-text-editor\" data-id=\"47aa4b7\" data-element_type=\"widget\" data-e-type=\"widget\" data-widget_type=\"text-editor.default\">\n\t\t\t\t<div class=\"elementor-widget-container\">\n\t\t\t\t\t\t\t\t\t<p><strong><b>FH Prof.<\/b> Dr. Martin Schusser, MSc, MEd<\/strong><\/p><p>Forschungsgruppenleiter<br \/>Hochschullehre f\u00fcr Ergotherapie<br \/>Gesundheit &amp; Soziales<\/p><p><strong>FH K\u00e4rnten<\/strong><br \/>gemeinn\u00fctzige Gesellschaft mbH<\/p><p>Primoschgasse 10<br \/>9020 Klagenfurt am W\u00f6rthersee<\/p><p>T: +43 (0)5 \/ 90500-3561<\/p><p>M: +43 (0) 650 7815021<br \/>F: +43 (0)5 \/ 90500-3510<br \/><a href=\"mailto:m.schusser@fh-kaernten.at\" target=\"_blank\" rel=\"noopener\">m.schusser@fh-kaernten.at<\/a> <br \/><a href=\"https:\/\/www.fh-kaernten.at\/\" target=\"_blank\" rel=\"noopener\">www.fh-kaernten.at<\/a><\/p>\t\t\t\t\t\t\t\t<\/div>\n\t\t\t\t<\/div>\n\t\t\t\t\t<\/div>\n\t\t<\/div>\n\t\t\t\t\t<\/div>\n\t\t<\/section>\n\t\t\t\t\t<\/div>\n\t\t<\/div>\n\t\t\t\t\t<\/div>\n\t\t<\/section>\n\t\t\t\t<section class=\"elementor-section elementor-top-section elementor-element elementor-element-4966660 elementor-section-boxed elementor-section-height-default elementor-section-height-default\" data-id=\"4966660\" data-element_type=\"section\" data-e-type=\"section\">\n\t\t\t\t\t\t<div class=\"elementor-container elementor-column-gap-default\">\n\t\t\t\t\t<div class=\"elementor-column elementor-col-100 elementor-top-column elementor-element elementor-element-e47887e\" data-id=\"e47887e\" data-element_type=\"column\" data-e-type=\"column\">\n\t\t\t<div class=\"elementor-widget-wrap\">\n\t\t\t\t\t\t\t<\/div>\n\t\t<\/div>\n\t\t\t\t\t<\/div>\n\t\t<\/section>\n\t\t\t\t<\/div>\n\t\t","protected":false},"excerpt":{"rendered":"<p>\u00dcber Der Fokus der angewandten Forschung und Entwicklung der Forschungsgruppe PEREZOSO ist [&hellip;]<\/p>\n","protected":false},"author":48,"featured_media":40,"parent":0,"menu_order":0,"comment_status":"closed","ping_status":"closed","template":"page-templates\/page_front-page.php","meta":{"_crdt_document":"","inline_featured_image":false,"footnotes":""},"class_list":["post-15","page","type-page","status-publish","has-post-thumbnail","hentry"],"yoast_head":"<!-- This site is optimized with the Yoast SEO plugin v27.5 - https:\/\/yoast.com\/product\/yoast-seo-wordpress\/ -->\n<title>PEREZOSO - FH K\u00e4rnten<\/title>\n<meta name=\"description\" content=\"Interprofessioneller Behandlungsansatz f\u00fcr Patient*innen mit Arthrose. Schwerpunkte: Rhizarthrose, Gonarthrose, Coxarthrose, Therapie etc.\" \/>\n<meta name=\"robots\" content=\"index, follow, max-snippet:-1, max-image-preview:large, max-video-preview:-1\" \/>\n<link rel=\"canonical\" href=\"https:\/\/forschung.fh-kaernten.at\/perezoso\/\" \/>\n<meta property=\"og:locale\" content=\"de_DE\" \/>\n<meta property=\"og:type\" content=\"article\" \/>\n<meta property=\"og:title\" content=\"PEREZOSO - FH K\u00e4rnten\" \/>\n<meta property=\"og:description\" content=\"Interprofessioneller Behandlungsansatz f\u00fcr Patient*innen mit Arthrose. Schwerpunkte: Rhizarthrose, Gonarthrose, Coxarthrose, Therapie etc.\" \/>\n<meta property=\"og:url\" content=\"https:\/\/forschung.fh-kaernten.at\/perezoso\/\" \/>\n<meta property=\"og:site_name\" content=\"PEREZOSO\" \/>\n<meta property=\"article:modified_time\" content=\"2024-03-21T17:35:12+00:00\" \/>\n<meta property=\"og:image\" content=\"https:\/\/forschung.fh-kaernten.at\/perezoso\/files\/2022\/03\/Arthrose-COLOURBOX32658981-scaled.jpg\" \/>\n\t<meta property=\"og:image:width\" content=\"2560\" \/>\n\t<meta property=\"og:image:height\" content=\"1707\" \/>\n\t<meta property=\"og:image:type\" content=\"image\/jpeg\" \/>\n<meta name=\"twitter:card\" content=\"summary_large_image\" \/>\n<meta name=\"twitter:label1\" content=\"Gesch\u00e4tzte Lesezeit\" \/>\n\t<meta name=\"twitter:data1\" content=\"5\u00a0Minuten\" \/>\n<script type=\"application\/ld+json\" class=\"yoast-schema-graph\">{\"@context\":\"https:\\\/\\\/schema.org\",\"@graph\":[{\"@type\":\"WebPage\",\"@id\":\"https:\\\/\\\/forschung.fh-kaernten.at\\\/perezoso\\\/\",\"url\":\"https:\\\/\\\/forschung.fh-kaernten.at\\\/perezoso\\\/\",\"name\":\"PEREZOSO - FH K\u00e4rnten\",\"isPartOf\":{\"@id\":\"https:\\\/\\\/forschung.fh-kaernten.at\\\/perezoso\\\/#website\"},\"primaryImageOfPage\":{\"@id\":\"https:\\\/\\\/forschung.fh-kaernten.at\\\/perezoso\\\/#primaryimage\"},\"image\":{\"@id\":\"https:\\\/\\\/forschung.fh-kaernten.at\\\/perezoso\\\/#primaryimage\"},\"thumbnailUrl\":\"https:\\\/\\\/forschung.fh-kaernten.at\\\/perezoso\\\/files\\\/2022\\\/03\\\/Arthrose-COLOURBOX32658981-scaled.jpg\",\"datePublished\":\"2022-03-17T13:25:31+00:00\",\"dateModified\":\"2024-03-21T17:35:12+00:00\",\"description\":\"Interprofessioneller Behandlungsansatz f\u00fcr Patient*innen mit Arthrose. Schwerpunkte: Rhizarthrose, Gonarthrose, Coxarthrose, Therapie etc.\",\"breadcrumb\":{\"@id\":\"https:\\\/\\\/forschung.fh-kaernten.at\\\/perezoso\\\/#breadcrumb\"},\"inLanguage\":\"de\",\"potentialAction\":[{\"@type\":\"ReadAction\",\"target\":[\"https:\\\/\\\/forschung.fh-kaernten.at\\\/perezoso\\\/\"]}]},{\"@type\":\"ImageObject\",\"inLanguage\":\"de\",\"@id\":\"https:\\\/\\\/forschung.fh-kaernten.at\\\/perezoso\\\/#primaryimage\",\"url\":\"https:\\\/\\\/forschung.fh-kaernten.at\\\/perezoso\\\/files\\\/2022\\\/03\\\/Arthrose-COLOURBOX32658981-scaled.jpg\",\"contentUrl\":\"https:\\\/\\\/forschung.fh-kaernten.at\\\/perezoso\\\/files\\\/2022\\\/03\\\/Arthrose-COLOURBOX32658981-scaled.jpg\",\"width\":2560,\"height\":1707,\"caption\":\"Perezoso Arthrose FH K\u00e4rnten\"},{\"@type\":\"BreadcrumbList\",\"@id\":\"https:\\\/\\\/forschung.fh-kaernten.at\\\/perezoso\\\/#breadcrumb\",\"itemListElement\":[{\"@type\":\"ListItem\",\"position\":1,\"name\":\"Startseite\",\"item\":\"https:\\\/\\\/forschung.fh-kaernten.at\\\/perezoso\\\/\"},{\"@type\":\"ListItem\",\"position\":2,\"name\":\"PEREZOSO\"}]},{\"@type\":\"WebSite\",\"@id\":\"https:\\\/\\\/forschung.fh-kaernten.at\\\/perezoso\\\/#website\",\"url\":\"https:\\\/\\\/forschung.fh-kaernten.at\\\/perezoso\\\/\",\"name\":\"PEREZOSO\",\"description\":\"\",\"publisher\":{\"@id\":\"https:\\\/\\\/forschung.fh-kaernten.at\\\/perezoso\\\/#organization\"},\"potentialAction\":[{\"@type\":\"SearchAction\",\"target\":{\"@type\":\"EntryPoint\",\"urlTemplate\":\"https:\\\/\\\/forschung.fh-kaernten.at\\\/perezoso\\\/?s={search_term_string}\"},\"query-input\":{\"@type\":\"PropertyValueSpecification\",\"valueRequired\":true,\"valueName\":\"search_term_string\"}}],\"inLanguage\":\"de\"},{\"@type\":\"Organization\",\"@id\":\"https:\\\/\\\/forschung.fh-kaernten.at\\\/perezoso\\\/#organization\",\"name\":\"FH K\u00e4rnten - Forschung\",\"url\":\"https:\\\/\\\/forschung.fh-kaernten.at\\\/perezoso\\\/\",\"logo\":{\"@type\":\"ImageObject\",\"inLanguage\":\"de\",\"@id\":\"https:\\\/\\\/forschung.fh-kaernten.at\\\/perezoso\\\/#\\\/schema\\\/logo\\\/image\\\/\",\"url\":\"https:\\\/\\\/forschung.fh-kaernten.at\\\/perezoso\\\/files\\\/2022\\\/07\\\/Logo-FHK_web-schwarz-rot.png\",\"contentUrl\":\"https:\\\/\\\/forschung.fh-kaernten.at\\\/perezoso\\\/files\\\/2022\\\/07\\\/Logo-FHK_web-schwarz-rot.png\",\"width\":1006,\"height\":334,\"caption\":\"FH K\u00e4rnten - Forschung\"},\"image\":{\"@id\":\"https:\\\/\\\/forschung.fh-kaernten.at\\\/perezoso\\\/#\\\/schema\\\/logo\\\/image\\\/\"}}]}<\/script>\n<!-- \/ Yoast SEO plugin. -->","yoast_head_json":{"title":"PEREZOSO - FH K\u00e4rnten","description":"Interprofessioneller Behandlungsansatz f\u00fcr Patient*innen mit Arthrose. Schwerpunkte: Rhizarthrose, Gonarthrose, Coxarthrose, Therapie etc.","robots":{"index":"index","follow":"follow","max-snippet":"max-snippet:-1","max-image-preview":"max-image-preview:large","max-video-preview":"max-video-preview:-1"},"canonical":"https:\/\/forschung.fh-kaernten.at\/perezoso\/","og_locale":"de_DE","og_type":"article","og_title":"PEREZOSO - FH K\u00e4rnten","og_description":"Interprofessioneller Behandlungsansatz f\u00fcr Patient*innen mit Arthrose. Schwerpunkte: Rhizarthrose, Gonarthrose, Coxarthrose, Therapie etc.","og_url":"https:\/\/forschung.fh-kaernten.at\/perezoso\/","og_site_name":"PEREZOSO","article_modified_time":"2024-03-21T17:35:12+00:00","og_image":[{"width":2560,"height":1707,"url":"https:\/\/forschung.fh-kaernten.at\/perezoso\/files\/2022\/03\/Arthrose-COLOURBOX32658981-scaled.jpg","type":"image\/jpeg"}],"twitter_card":"summary_large_image","twitter_misc":{"Gesch\u00e4tzte Lesezeit":"5\u00a0Minuten"},"schema":{"@context":"https:\/\/schema.org","@graph":[{"@type":"WebPage","@id":"https:\/\/forschung.fh-kaernten.at\/perezoso\/","url":"https:\/\/forschung.fh-kaernten.at\/perezoso\/","name":"PEREZOSO - FH K\u00e4rnten","isPartOf":{"@id":"https:\/\/forschung.fh-kaernten.at\/perezoso\/#website"},"primaryImageOfPage":{"@id":"https:\/\/forschung.fh-kaernten.at\/perezoso\/#primaryimage"},"image":{"@id":"https:\/\/forschung.fh-kaernten.at\/perezoso\/#primaryimage"},"thumbnailUrl":"https:\/\/forschung.fh-kaernten.at\/perezoso\/files\/2022\/03\/Arthrose-COLOURBOX32658981-scaled.jpg","datePublished":"2022-03-17T13:25:31+00:00","dateModified":"2024-03-21T17:35:12+00:00","description":"Interprofessioneller Behandlungsansatz f\u00fcr Patient*innen mit Arthrose. Schwerpunkte: Rhizarthrose, Gonarthrose, Coxarthrose, Therapie etc.","breadcrumb":{"@id":"https:\/\/forschung.fh-kaernten.at\/perezoso\/#breadcrumb"},"inLanguage":"de","potentialAction":[{"@type":"ReadAction","target":["https:\/\/forschung.fh-kaernten.at\/perezoso\/"]}]},{"@type":"ImageObject","inLanguage":"de","@id":"https:\/\/forschung.fh-kaernten.at\/perezoso\/#primaryimage","url":"https:\/\/forschung.fh-kaernten.at\/perezoso\/files\/2022\/03\/Arthrose-COLOURBOX32658981-scaled.jpg","contentUrl":"https:\/\/forschung.fh-kaernten.at\/perezoso\/files\/2022\/03\/Arthrose-COLOURBOX32658981-scaled.jpg","width":2560,"height":1707,"caption":"Perezoso Arthrose FH K\u00e4rnten"},{"@type":"BreadcrumbList","@id":"https:\/\/forschung.fh-kaernten.at\/perezoso\/#breadcrumb","itemListElement":[{"@type":"ListItem","position":1,"name":"Startseite","item":"https:\/\/forschung.fh-kaernten.at\/perezoso\/"},{"@type":"ListItem","position":2,"name":"PEREZOSO"}]},{"@type":"WebSite","@id":"https:\/\/forschung.fh-kaernten.at\/perezoso\/#website","url":"https:\/\/forschung.fh-kaernten.at\/perezoso\/","name":"PEREZOSO","description":"","publisher":{"@id":"https:\/\/forschung.fh-kaernten.at\/perezoso\/#organization"},"potentialAction":[{"@type":"SearchAction","target":{"@type":"EntryPoint","urlTemplate":"https:\/\/forschung.fh-kaernten.at\/perezoso\/?s={search_term_string}"},"query-input":{"@type":"PropertyValueSpecification","valueRequired":true,"valueName":"search_term_string"}}],"inLanguage":"de"},{"@type":"Organization","@id":"https:\/\/forschung.fh-kaernten.at\/perezoso\/#organization","name":"FH K\u00e4rnten - Forschung","url":"https:\/\/forschung.fh-kaernten.at\/perezoso\/","logo":{"@type":"ImageObject","inLanguage":"de","@id":"https:\/\/forschung.fh-kaernten.at\/perezoso\/#\/schema\/logo\/image\/","url":"https:\/\/forschung.fh-kaernten.at\/perezoso\/files\/2022\/07\/Logo-FHK_web-schwarz-rot.png","contentUrl":"https:\/\/forschung.fh-kaernten.at\/perezoso\/files\/2022\/07\/Logo-FHK_web-schwarz-rot.png","width":1006,"height":334,"caption":"FH K\u00e4rnten - Forschung"},"image":{"@id":"https:\/\/forschung.fh-kaernten.at\/perezoso\/#\/schema\/logo\/image\/"}}]}},"_links":{"self":[{"href":"https:\/\/forschung.fh-kaernten.at\/perezoso\/wp-json\/wp\/v2\/pages\/15","targetHints":{"allow":["GET"]}}],"collection":[{"href":"https:\/\/forschung.fh-kaernten.at\/perezoso\/wp-json\/wp\/v2\/pages"}],"about":[{"href":"https:\/\/forschung.fh-kaernten.at\/perezoso\/wp-json\/wp\/v2\/types\/page"}],"author":[{"embeddable":true,"href":"https:\/\/forschung.fh-kaernten.at\/perezoso\/wp-json\/wp\/v2\/users\/48"}],"replies":[{"embeddable":true,"href":"https:\/\/forschung.fh-kaernten.at\/perezoso\/wp-json\/wp\/v2\/comments?post=15"}],"version-history":[{"count":0,"href":"https:\/\/forschung.fh-kaernten.at\/perezoso\/wp-json\/wp\/v2\/pages\/15\/revisions"}],"wp:featuredmedia":[{"embeddable":true,"href":"https:\/\/forschung.fh-kaernten.at\/perezoso\/wp-json\/wp\/v2\/media\/40"}],"wp:attachment":[{"href":"https:\/\/forschung.fh-kaernten.at\/perezoso\/wp-json\/wp\/v2\/media?parent=15"}],"curies":[{"name":"wp","href":"https:\/\/api.w.org\/{rel}","templated":true}]}}